{"id":2618,"date":"2020-06-16T16:57:56","date_gmt":"2020-06-16T14:57:56","guid":{"rendered":"http:\/\/www.salvatoremolettieri.com\/?page_id=2618"},"modified":"2020-06-16T17:02:53","modified_gmt":"2020-06-16T15:02:53","slug":"riconoscimenti-anno-1988","status":"publish","type":"page","link":"https:\/\/www.salvatoremolettieri.com\/en\/riconoscimenti\/riconoscimenti-anno-1988\/","title":{"rendered":"Riconoscimenti Anno 1988"},"content":{"rendered":"<div class=\"wpb-content-wrapper\"><div data-vc-full-width=\"true\" data-vc-full-width-temp=\"true\" data-vc-full-width-init=\"false\" data-vc-stretch-content=\"true\" class=\"vc_row wpb_row vc_row-fluid vc_custom_1592319770203 vc_row-has-fill vc_row-o-content-middle vc_row-flex\"><div class=\"wpb_column vc_column_container vc_col-sm-12 sc_layouts_column_icons_position_left\"><div class=\"vc_column-inner\"><div class=\"wpb_wrapper\"><div class=\"vc_empty_space\"   style=\"height: 450px\"><span class=\"vc_empty_space_inner\"><\/span><\/div><\/div><\/div><\/div><\/div><div class=\"vc_row-full-width vc_clearfix\"><\/div><div data-vc-full-width=\"true\" data-vc-full-width-temp=\"true\" data-vc-full-width-init=\"false\" class=\"vc_row wpb_row vc_row-fluid vc_custom_1589215854001 vc_row-has-fill\"><div class=\"wpb_column vc_column_container vc_col-sm-12 sc_layouts_column_icons_position_left\"><div class=\"vc_column-inner\"><div class=\"wpb_wrapper\"><div class=\"vc_empty_space\"   style=\"height: 50px\"><span class=\"vc_empty_space_inner\"><\/span><\/div><\/div><\/div><\/div><\/div><div class=\"vc_row-full-width vc_clearfix\"><\/div><div data-vc-full-width=\"true\" data-vc-full-width-temp=\"true\" data-vc-full-width-init=\"false\" class=\"vc_row wpb_row vc_row-fluid vc_custom_1589215641721 vc_row-has-fill\"><div class=\"wpb_column vc_column_container vc_col-sm-8 sc_layouts_column_icons_position_left\"><div class=\"vc_column-inner\"><div class=\"wpb_wrapper\"><div class=\"vc_row wpb_row vc_inner vc_row-fluid\"><div class=\"wpb_column vc_column_container vc_col-sm-12 sc_layouts_column_icons_position_left\"><div class=\"vc_column-inner\"><div class=\"wpb_wrapper\">\n<div class=\"vc_grid-container-wrapper vc_clearfix vc_grid-animation-fadeIn\">\n\t<div class=\"vc_grid-container vc_clearfix wpb_content_element vc_basic_grid\" data-initial-loading-animation=\"fadeIn\" data-vc-grid-settings=\"{&quot;page_id&quot;:2618,&quot;style&quot;:&quot;all&quot;,&quot;action&quot;:&quot;vc_get_vc_grid_data&quot;,&quot;shortcode_id&quot;:&quot;1592319760070-5268c8c2-d835-10&quot;,&quot;tag&quot;:&quot;vc_basic_grid&quot;}\" data-vc-request=\"https:\/\/www.salvatoremolettieri.com\/wp-admin\/admin-ajax.php\" data-vc-post-id=\"2618\" data-vc-public-nonce=\"83a1b22656\">\n\t\t<style data-type=\"vc_shortcodes-custom-css\">.vc_custom_1419329305433{background-color: rgba(0,0,0,0.5) !important;*background-color: rgb(0,0,0) !important;}<\/style><div class=\"vc_grid vc_row vc_grid-gutter-35px vc_pageable-wrapper vc_hook_hover\" data-vc-pageable-content=\"true\"><div class=\"vc_pageable-slide-wrapper vc_clearfix\" data-vc-grid-content=\"true\"><div class=\"vc_grid-item vc_clearfix vc_col-sm-12\"><div class=\"vc_grid-item-mini vc_clearfix\"><div class=\"vc_gitem-animated-block  vc_gitem-animate vc_gitem-animate-scaleRotateIn\"  data-vc-animation=\"scaleRotateIn\"><div class=\"vc_gitem-zone vc_gitem-zone-a vc_gitem-is-link\" style=\"background-image: url('https:\/\/www.salvatoremolettieri.com\/wp-content\/uploads\/2024\/03\/IMG-news-thumb.jpg') !important;\"><a href=\"https:\/\/www.salvatoremolettieri.com\/en\/azienda-vinicola-salvatore-molettieri-una-realta-che-da-30-anni-produce-vini-eccellenti\/\" title=\"Azienda vinicola Salvatore Molettieri, una realt\u00e0 che da 30 anni produce vini eccellenti\" class=\"vc_gitem-link vc-zone-link\" ><\/a><img decoding=\"async\" class=\"vc_gitem-zone-img\" src=\"https:\/\/www.salvatoremolettieri.com\/wp-content\/uploads\/2024\/03\/IMG-news-thumb.jpg\" alt=\"Azienda vinicola Salvatore Molettieri, una realt\u00e0 che da 30 anni produce vini eccellenti\" loading=\"lazy\"><div class=\"vc_gitem-zone-mini\"><\/div><\/div><div class=\"vc_gitem-zone vc_gitem-zone-b vc_custom_1419329305433 vc-gitem-zone-height-mode-auto vc_gitem-is-link\"><a href=\"https:\/\/www.salvatoremolettieri.com\/en\/azienda-vinicola-salvatore-molettieri-una-realta-che-da-30-anni-produce-vini-eccellenti\/\" title=\"Azienda vinicola Salvatore Molettieri, una realt\u00e0 che da 30 anni produce vini eccellenti\" class=\"vc_gitem-link vc-zone-link\" ><\/a><div class=\"vc_gitem-zone-mini\"><div class=\"vc_gitem_row vc_row vc_gitem-row-position-middle\"><div class=\"vc_col-sm-12 vc_gitem-col vc_gitem-col-align-\"><div class=\"vc_custom_heading vc_gitem-post-data vc_gitem-post-data-source-post_date\" ><div style=\"font-size: 12px;color: #dbdbdb;text-align: center;font-family:Roboto;font-weight:300;font-style:normal\" >25 March 2024<\/div><\/div><div class=\"vc_custom_heading vc_gitem-post-data vc_gitem-post-data-source-post_title\" ><div style=\"font-size: 24px;color: #ffffff;line-height: 1.3;text-align: center;font-family:Roboto;font-weight:400;font-style:normal\" >Azienda vinicola Salvatore Molettieri, una realt\u00e0 che da 30 anni produce vini eccellenti<\/div><\/div><\/div><\/div><\/div><\/div><\/div><\/div><div class=\"vc_clearfix\"><\/div><\/div><div class=\"vc_grid-item vc_clearfix vc_col-sm-12\"><div class=\"vc_grid-item-mini vc_clearfix\"><div class=\"vc_gitem-animated-block  vc_gitem-animate vc_gitem-animate-scaleRotateIn\"  data-vc-animation=\"scaleRotateIn\"><div class=\"vc_gitem-zone vc_gitem-zone-a vc_gitem-is-link\" style=\"background-image: url('https:\/\/www.salvatoremolettieri.com\/wp-content\/uploads\/2023\/03\/IMG-news-thumb.jpg') !important;\"><a href=\"https:\/\/www.salvatoremolettieri.com\/en\/in-alto-i-nostri-calici-per-il-re-del-taurasi\/\" title=\"In alto i nostri calici per il re del Taurasi\" class=\"vc_gitem-link vc-zone-link\" ><\/a><img decoding=\"async\" class=\"vc_gitem-zone-img\" src=\"https:\/\/www.salvatoremolettieri.com\/wp-content\/uploads\/2023\/03\/IMG-news-thumb.jpg\" alt=\"In alto i nostri calici per il re del Taurasi\" loading=\"lazy\"><div class=\"vc_gitem-zone-mini\"><\/div><\/div><div class=\"vc_gitem-zone vc_gitem-zone-b vc_custom_1419329305433 vc-gitem-zone-height-mode-auto vc_gitem-is-link\"><a href=\"https:\/\/www.salvatoremolettieri.com\/en\/in-alto-i-nostri-calici-per-il-re-del-taurasi\/\" title=\"In alto i nostri calici per il re del Taurasi\" class=\"vc_gitem-link vc-zone-link\" ><\/a><div class=\"vc_gitem-zone-mini\"><div class=\"vc_gitem_row vc_row vc_gitem-row-position-middle\"><div class=\"vc_col-sm-12 vc_gitem-col vc_gitem-col-align-\"><div class=\"vc_custom_heading vc_gitem-post-data vc_gitem-post-data-source-post_date\" ><div style=\"font-size: 12px;color: #dbdbdb;text-align: center;font-family:Roboto;font-weight:300;font-style:normal\" >23 March 2023<\/div><\/div><div class=\"vc_custom_heading vc_gitem-post-data vc_gitem-post-data-source-post_title\" ><div style=\"font-size: 24px;color: #ffffff;line-height: 1.3;text-align: center;font-family:Roboto;font-weight:400;font-style:normal\" >In alto i nostri calici per il re del Taurasi<\/div><\/div><\/div><\/div><\/div><\/div><\/div><\/div><div class=\"vc_clearfix\"><\/div><\/div><div class=\"vc_grid-item vc_clearfix vc_col-sm-12\"><div class=\"vc_grid-item-mini vc_clearfix\"><div class=\"vc_gitem-animated-block  vc_gitem-animate vc_gitem-animate-scaleRotateIn\"  data-vc-animation=\"scaleRotateIn\"><div class=\"vc_gitem-zone vc_gitem-zone-a vc_gitem-is-link\" style=\"background-image: url('https:\/\/www.salvatoremolettieri.com\/wp-content\/uploads\/2021\/09\/corona-vinibuoni-2022-thumb.jpg') !important;\"><a href=\"https:\/\/www.salvatoremolettieri.com\/en\/corona-vini-buoni-ditalia-taurasi-docg-vigna-cinque-querce-2014\/\" title=\"Corona Vini buoni d&#8217;Italia taurasi DOCG vigna cinque querce 2014\" class=\"vc_gitem-link vc-zone-link\" ><\/a><img decoding=\"async\" class=\"vc_gitem-zone-img\" src=\"https:\/\/www.salvatoremolettieri.com\/wp-content\/uploads\/2021\/09\/corona-vinibuoni-2022-thumb.jpg\" alt=\"Corona Vini buoni d'Italia taurasi DOCG vigna cinque querce 2014\" loading=\"lazy\"><div class=\"vc_gitem-zone-mini\"><\/div><\/div><div class=\"vc_gitem-zone vc_gitem-zone-b vc_custom_1419329305433 vc-gitem-zone-height-mode-auto vc_gitem-is-link\"><a href=\"https:\/\/www.salvatoremolettieri.com\/en\/corona-vini-buoni-ditalia-taurasi-docg-vigna-cinque-querce-2014\/\" title=\"Corona Vini buoni d&#8217;Italia taurasi DOCG vigna cinque querce 2014\" class=\"vc_gitem-link vc-zone-link\" ><\/a><div class=\"vc_gitem-zone-mini\"><div class=\"vc_gitem_row vc_row vc_gitem-row-position-middle\"><div class=\"vc_col-sm-12 vc_gitem-col vc_gitem-col-align-\"><div class=\"vc_custom_heading vc_gitem-post-data vc_gitem-post-data-source-post_date\" ><div style=\"font-size: 12px;color: #dbdbdb;text-align: center;font-family:Roboto;font-weight:300;font-style:normal\" >2 September 2021<\/div><\/div><div class=\"vc_custom_heading vc_gitem-post-data vc_gitem-post-data-source-post_title\" ><div style=\"font-size: 24px;color: #ffffff;line-height: 1.3;text-align: center;font-family:Roboto;font-weight:400;font-style:normal\" >Corona Vini buoni d&#8217;Italia taurasi DOCG vigna cinque querce 2014<\/div><\/div><\/div><\/div><\/div><\/div><\/div><\/div><div class=\"vc_clearfix\"><\/div><\/div><div class=\"vc_grid-item vc_clearfix vc_col-sm-12\"><div class=\"vc_grid-item-mini vc_clearfix\"><div class=\"vc_gitem-animated-block  vc_gitem-animate vc_gitem-animate-scaleRotateIn\"  data-vc-animation=\"scaleRotateIn\"><div class=\"vc_gitem-zone vc_gitem-zone-a vc_gitem-is-link\" style=\"background-image: url('https:\/\/www.salvatoremolettieri.com\/wp-content\/uploads\/2021\/08\/Concours-mondial-de-Bruxelles-2021-thumb.jpg') !important;\"><a href=\"https:\/\/www.salvatoremolettieri.com\/en\/concours-mondial-de-bruxelles-2021\/\" title=\"Concours Mondial de Bruxelles 2021\" class=\"vc_gitem-link vc-zone-link\" ><\/a><img decoding=\"async\" class=\"vc_gitem-zone-img\" src=\"https:\/\/www.salvatoremolettieri.com\/wp-content\/uploads\/2021\/08\/Concours-mondial-de-Bruxelles-2021-thumb.jpg\" alt=\"Concours Mondial de Bruxelles 2021\" loading=\"lazy\"><div class=\"vc_gitem-zone-mini\"><\/div><\/div><div class=\"vc_gitem-zone vc_gitem-zone-b vc_custom_1419329305433 vc-gitem-zone-height-mode-auto vc_gitem-is-link\"><a href=\"https:\/\/www.salvatoremolettieri.com\/en\/concours-mondial-de-bruxelles-2021\/\" title=\"Concours Mondial de Bruxelles 2021\" class=\"vc_gitem-link vc-zone-link\" ><\/a><div class=\"vc_gitem-zone-mini\"><div class=\"vc_gitem_row vc_row vc_gitem-row-position-middle\"><div class=\"vc_col-sm-12 vc_gitem-col vc_gitem-col-align-\"><div class=\"vc_custom_heading vc_gitem-post-data vc_gitem-post-data-source-post_date\" ><div style=\"font-size: 12px;color: #dbdbdb;text-align: center;font-family:Roboto;font-weight:300;font-style:normal\" >4 August 2021<\/div><\/div><div class=\"vc_custom_heading vc_gitem-post-data vc_gitem-post-data-source-post_title\" ><div style=\"font-size: 24px;color: #ffffff;line-height: 1.3;text-align: center;font-family:Roboto;font-weight:400;font-style:normal\" >Concours Mondial de Bruxelles 2021<\/div><\/div><\/div><\/div><\/div><\/div><\/div><\/div><div class=\"vc_clearfix\"><\/div><\/div><div class=\"vc_grid-item vc_clearfix vc_col-sm-12\"><div class=\"vc_grid-item-mini vc_clearfix\"><div class=\"vc_gitem-animated-block  vc_gitem-animate vc_gitem-animate-scaleRotateIn\"  data-vc-animation=\"scaleRotateIn\"><div class=\"vc_gitem-zone vc_gitem-zone-a vc_gitem-is-link\" style=\"background-image: url('https:\/\/www.salvatoremolettieri.com\/wp-content\/uploads\/2021\/03\/MyOperaWine-2021-thumb.jpg') !important;\"><a href=\"https:\/\/www.salvatoremolettieri.com\/en\/operawine-2021\/\" title=\"OperaWine 2021\" class=\"vc_gitem-link vc-zone-link\" ><\/a><img decoding=\"async\" class=\"vc_gitem-zone-img\" src=\"https:\/\/www.salvatoremolettieri.com\/wp-content\/uploads\/2021\/03\/MyOperaWine-2021-thumb.jpg\" alt=\"OperaWine 2021\" loading=\"lazy\"><div class=\"vc_gitem-zone-mini\"><\/div><\/div><div class=\"vc_gitem-zone vc_gitem-zone-b vc_custom_1419329305433 vc-gitem-zone-height-mode-auto vc_gitem-is-link\"><a href=\"https:\/\/www.salvatoremolettieri.com\/en\/operawine-2021\/\" title=\"OperaWine 2021\" class=\"vc_gitem-link vc-zone-link\" ><\/a><div class=\"vc_gitem-zone-mini\"><div class=\"vc_gitem_row vc_row vc_gitem-row-position-middle\"><div class=\"vc_col-sm-12 vc_gitem-col vc_gitem-col-align-\"><div class=\"vc_custom_heading vc_gitem-post-data vc_gitem-post-data-source-post_date\" ><div style=\"font-size: 12px;color: #dbdbdb;text-align: center;font-family:Roboto;font-weight:300;font-style:normal\" >22 March 2021<\/div><\/div><div class=\"vc_custom_heading vc_gitem-post-data vc_gitem-post-data-source-post_title\" ><div style=\"font-size: 24px;color: #ffffff;line-height: 1.3;text-align: center;font-family:Roboto;font-weight:400;font-style:normal\" >OperaWine 2021<\/div><\/div><\/div><\/div><\/div><\/div><\/div><\/div><div class=\"vc_clearfix\"><\/div><\/div><div class=\"vc_grid-item vc_clearfix vc_col-sm-12\"><div class=\"vc_grid-item-mini vc_clearfix\"><div class=\"vc_gitem-animated-block  vc_gitem-animate vc_gitem-animate-scaleRotateIn\"  data-vc-animation=\"scaleRotateIn\"><div class=\"vc_gitem-zone vc_gitem-zone-a vc_gitem-is-link\" style=\"background-image: url('https:\/\/www.salvatoremolettieri.com\/wp-content\/uploads\/2021\/01\/Di-Wine-Taste-thumb.jpg') !important;\"><a href=\"https:\/\/www.salvatoremolettieri.com\/en\/diwinetaste-2020\/\" title=\"DiWineTaste 2020\" class=\"vc_gitem-link vc-zone-link\" ><\/a><img decoding=\"async\" class=\"vc_gitem-zone-img\" src=\"https:\/\/www.salvatoremolettieri.com\/wp-content\/uploads\/2021\/01\/Di-Wine-Taste-thumb.jpg\" alt=\"DiWineTaste 2020\" loading=\"lazy\"><div class=\"vc_gitem-zone-mini\"><\/div><\/div><div class=\"vc_gitem-zone vc_gitem-zone-b vc_custom_1419329305433 vc-gitem-zone-height-mode-auto vc_gitem-is-link\"><a href=\"https:\/\/www.salvatoremolettieri.com\/en\/diwinetaste-2020\/\" title=\"DiWineTaste 2020\" class=\"vc_gitem-link vc-zone-link\" ><\/a><div class=\"vc_gitem-zone-mini\"><div class=\"vc_gitem_row vc_row vc_gitem-row-position-middle\"><div class=\"vc_col-sm-12 vc_gitem-col vc_gitem-col-align-\"><div class=\"vc_custom_heading vc_gitem-post-data vc_gitem-post-data-source-post_date\" ><div style=\"font-size: 12px;color: #dbdbdb;text-align: center;font-family:Roboto;font-weight:300;font-style:normal\" >20 January 2021<\/div><\/div><div class=\"vc_custom_heading vc_gitem-post-data vc_gitem-post-data-source-post_title\" ><div style=\"font-size: 24px;color: #ffffff;line-height: 1.3;text-align: center;font-family:Roboto;font-weight:400;font-style:normal\" >DiWineTaste 2020<\/div><\/div><\/div><\/div><\/div><\/div><\/div><\/div><div class=\"vc_clearfix\"><\/div><\/div><div class=\"vc_grid-item vc_clearfix vc_col-sm-12\"><div class=\"vc_grid-item-mini vc_clearfix\"><div class=\"vc_gitem-animated-block  vc_gitem-animate vc_gitem-animate-scaleRotateIn\"  data-vc-animation=\"scaleRotateIn\"><div class=\"vc_gitem-zone vc_gitem-zone-a vc_gitem-is-link\" style=\"background-image: url('https:\/\/www.salvatoremolettieri.com\/wp-content\/uploads\/2020\/12\/wines-spectator-thumb.jpg') !important;\"><a href=\"https:\/\/www.salvatoremolettieri.com\/en\/wine-spectator\/\" title=\"Wine Spectator\" class=\"vc_gitem-link vc-zone-link\" ><\/a><img decoding=\"async\" class=\"vc_gitem-zone-img\" src=\"https:\/\/www.salvatoremolettieri.com\/wp-content\/uploads\/2020\/12\/wines-spectator-thumb.jpg\" alt=\"Wine Spectator\" loading=\"lazy\"><div class=\"vc_gitem-zone-mini\"><\/div><\/div><div class=\"vc_gitem-zone vc_gitem-zone-b vc_custom_1419329305433 vc-gitem-zone-height-mode-auto vc_gitem-is-link\"><a href=\"https:\/\/www.salvatoremolettieri.com\/en\/wine-spectator\/\" title=\"Wine Spectator\" class=\"vc_gitem-link vc-zone-link\" ><\/a><div class=\"vc_gitem-zone-mini\"><div class=\"vc_gitem_row vc_row vc_gitem-row-position-middle\"><div class=\"vc_col-sm-12 vc_gitem-col vc_gitem-col-align-\"><div class=\"vc_custom_heading vc_gitem-post-data vc_gitem-post-data-source-post_date\" ><div style=\"font-size: 12px;color: #dbdbdb;text-align: center;font-family:Roboto;font-weight:300;font-style:normal\" >30 December 2020<\/div><\/div><div class=\"vc_custom_heading vc_gitem-post-data vc_gitem-post-data-source-post_title\" ><div style=\"font-size: 24px;color: #ffffff;line-height: 1.3;text-align: center;font-family:Roboto;font-weight:400;font-style:normal\" >Wine Spectator<\/div><\/div><\/div><\/div><\/div><\/div><\/div><\/div><div class=\"vc_clearfix\"><\/div><\/div><div class=\"vc_grid-item vc_clearfix vc_col-sm-12\"><div class=\"vc_grid-item-mini vc_clearfix\"><div class=\"vc_gitem-animated-block  vc_gitem-animate vc_gitem-animate-scaleRotateIn\"  data-vc-animation=\"scaleRotateIn\"><div class=\"vc_gitem-zone vc_gitem-zone-a vc_gitem-is-link\" style=\"background-image: url('https:\/\/www.salvatoremolettieri.com\/wp-content\/uploads\/2019\/11\/james-suckling-thumb.jpg') !important;\"><a href=\"https:\/\/www.salvatoremolettieri.com\/en\/james-suckling-2\/\" title=\"James Suckling\" class=\"vc_gitem-link vc-zone-link\" ><\/a><img decoding=\"async\" class=\"vc_gitem-zone-img\" src=\"https:\/\/www.salvatoremolettieri.com\/wp-content\/uploads\/2019\/11\/james-suckling-thumb.jpg\" alt=\"James Suckling\" loading=\"lazy\"><div class=\"vc_gitem-zone-mini\"><\/div><\/div><div class=\"vc_gitem-zone vc_gitem-zone-b vc_custom_1419329305433 vc-gitem-zone-height-mode-auto vc_gitem-is-link\"><a href=\"https:\/\/www.salvatoremolettieri.com\/en\/james-suckling-2\/\" title=\"James Suckling\" class=\"vc_gitem-link vc-zone-link\" ><\/a><div class=\"vc_gitem-zone-mini\"><div class=\"vc_gitem_row vc_row vc_gitem-row-position-middle\"><div class=\"vc_col-sm-12 vc_gitem-col vc_gitem-col-align-\"><div class=\"vc_custom_heading vc_gitem-post-data vc_gitem-post-data-source-post_date\" ><div style=\"font-size: 12px;color: #dbdbdb;text-align: center;font-family:Roboto;font-weight:300;font-style:normal\" >15 December 2020<\/div><\/div><div class=\"vc_custom_heading vc_gitem-post-data vc_gitem-post-data-source-post_title\" ><div style=\"font-size: 24px;color: #ffffff;line-height: 1.3;text-align: center;font-family:Roboto;font-weight:400;font-style:normal\" >James Suckling<\/div><\/div><\/div><\/div><\/div><\/div><\/div><\/div><div class=\"vc_clearfix\"><\/div><\/div><div class=\"vc_grid-item vc_clearfix vc_col-sm-12\"><div class=\"vc_grid-item-mini vc_clearfix\"><div class=\"vc_gitem-animated-block  vc_gitem-animate vc_gitem-animate-scaleRotateIn\"  data-vc-animation=\"scaleRotateIn\"><div class=\"vc_gitem-zone vc_gitem-zone-a vc_gitem-is-link\" style=\"background-image: url('https:\/\/www.salvatoremolettieri.com\/wp-content\/uploads\/2021\/01\/Cronache-di-Gusto-thumb.jpg') !important;\"><a href=\"https:\/\/www.salvatoremolettieri.com\/en\/cronache-di-gusto-2020\/\" title=\"Cronache di Gusto 2020\" class=\"vc_gitem-link vc-zone-link\" ><\/a><img decoding=\"async\" class=\"vc_gitem-zone-img\" src=\"https:\/\/www.salvatoremolettieri.com\/wp-content\/uploads\/2021\/01\/Cronache-di-Gusto-thumb.jpg\" alt=\"Cronache di Gusto 2020\" loading=\"lazy\"><div class=\"vc_gitem-zone-mini\"><\/div><\/div><div class=\"vc_gitem-zone vc_gitem-zone-b vc_custom_1419329305433 vc-gitem-zone-height-mode-auto vc_gitem-is-link\"><a href=\"https:\/\/www.salvatoremolettieri.com\/en\/cronache-di-gusto-2020\/\" title=\"Cronache di Gusto 2020\" class=\"vc_gitem-link vc-zone-link\" ><\/a><div class=\"vc_gitem-zone-mini\"><div class=\"vc_gitem_row vc_row vc_gitem-row-position-middle\"><div class=\"vc_col-sm-12 vc_gitem-col vc_gitem-col-align-\"><div class=\"vc_custom_heading vc_gitem-post-data vc_gitem-post-data-source-post_date\" ><div style=\"font-size: 12px;color: #dbdbdb;text-align: center;font-family:Roboto;font-weight:300;font-style:normal\" >8 December 2020<\/div><\/div><div class=\"vc_custom_heading vc_gitem-post-data vc_gitem-post-data-source-post_title\" ><div style=\"font-size: 24px;color: #ffffff;line-height: 1.3;text-align: center;font-family:Roboto;font-weight:400;font-style:normal\" >Cronache di Gusto 2020<\/div><\/div><\/div><\/div><\/div><\/div><\/div><\/div><div class=\"vc_clearfix\"><\/div><\/div><div class=\"vc_grid-item vc_clearfix vc_col-sm-12\"><div class=\"vc_grid-item-mini vc_clearfix\"><div class=\"vc_gitem-animated-block  vc_gitem-animate vc_gitem-animate-scaleRotateIn\"  data-vc-animation=\"scaleRotateIn\"><div class=\"vc_gitem-zone vc_gitem-zone-a vc_gitem-is-link\" style=\"background-image: url('https:\/\/www.salvatoremolettieri.com\/wp-content\/uploads\/2021\/10\/veronelli-2021-thumb.jpg') !important;\"><a href=\"https:\/\/www.salvatoremolettieri.com\/en\/i-vini-di-veronelli-edizione-2021-2\/\" title=\"I Vini di Veronelli - Edition 2021\" class=\"vc_gitem-link vc-zone-link\" ><\/a><img decoding=\"async\" class=\"vc_gitem-zone-img\" src=\"https:\/\/www.salvatoremolettieri.com\/wp-content\/uploads\/2021\/10\/veronelli-2021-thumb.jpg\" alt=\"I Vini di Veronelli \u2013 Edizione 2021\" loading=\"lazy\"><div class=\"vc_gitem-zone-mini\"><\/div><\/div><div class=\"vc_gitem-zone vc_gitem-zone-b vc_custom_1419329305433 vc-gitem-zone-height-mode-auto vc_gitem-is-link\"><a href=\"https:\/\/www.salvatoremolettieri.com\/en\/i-vini-di-veronelli-edizione-2021-2\/\" title=\"I Vini di Veronelli - Edition 2021\" class=\"vc_gitem-link vc-zone-link\" ><\/a><div class=\"vc_gitem-zone-mini\"><div class=\"vc_gitem_row vc_row vc_gitem-row-position-middle\"><div class=\"vc_col-sm-12 vc_gitem-col vc_gitem-col-align-\"><div class=\"vc_custom_heading vc_gitem-post-data vc_gitem-post-data-source-post_date\" ><div style=\"font-size: 12px;color: #dbdbdb;text-align: center;font-family:Roboto;font-weight:300;font-style:normal\" >26 October 2020<\/div><\/div><div class=\"vc_custom_heading vc_gitem-post-data vc_gitem-post-data-source-post_title\" ><div style=\"font-size: 24px;color: #ffffff;line-height: 1.3;text-align: center;font-family:Roboto;font-weight:400;font-style:normal\" >I Vini di Veronelli - Edition 2021<\/div><\/div><\/div><\/div><\/div><\/div><\/div><\/div><div class=\"vc_clearfix\"><\/div><\/div><div class=\"vc_grid-item vc_clearfix vc_col-sm-12\"><div class=\"vc_grid-item-mini vc_clearfix\"><div class=\"vc_gitem-animated-block  vc_gitem-animate vc_gitem-animate-scaleRotateIn\"  data-vc-animation=\"scaleRotateIn\"><div class=\"vc_gitem-zone vc_gitem-zone-a vc_gitem-is-link\" style=\"background-image: url('https:\/\/www.salvatoremolettieri.com\/wp-content\/uploads\/2021\/10\/veronelli-2021-thumb.jpg') !important;\"><a href=\"https:\/\/www.salvatoremolettieri.com\/en\/i-vini-di-veronelli-edizione-2021\/\" title=\"I Vini di Veronelli - Edition 2021\" class=\"vc_gitem-link vc-zone-link\" ><\/a><img decoding=\"async\" class=\"vc_gitem-zone-img\" src=\"https:\/\/www.salvatoremolettieri.com\/wp-content\/uploads\/2021\/10\/veronelli-2021-thumb.jpg\" alt=\"I Vini di Veronelli \u2013 Edizione 2021\" loading=\"lazy\"><div class=\"vc_gitem-zone-mini\"><\/div><\/div><div class=\"vc_gitem-zone vc_gitem-zone-b vc_custom_1419329305433 vc-gitem-zone-height-mode-auto vc_gitem-is-link\"><a href=\"https:\/\/www.salvatoremolettieri.com\/en\/i-vini-di-veronelli-edizione-2021\/\" title=\"I Vini di Veronelli - Edition 2021\" class=\"vc_gitem-link vc-zone-link\" ><\/a><div class=\"vc_gitem-zone-mini\"><div class=\"vc_gitem_row vc_row vc_gitem-row-position-middle\"><div class=\"vc_col-sm-12 vc_gitem-col vc_gitem-col-align-\"><div class=\"vc_custom_heading vc_gitem-post-data vc_gitem-post-data-source-post_date\" ><div style=\"font-size: 12px;color: #dbdbdb;text-align: center;font-family:Roboto;font-weight:300;font-style:normal\" >26 October 2020<\/div><\/div><div class=\"vc_custom_heading vc_gitem-post-data vc_gitem-post-data-source-post_title\" ><div style=\"font-size: 24px;color: #ffffff;line-height: 1.3;text-align: center;font-family:Roboto;font-weight:400;font-style:normal\" >I Vini di Veronelli - Edition 2021<\/div><\/div><\/div><\/div><\/div><\/div><\/div><\/div><div class=\"vc_clearfix\"><\/div><\/div><div class=\"vc_grid-item vc_clearfix vc_col-sm-12\"><div class=\"vc_grid-item-mini vc_clearfix\"><div class=\"vc_gitem-animated-block  vc_gitem-animate vc_gitem-animate-scaleRotateIn\"  data-vc-animation=\"scaleRotateIn\"><div class=\"vc_gitem-zone vc_gitem-zone-a vc_gitem-is-link\" style=\"background-image: url('https:\/\/www.salvatoremolettieri.com\/wp-content\/uploads\/2021\/10\/4-viti-2021-thumb.jpg') !important;\"><a href=\"https:\/\/www.salvatoremolettieri.com\/en\/quattro-viti\/\" title=\"Quattro Viti\" class=\"vc_gitem-link vc-zone-link\" ><\/a><img decoding=\"async\" class=\"vc_gitem-zone-img\" src=\"https:\/\/www.salvatoremolettieri.com\/wp-content\/uploads\/2021\/10\/4-viti-2021-thumb.jpg\" alt=\"Quattro Viti\" loading=\"lazy\"><div class=\"vc_gitem-zone-mini\"><\/div><\/div><div class=\"vc_gitem-zone vc_gitem-zone-b vc_custom_1419329305433 vc-gitem-zone-height-mode-auto vc_gitem-is-link\"><a href=\"https:\/\/www.salvatoremolettieri.com\/en\/quattro-viti\/\" title=\"Quattro Viti\" class=\"vc_gitem-link vc-zone-link\" ><\/a><div class=\"vc_gitem-zone-mini\"><div class=\"vc_gitem_row vc_row vc_gitem-row-position-middle\"><div class=\"vc_col-sm-12 vc_gitem-col vc_gitem-col-align-\"><div class=\"vc_custom_heading vc_gitem-post-data vc_gitem-post-data-source-post_date\" ><div style=\"font-size: 12px;color: #dbdbdb;text-align: center;font-family:Roboto;font-weight:300;font-style:normal\" >10 October 2020<\/div><\/div><div class=\"vc_custom_heading vc_gitem-post-data vc_gitem-post-data-source-post_title\" ><div style=\"font-size: 24px;color: #ffffff;line-height: 1.3;text-align: center;font-family:Roboto;font-weight:400;font-style:normal\" >Quattro Viti<\/div><\/div><\/div><\/div><\/div><\/div><\/div><\/div><div class=\"vc_clearfix\"><\/div><\/div><div class=\"vc_grid-item vc_clearfix vc_col-sm-12\"><div class=\"vc_grid-item-mini vc_clearfix\"><div class=\"vc_gitem-animated-block  vc_gitem-animate vc_gitem-animate-scaleRotateIn\"  data-vc-animation=\"scaleRotateIn\"><div class=\"vc_gitem-zone vc_gitem-zone-a vc_gitem-is-link\" style=\"background-image: url('https:\/\/www.salvatoremolettieri.com\/wp-content\/uploads\/2021\/09\/vini-buoni-d-italia-2021-thumb.jpg') !important;\"><a href=\"https:\/\/www.salvatoremolettieri.com\/en\/guida-vinibuoni-ditalia-edizione-2021-2\/\" title=\"Guida VINIBUONI d\u2019Italia \u2013 Edizione 2021\" class=\"vc_gitem-link vc-zone-link\" ><\/a><img decoding=\"async\" class=\"vc_gitem-zone-img\" src=\"https:\/\/www.salvatoremolettieri.com\/wp-content\/uploads\/2021\/09\/vini-buoni-d-italia-2021-thumb.jpg\" alt=\"Guida VINIBUONI d\u2019Italia \u2013 Edizione 2021\" loading=\"lazy\"><div class=\"vc_gitem-zone-mini\"><\/div><\/div><div class=\"vc_gitem-zone vc_gitem-zone-b vc_custom_1419329305433 vc-gitem-zone-height-mode-auto vc_gitem-is-link\"><a href=\"https:\/\/www.salvatoremolettieri.com\/en\/guida-vinibuoni-ditalia-edizione-2021-2\/\" title=\"Guida VINIBUONI d\u2019Italia \u2013 Edizione 2021\" class=\"vc_gitem-link vc-zone-link\" ><\/a><div class=\"vc_gitem-zone-mini\"><div class=\"vc_gitem_row vc_row vc_gitem-row-position-middle\"><div class=\"vc_col-sm-12 vc_gitem-col vc_gitem-col-align-\"><div class=\"vc_custom_heading vc_gitem-post-data vc_gitem-post-data-source-post_date\" ><div style=\"font-size: 12px;color: #dbdbdb;text-align: center;font-family:Roboto;font-weight:300;font-style:normal\" >25 September 2020<\/div><\/div><div class=\"vc_custom_heading vc_gitem-post-data vc_gitem-post-data-source-post_title\" ><div style=\"font-size: 24px;color: #ffffff;line-height: 1.3;text-align: center;font-family:Roboto;font-weight:400;font-style:normal\" >Guida VINIBUONI d\u2019Italia \u2013 Edizione 2021<\/div><\/div><\/div><\/div><\/div><\/div><\/div><\/div><div class=\"vc_clearfix\"><\/div><\/div><div class=\"vc_grid-item vc_clearfix vc_col-sm-12\"><div class=\"vc_grid-item-mini vc_clearfix\"><div class=\"vc_gitem-animated-block  vc_gitem-animate vc_gitem-animate-scaleRotateIn\"  data-vc-animation=\"scaleRotateIn\"><div class=\"vc_gitem-zone vc_gitem-zone-a vc_gitem-is-link\" style=\"background-image: url('https:\/\/www.salvatoremolettieri.com\/wp-content\/uploads\/2021\/09\/vini-buoni-d-italia-2021-thumb.jpg') !important;\"><a href=\"https:\/\/www.salvatoremolettieri.com\/en\/guida-vinibuoni-ditalia-edizione-2021\/\" title=\"Guida VINIBUONI d\u2019Italia \u2013 Edizione 2021\" class=\"vc_gitem-link vc-zone-link\" ><\/a><img decoding=\"async\" class=\"vc_gitem-zone-img\" src=\"https:\/\/www.salvatoremolettieri.com\/wp-content\/uploads\/2021\/09\/vini-buoni-d-italia-2021-thumb.jpg\" alt=\"Guida VINIBUONI d\u2019Italia \u2013 Edizione 2021\" loading=\"lazy\"><div class=\"vc_gitem-zone-mini\"><\/div><\/div><div class=\"vc_gitem-zone vc_gitem-zone-b vc_custom_1419329305433 vc-gitem-zone-height-mode-auto vc_gitem-is-link\"><a href=\"https:\/\/www.salvatoremolettieri.com\/en\/guida-vinibuoni-ditalia-edizione-2021\/\" title=\"Guida VINIBUONI d\u2019Italia \u2013 Edizione 2021\" class=\"vc_gitem-link vc-zone-link\" ><\/a><div class=\"vc_gitem-zone-mini\"><div class=\"vc_gitem_row vc_row vc_gitem-row-position-middle\"><div class=\"vc_col-sm-12 vc_gitem-col vc_gitem-col-align-\"><div class=\"vc_custom_heading vc_gitem-post-data vc_gitem-post-data-source-post_date\" ><div style=\"font-size: 12px;color: #dbdbdb;text-align: center;font-family:Roboto;font-weight:300;font-style:normal\" >25 September 2020<\/div><\/div><div class=\"vc_custom_heading vc_gitem-post-data vc_gitem-post-data-source-post_title\" ><div style=\"font-size: 24px;color: #ffffff;line-height: 1.3;text-align: center;font-family:Roboto;font-weight:400;font-style:normal\" >Guida VINIBUONI d\u2019Italia \u2013 Edizione 2021<\/div><\/div><\/div><\/div><\/div><\/div><\/div><\/div><div class=\"vc_clearfix\"><\/div><\/div><div class=\"vc_grid-item vc_clearfix vc_col-sm-12\"><div class=\"vc_grid-item-mini vc_clearfix\"><div class=\"vc_gitem-animated-block  vc_gitem-animate vc_gitem-animate-scaleRotateIn\"  data-vc-animation=\"scaleRotateIn\"><div class=\"vc_gitem-zone vc_gitem-zone-a vc_gitem-is-link\" style=\"background-image: url('https:\/\/www.salvatoremolettieri.com\/wp-content\/uploads\/2020\/09\/Slow-Wine-thumb.jpg') !important;\"><a href=\"https:\/\/www.salvatoremolettieri.com\/en\/slow-wine\/\" title=\"Slow Wine\" class=\"vc_gitem-link vc-zone-link\" ><\/a><img decoding=\"async\" class=\"vc_gitem-zone-img\" src=\"https:\/\/www.salvatoremolettieri.com\/wp-content\/uploads\/2020\/09\/Slow-Wine-thumb.jpg\" alt=\"Slow Wine\" loading=\"lazy\"><div class=\"vc_gitem-zone-mini\"><\/div><\/div><div class=\"vc_gitem-zone vc_gitem-zone-b vc_custom_1419329305433 vc-gitem-zone-height-mode-auto vc_gitem-is-link\"><a href=\"https:\/\/www.salvatoremolettieri.com\/en\/slow-wine\/\" title=\"Slow Wine\" class=\"vc_gitem-link vc-zone-link\" ><\/a><div class=\"vc_gitem-zone-mini\"><div class=\"vc_gitem_row vc_row vc_gitem-row-position-middle\"><div class=\"vc_col-sm-12 vc_gitem-col vc_gitem-col-align-\"><div class=\"vc_custom_heading vc_gitem-post-data vc_gitem-post-data-source-post_date\" ><div style=\"font-size: 12px;color: #dbdbdb;text-align: center;font-family:Roboto;font-weight:300;font-style:normal\" >20 September 2020<\/div><\/div><div class=\"vc_custom_heading vc_gitem-post-data vc_gitem-post-data-source-post_title\" ><div style=\"font-size: 24px;color: #ffffff;line-height: 1.3;text-align: center;font-family:Roboto;font-weight:400;font-style:normal\" >Slow Wine<\/div><\/div><\/div><\/div><\/div><\/div><\/div><\/div><div class=\"vc_clearfix\"><\/div><\/div><div class=\"vc_grid-item vc_clearfix vc_col-sm-12\"><div class=\"vc_grid-item-mini vc_clearfix\"><div class=\"vc_gitem-animated-block  vc_gitem-animate vc_gitem-animate-scaleRotateIn\"  data-vc-animation=\"scaleRotateIn\"><div class=\"vc_gitem-zone vc_gitem-zone-a vc_gitem-is-link\" style=\"background-image: url('https:\/\/www.salvatoremolettieri.com\/wp-content\/uploads\/2021\/09\/Gambero-rosso-thumb.jpg') !important;\"><a href=\"https:\/\/www.salvatoremolettieri.com\/en\/tre-bicchieri-gambero-rosso\/\" title=\"Tre Bicchieri &#8211; Gambero Rosso\" class=\"vc_gitem-link vc-zone-link\" ><\/a><img decoding=\"async\" class=\"vc_gitem-zone-img\" src=\"https:\/\/www.salvatoremolettieri.com\/wp-content\/uploads\/2021\/09\/Gambero-rosso-thumb.jpg\" alt=\"Tre Bicchieri - Gambero Rosso\" loading=\"lazy\"><div class=\"vc_gitem-zone-mini\"><\/div><\/div><div class=\"vc_gitem-zone vc_gitem-zone-b vc_custom_1419329305433 vc-gitem-zone-height-mode-auto vc_gitem-is-link\"><a href=\"https:\/\/www.salvatoremolettieri.com\/en\/tre-bicchieri-gambero-rosso\/\" title=\"Tre Bicchieri &#8211; Gambero Rosso\" class=\"vc_gitem-link vc-zone-link\" ><\/a><div class=\"vc_gitem-zone-mini\"><div class=\"vc_gitem_row vc_row vc_gitem-row-position-middle\"><div class=\"vc_col-sm-12 vc_gitem-col vc_gitem-col-align-\"><div class=\"vc_custom_heading vc_gitem-post-data vc_gitem-post-data-source-post_date\" ><div style=\"font-size: 12px;color: #dbdbdb;text-align: center;font-family:Roboto;font-weight:300;font-style:normal\" >15 September 2020<\/div><\/div><div class=\"vc_custom_heading vc_gitem-post-data vc_gitem-post-data-source-post_title\" ><div style=\"font-size: 24px;color: #ffffff;line-height: 1.3;text-align: center;font-family:Roboto;font-weight:400;font-style:normal\" >Tre Bicchieri &#8211; Gambero Rosso<\/div><\/div><\/div><\/div><\/div><\/div><\/div><\/div><div class=\"vc_clearfix\"><\/div><\/div><div class=\"vc_grid-item vc_clearfix vc_col-sm-12\"><div class=\"vc_grid-item-mini vc_clearfix\"><div class=\"vc_gitem-animated-block  vc_gitem-animate vc_gitem-animate-scaleRotateIn\"  data-vc-animation=\"scaleRotateIn\"><div class=\"vc_gitem-zone vc_gitem-zone-a vc_gitem-is-link\" style=\"background-image: url('https:\/\/www.salvatoremolettieri.com\/wp-content\/uploads\/2020\/09\/Concours-mondial-de-Bruxelles-thumb.jpg') !important;\"><a href=\"https:\/\/www.salvatoremolettieri.com\/en\/concours-mondial-de-bruxelles\/\" title=\"Concours Mondial de Bruxelles\" class=\"vc_gitem-link vc-zone-link\" ><\/a><img decoding=\"async\" class=\"vc_gitem-zone-img\" src=\"https:\/\/www.salvatoremolettieri.com\/wp-content\/uploads\/2020\/09\/Concours-mondial-de-Bruxelles-thumb.jpg\" alt=\"Concours Mondial de Bruxelles\" loading=\"lazy\"><div class=\"vc_gitem-zone-mini\"><\/div><\/div><div class=\"vc_gitem-zone vc_gitem-zone-b vc_custom_1419329305433 vc-gitem-zone-height-mode-auto vc_gitem-is-link\"><a href=\"https:\/\/www.salvatoremolettieri.com\/en\/concours-mondial-de-bruxelles\/\" title=\"Concours Mondial de Bruxelles\" class=\"vc_gitem-link vc-zone-link\" ><\/a><div class=\"vc_gitem-zone-mini\"><div class=\"vc_gitem_row vc_row vc_gitem-row-position-middle\"><div class=\"vc_col-sm-12 vc_gitem-col vc_gitem-col-align-\"><div class=\"vc_custom_heading vc_gitem-post-data vc_gitem-post-data-source-post_date\" ><div style=\"font-size: 12px;color: #dbdbdb;text-align: center;font-family:Roboto;font-weight:300;font-style:normal\" >10 September 2020<\/div><\/div><div class=\"vc_custom_heading vc_gitem-post-data vc_gitem-post-data-source-post_title\" ><div style=\"font-size: 24px;color: #ffffff;line-height: 1.3;text-align: center;font-family:Roboto;font-weight:400;font-style:normal\" >Concours Mondial de Bruxelles<\/div><\/div><\/div><\/div><\/div><\/div><\/div><\/div><div class=\"vc_clearfix\"><\/div><\/div><div class=\"vc_grid-item vc_clearfix vc_col-sm-12\"><div class=\"vc_grid-item-mini vc_clearfix\"><div class=\"vc_gitem-animated-block  vc_gitem-animate vc_gitem-animate-scaleRotateIn\"  data-vc-animation=\"scaleRotateIn\"><div class=\"vc_gitem-zone vc_gitem-zone-a vc_gitem-is-link\" style=\"background-image: url('https:\/\/www.salvatoremolettieri.com\/wp-content\/uploads\/2020\/08\/The-WineHunter-Award-thumb.jpg') !important;\"><a href=\"https:\/\/www.salvatoremolettieri.com\/en\/the-winehunter-award-2020\/\" title=\"The WineHunter Award 2020\" class=\"vc_gitem-link vc-zone-link\" ><\/a><img decoding=\"async\" class=\"vc_gitem-zone-img\" src=\"https:\/\/www.salvatoremolettieri.com\/wp-content\/uploads\/2020\/08\/The-WineHunter-Award-thumb.jpg\" alt=\"The WineHunter Award 2020\" loading=\"lazy\"><div class=\"vc_gitem-zone-mini\"><\/div><\/div><div class=\"vc_gitem-zone vc_gitem-zone-b vc_custom_1419329305433 vc-gitem-zone-height-mode-auto vc_gitem-is-link\"><a href=\"https:\/\/www.salvatoremolettieri.com\/en\/the-winehunter-award-2020\/\" title=\"The WineHunter Award 2020\" class=\"vc_gitem-link vc-zone-link\" ><\/a><div class=\"vc_gitem-zone-mini\"><div class=\"vc_gitem_row vc_row vc_gitem-row-position-middle\"><div class=\"vc_col-sm-12 vc_gitem-col vc_gitem-col-align-\"><div class=\"vc_custom_heading vc_gitem-post-data vc_gitem-post-data-source-post_date\" ><div style=\"font-size: 12px;color: #dbdbdb;text-align: center;font-family:Roboto;font-weight:300;font-style:normal\" >27 August 2020<\/div><\/div><div class=\"vc_custom_heading vc_gitem-post-data vc_gitem-post-data-source-post_title\" ><div style=\"font-size: 24px;color: #ffffff;line-height: 1.3;text-align: center;font-family:Roboto;font-weight:400;font-style:normal\" >The WineHunter Award 2020<\/div><\/div><\/div><\/div><\/div><\/div><\/div><\/div><div class=\"vc_clearfix\"><\/div><\/div><div class=\"vc_grid-item vc_clearfix vc_col-sm-12\"><div class=\"vc_grid-item-mini vc_clearfix\"><div class=\"vc_gitem-animated-block  vc_gitem-animate vc_gitem-animate-scaleRotateIn\"  data-vc-animation=\"scaleRotateIn\"><div class=\"vc_gitem-zone vc_gitem-zone-a vc_gitem-is-link\" style=\"background-image: url('https:\/\/www.salvatoremolettieri.com\/wp-content\/uploads\/2020\/07\/5-StarWines-thumb.jpg') !important;\"><a href=\"https:\/\/www.salvatoremolettieri.com\/en\/5-starwines\/\" title=\"5 StarWines\" class=\"vc_gitem-link vc-zone-link\" ><\/a><img decoding=\"async\" class=\"vc_gitem-zone-img\" src=\"https:\/\/www.salvatoremolettieri.com\/wp-content\/uploads\/2020\/07\/5-StarWines-thumb.jpg\" alt=\"5 StarWines\" loading=\"lazy\"><div class=\"vc_gitem-zone-mini\"><\/div><\/div><div class=\"vc_gitem-zone vc_gitem-zone-b vc_custom_1419329305433 vc-gitem-zone-height-mode-auto vc_gitem-is-link\"><a href=\"https:\/\/www.salvatoremolettieri.com\/en\/5-starwines\/\" title=\"5 StarWines\" class=\"vc_gitem-link vc-zone-link\" ><\/a><div class=\"vc_gitem-zone-mini\"><div class=\"vc_gitem_row vc_row vc_gitem-row-position-middle\"><div class=\"vc_col-sm-12 vc_gitem-col vc_gitem-col-align-\"><div class=\"vc_custom_heading vc_gitem-post-data vc_gitem-post-data-source-post_date\" ><div style=\"font-size: 12px;color: #dbdbdb;text-align: center;font-family:Roboto;font-weight:300;font-style:normal\" >20 July 2020<\/div><\/div><div class=\"vc_custom_heading vc_gitem-post-data vc_gitem-post-data-source-post_title\" ><div style=\"font-size: 24px;color: #ffffff;line-height: 1.3;text-align: center;font-family:Roboto;font-weight:400;font-style:normal\" >5 StarWines<\/div><\/div><\/div><\/div><\/div><\/div><\/div><\/div><div class=\"vc_clearfix\"><\/div><\/div><div class=\"vc_grid-item vc_clearfix vc_col-sm-12\"><div class=\"vc_grid-item-mini vc_clearfix\"><div class=\"vc_gitem-animated-block  vc_gitem-animate vc_gitem-animate-scaleRotateIn\"  data-vc-animation=\"scaleRotateIn\"><div class=\"vc_gitem-zone vc_gitem-zone-a vc_gitem-is-link\" style=\"background-image: url('https:\/\/www.salvatoremolettieri.com\/wp-content\/uploads\/2020\/06\/swa-sommelier-wine-awards-thumb.jpg') !important;\"><a href=\"https:\/\/www.salvatoremolettieri.com\/en\/swa-sommelier-wine-awards\/\" title=\"SWA Sommelier Wine Awards\" class=\"vc_gitem-link vc-zone-link\" ><\/a><img decoding=\"async\" class=\"vc_gitem-zone-img\" src=\"https:\/\/www.salvatoremolettieri.com\/wp-content\/uploads\/2020\/06\/swa-sommelier-wine-awards-thumb.jpg\" alt=\"SWA Sommelier Wine Awards\" loading=\"lazy\"><div class=\"vc_gitem-zone-mini\"><\/div><\/div><div class=\"vc_gitem-zone vc_gitem-zone-b vc_custom_1419329305433 vc-gitem-zone-height-mode-auto vc_gitem-is-link\"><a href=\"https:\/\/www.salvatoremolettieri.com\/en\/swa-sommelier-wine-awards\/\" title=\"SWA Sommelier Wine Awards\" class=\"vc_gitem-link vc-zone-link\" ><\/a><div class=\"vc_gitem-zone-mini\"><div class=\"vc_gitem_row vc_row vc_gitem-row-position-middle\"><div class=\"vc_col-sm-12 vc_gitem-col vc_gitem-col-align-\"><div class=\"vc_custom_heading vc_gitem-post-data vc_gitem-post-data-source-post_date\" ><div style=\"font-size: 12px;color: #dbdbdb;text-align: center;font-family:Roboto;font-weight:300;font-style:normal\" >27 June 2020<\/div><\/div><div class=\"vc_custom_heading vc_gitem-post-data vc_gitem-post-data-source-post_title\" ><div style=\"font-size: 24px;color: #ffffff;line-height: 1.3;text-align: center;font-family:Roboto;font-weight:400;font-style:normal\" >SWA Sommelier Wine Awards<\/div><\/div><\/div><\/div><\/div><\/div><\/div><\/div><div class=\"vc_clearfix\"><\/div><\/div><div class=\"vc_grid-item vc_clearfix vc_col-sm-12\"><div class=\"vc_grid-item-mini vc_clearfix\"><div class=\"vc_gitem-animated-block  vc_gitem-animate vc_gitem-animate-scaleRotateIn\"  data-vc-animation=\"scaleRotateIn\"><div class=\"vc_gitem-zone vc_gitem-zone-a vc_gitem-is-link\" style=\"background-image: url('https:\/\/www.salvatoremolettieri.com\/wp-content\/uploads\/2021\/06\/wines-critic-thumb.jpg') !important;\"><a href=\"https:\/\/www.salvatoremolettieri.com\/en\/wines-critic\/\" title=\"Wines Critic\" class=\"vc_gitem-link vc-zone-link\" ><\/a><img decoding=\"async\" class=\"vc_gitem-zone-img\" src=\"https:\/\/www.salvatoremolettieri.com\/wp-content\/uploads\/2021\/06\/wines-critic-thumb.jpg\" alt=\"Wines Critic\" loading=\"lazy\"><div class=\"vc_gitem-zone-mini\"><\/div><\/div><div class=\"vc_gitem-zone vc_gitem-zone-b vc_custom_1419329305433 vc-gitem-zone-height-mode-auto vc_gitem-is-link\"><a href=\"https:\/\/www.salvatoremolettieri.com\/en\/wines-critic\/\" title=\"Wines Critic\" class=\"vc_gitem-link vc-zone-link\" ><\/a><div class=\"vc_gitem-zone-mini\"><div class=\"vc_gitem_row vc_row vc_gitem-row-position-middle\"><div class=\"vc_col-sm-12 vc_gitem-col vc_gitem-col-align-\"><div class=\"vc_custom_heading vc_gitem-post-data vc_gitem-post-data-source-post_date\" ><div style=\"font-size: 12px;color: #dbdbdb;text-align: center;font-family:Roboto;font-weight:300;font-style:normal\" >15 June 2020<\/div><\/div><div class=\"vc_custom_heading vc_gitem-post-data vc_gitem-post-data-source-post_title\" ><div style=\"font-size: 24px;color: #ffffff;line-height: 1.3;text-align: center;font-family:Roboto;font-weight:400;font-style:normal\" >Wines Critic<\/div><\/div><\/div><\/div><\/div><\/div><\/div><\/div><div class=\"vc_clearfix\"><\/div><\/div><div class=\"vc_grid-item vc_clearfix vc_col-sm-12\"><div class=\"vc_grid-item-mini vc_clearfix\"><div class=\"vc_gitem-animated-block  vc_gitem-animate vc_gitem-animate-scaleRotateIn\"  data-vc-animation=\"scaleRotateIn\"><div class=\"vc_gitem-zone vc_gitem-zone-a vc_gitem-is-link\" style=\"background-image: url('https:\/\/www.salvatoremolettieri.com\/wp-content\/uploads\/2020\/05\/vinous-2020-thumb.jpg') !important;\"><a href=\"https:\/\/www.salvatoremolettieri.com\/en\/vinous-2020\/\" title=\"Vinous 2020\" class=\"vc_gitem-link vc-zone-link\" ><\/a><img decoding=\"async\" class=\"vc_gitem-zone-img\" src=\"https:\/\/www.salvatoremolettieri.com\/wp-content\/uploads\/2020\/05\/vinous-2020-thumb.jpg\" alt=\"Vinous 2020\" loading=\"lazy\"><div class=\"vc_gitem-zone-mini\"><\/div><\/div><div class=\"vc_gitem-zone vc_gitem-zone-b vc_custom_1419329305433 vc-gitem-zone-height-mode-auto vc_gitem-is-link\"><a href=\"https:\/\/www.salvatoremolettieri.com\/en\/vinous-2020\/\" title=\"Vinous 2020\" class=\"vc_gitem-link vc-zone-link\" ><\/a><div class=\"vc_gitem-zone-mini\"><div class=\"vc_gitem_row vc_row vc_gitem-row-position-middle\"><div class=\"vc_col-sm-12 vc_gitem-col vc_gitem-col-align-\"><div class=\"vc_custom_heading vc_gitem-post-data vc_gitem-post-data-source-post_date\" ><div style=\"font-size: 12px;color: #dbdbdb;text-align: center;font-family:Roboto;font-weight:300;font-style:normal\" >20 May 2020<\/div><\/div><div class=\"vc_custom_heading vc_gitem-post-data vc_gitem-post-data-source-post_title\" ><div style=\"font-size: 24px;color: #ffffff;line-height: 1.3;text-align: center;font-family:Roboto;font-weight:400;font-style:normal\" >Vinous 2020<\/div><\/div><\/div><\/div><\/div><\/div><\/div><\/div><div class=\"vc_clearfix\"><\/div><\/div><div class=\"vc_grid-item vc_clearfix vc_col-sm-12\"><div class=\"vc_grid-item-mini vc_clearfix\"><div class=\"vc_gitem-animated-block  vc_gitem-animate vc_gitem-animate-scaleRotateIn\"  data-vc-animation=\"scaleRotateIn\"><div class=\"vc_gitem-zone vc_gitem-zone-a vc_gitem-is-link\" style=\"background-image: url('https:\/\/www.salvatoremolettieri.com\/wp-content\/uploads\/2019\/11\/vinous-2019-thumb.jpg') !important;\"><a href=\"https:\/\/www.salvatoremolettieri.com\/en\/vinous-2019\/\" title=\"Vinous 2019\" class=\"vc_gitem-link vc-zone-link\" ><\/a><img decoding=\"async\" class=\"vc_gitem-zone-img\" src=\"https:\/\/www.salvatoremolettieri.com\/wp-content\/uploads\/2019\/11\/vinous-2019-thumb.jpg\" alt=\"Vinous 2019\" loading=\"lazy\"><div class=\"vc_gitem-zone-mini\"><\/div><\/div><div class=\"vc_gitem-zone vc_gitem-zone-b vc_custom_1419329305433 vc-gitem-zone-height-mode-auto vc_gitem-is-link\"><a href=\"https:\/\/www.salvatoremolettieri.com\/en\/vinous-2019\/\" title=\"Vinous 2019\" class=\"vc_gitem-link vc-zone-link\" ><\/a><div class=\"vc_gitem-zone-mini\"><div class=\"vc_gitem_row vc_row vc_gitem-row-position-middle\"><div class=\"vc_col-sm-12 vc_gitem-col vc_gitem-col-align-\"><div class=\"vc_custom_heading vc_gitem-post-data vc_gitem-post-data-source-post_date\" ><div style=\"font-size: 12px;color: #dbdbdb;text-align: center;font-family:Roboto;font-weight:300;font-style:normal\" >20 November 2019<\/div><\/div><div class=\"vc_custom_heading vc_gitem-post-data vc_gitem-post-data-source-post_title\" ><div style=\"font-size: 24px;color: #ffffff;line-height: 1.3;text-align: center;font-family:Roboto;font-weight:400;font-style:normal\" >Vinous 2019<\/div><\/div><\/div><\/div><\/div><\/div><\/div><\/div><div class=\"vc_clearfix\"><\/div><\/div><div class=\"vc_grid-item vc_clearfix vc_col-sm-12\"><div class=\"vc_grid-item-mini vc_clearfix\"><div class=\"vc_gitem-animated-block  vc_gitem-animate vc_gitem-animate-scaleRotateIn\"  data-vc-animation=\"scaleRotateIn\"><div class=\"vc_gitem-zone vc_gitem-zone-a vc_gitem-is-link\" style=\"background-image: url('https:\/\/www.salvatoremolettieri.com\/wp-content\/uploads\/2019\/11\/james-suckling-thumb.jpg') !important;\"><a href=\"https:\/\/www.salvatoremolettieri.com\/en\/james-suckling\/\" title=\"James Suckling\" class=\"vc_gitem-link vc-zone-link\" ><\/a><img decoding=\"async\" class=\"vc_gitem-zone-img\" src=\"https:\/\/www.salvatoremolettieri.com\/wp-content\/uploads\/2019\/11\/james-suckling-thumb.jpg\" alt=\"James Suckling\" loading=\"lazy\"><div class=\"vc_gitem-zone-mini\"><\/div><\/div><div class=\"vc_gitem-zone vc_gitem-zone-b vc_custom_1419329305433 vc-gitem-zone-height-mode-auto vc_gitem-is-link\"><a href=\"https:\/\/www.salvatoremolettieri.com\/en\/james-suckling\/\" title=\"James Suckling\" class=\"vc_gitem-link vc-zone-link\" ><\/a><div class=\"vc_gitem-zone-mini\"><div class=\"vc_gitem_row vc_row vc_gitem-row-position-middle\"><div class=\"vc_col-sm-12 vc_gitem-col vc_gitem-col-align-\"><div class=\"vc_custom_heading vc_gitem-post-data vc_gitem-post-data-source-post_date\" ><div style=\"font-size: 12px;color: #dbdbdb;text-align: center;font-family:Roboto;font-weight:300;font-style:normal\" >13 November 2019<\/div><\/div><div class=\"vc_custom_heading vc_gitem-post-data vc_gitem-post-data-source-post_title\" ><div style=\"font-size: 24px;color: #ffffff;line-height: 1.3;text-align: center;font-family:Roboto;font-weight:400;font-style:normal\" >James Suckling<\/div><\/div><\/div><\/div><\/div><\/div><\/div><\/div><div class=\"vc_clearfix\"><\/div><\/div><div class=\"vc_grid-item vc_clearfix vc_col-sm-12\"><div class=\"vc_grid-item-mini vc_clearfix\"><div class=\"vc_gitem-animated-block  vc_gitem-animate vc_gitem-animate-scaleRotateIn\"  data-vc-animation=\"scaleRotateIn\"><div class=\"vc_gitem-zone vc_gitem-zone-a vc_gitem-is-link\" style=\"background-image: url('https:\/\/www.salvatoremolettieri.com\/wp-content\/uploads\/2019\/10\/veronelli-2020-thumb.jpg') !important;\"><a href=\"https:\/\/www.salvatoremolettieri.com\/en\/i-vini-di-veronelli-edizione-2020\/\" title=\"I Vini di Veronelli &#8211; Edizione 2020\" class=\"vc_gitem-link vc-zone-link\" ><\/a><img decoding=\"async\" class=\"vc_gitem-zone-img\" src=\"https:\/\/www.salvatoremolettieri.com\/wp-content\/uploads\/2019\/10\/veronelli-2020-thumb.jpg\" alt=\"I Vini di Veronelli - Edizione 2020\" loading=\"lazy\"><div class=\"vc_gitem-zone-mini\"><\/div><\/div><div class=\"vc_gitem-zone vc_gitem-zone-b vc_custom_1419329305433 vc-gitem-zone-height-mode-auto vc_gitem-is-link\"><a href=\"https:\/\/www.salvatoremolettieri.com\/en\/i-vini-di-veronelli-edizione-2020\/\" title=\"I Vini di Veronelli &#8211; Edizione 2020\" class=\"vc_gitem-link vc-zone-link\" ><\/a><div class=\"vc_gitem-zone-mini\"><div class=\"vc_gitem_row vc_row vc_gitem-row-position-middle\"><div class=\"vc_col-sm-12 vc_gitem-col vc_gitem-col-align-\"><div class=\"vc_custom_heading vc_gitem-post-data vc_gitem-post-data-source-post_date\" ><div style=\"font-size: 12px;color: #dbdbdb;text-align: center;font-family:Roboto;font-weight:300;font-style:normal\" >28 October 2019<\/div><\/div><div class=\"vc_custom_heading vc_gitem-post-data vc_gitem-post-data-source-post_title\" ><div style=\"font-size: 24px;color: #ffffff;line-height: 1.3;text-align: center;font-family:Roboto;font-weight:400;font-style:normal\" >I Vini di Veronelli &#8211; Edizione 2020<\/div><\/div><\/div><\/div><\/div><\/div><\/div><\/div><div class=\"vc_clearfix\"><\/div><\/div><div class=\"vc_grid-item vc_clearfix vc_col-sm-12\"><div class=\"vc_grid-item-mini vc_clearfix\"><div class=\"vc_gitem-animated-block  vc_gitem-animate vc_gitem-animate-scaleRotateIn\"  data-vc-animation=\"scaleRotateIn\"><div class=\"vc_gitem-zone vc_gitem-zone-a vc_gitem-is-link\" style=\"background-image: url('https:\/\/www.salvatoremolettieri.com\/wp-content\/uploads\/2019\/10\/corona-vinibuoni-2020-thumb.jpg') !important;\"><a href=\"https:\/\/www.salvatoremolettieri.com\/en\/guida-vinibuoni-ditalia-edizione-2020-3\/\" title=\"Guida VINIBUONI d&#8217;Italia &#8211; Edizione 2020\" class=\"vc_gitem-link vc-zone-link\" ><\/a><img decoding=\"async\" class=\"vc_gitem-zone-img\" src=\"https:\/\/www.salvatoremolettieri.com\/wp-content\/uploads\/2019\/10\/corona-vinibuoni-2020-thumb.jpg\" alt=\"Guida VINIBUONI d'Italia - Edizione 2020\" loading=\"lazy\"><div class=\"vc_gitem-zone-mini\"><\/div><\/div><div class=\"vc_gitem-zone vc_gitem-zone-b vc_custom_1419329305433 vc-gitem-zone-height-mode-auto vc_gitem-is-link\"><a href=\"https:\/\/www.salvatoremolettieri.com\/en\/guida-vinibuoni-ditalia-edizione-2020-3\/\" title=\"Guida VINIBUONI d&#8217;Italia &#8211; Edizione 2020\" class=\"vc_gitem-link vc-zone-link\" ><\/a><div class=\"vc_gitem-zone-mini\"><div class=\"vc_gitem_row vc_row vc_gitem-row-position-middle\"><div class=\"vc_col-sm-12 vc_gitem-col vc_gitem-col-align-\"><div class=\"vc_custom_heading vc_gitem-post-data vc_gitem-post-data-source-post_date\" ><div style=\"font-size: 12px;color: #dbdbdb;text-align: center;font-family:Roboto;font-weight:300;font-style:normal\" >25 October 2019<\/div><\/div><div class=\"vc_custom_heading vc_gitem-post-data vc_gitem-post-data-source-post_title\" ><div style=\"font-size: 24px;color: #ffffff;line-height: 1.3;text-align: center;font-family:Roboto;font-weight:400;font-style:normal\" >Guida VINIBUONI d&#8217;Italia &#8211; Edizione 2020<\/div><\/div><\/div><\/div><\/div><\/div><\/div><\/div><div class=\"vc_clearfix\"><\/div><\/div><div class=\"vc_grid-item vc_clearfix vc_col-sm-12\"><div class=\"vc_grid-item-mini vc_clearfix\"><div class=\"vc_gitem-animated-block  vc_gitem-animate vc_gitem-animate-scaleRotateIn\"  data-vc-animation=\"scaleRotateIn\"><div class=\"vc_gitem-zone vc_gitem-zone-a vc_gitem-is-link\" style=\"background-image: url('https:\/\/www.salvatoremolettieri.com\/wp-content\/uploads\/2019\/09\/vinibuoni-2020-thumb.jpg') !important;\"><a href=\"https:\/\/www.salvatoremolettieri.com\/en\/guida-vinibuoni-ditalia-edizione-2020\/\" title=\"Guida VINIBUONI d&#8217;Italia &#8211; Edizione 2020\" class=\"vc_gitem-link vc-zone-link\" ><\/a><img decoding=\"async\" class=\"vc_gitem-zone-img\" src=\"https:\/\/www.salvatoremolettieri.com\/wp-content\/uploads\/2019\/09\/vinibuoni-2020-thumb.jpg\" alt=\"Guida VINIBUONI d'Italia - Edizione 2020\" loading=\"lazy\"><div class=\"vc_gitem-zone-mini\"><\/div><\/div><div class=\"vc_gitem-zone vc_gitem-zone-b vc_custom_1419329305433 vc-gitem-zone-height-mode-auto vc_gitem-is-link\"><a href=\"https:\/\/www.salvatoremolettieri.com\/en\/guida-vinibuoni-ditalia-edizione-2020\/\" title=\"Guida VINIBUONI d&#8217;Italia &#8211; Edizione 2020\" class=\"vc_gitem-link vc-zone-link\" ><\/a><div class=\"vc_gitem-zone-mini\"><div class=\"vc_gitem_row vc_row vc_gitem-row-position-middle\"><div class=\"vc_col-sm-12 vc_gitem-col vc_gitem-col-align-\"><div class=\"vc_custom_heading vc_gitem-post-data vc_gitem-post-data-source-post_date\" ><div style=\"font-size: 12px;color: #dbdbdb;text-align: center;font-family:Roboto;font-weight:300;font-style:normal\" >23 September 2019<\/div><\/div><div class=\"vc_custom_heading vc_gitem-post-data vc_gitem-post-data-source-post_title\" ><div style=\"font-size: 24px;color: #ffffff;line-height: 1.3;text-align: center;font-family:Roboto;font-weight:400;font-style:normal\" >Guida VINIBUONI d&#8217;Italia &#8211; Edizione 2020<\/div><\/div><\/div><\/div><\/div><\/div><\/div><\/div><div class=\"vc_clearfix\"><\/div><\/div><div class=\"vc_grid-item vc_clearfix vc_col-sm-12\"><div class=\"vc_grid-item-mini vc_clearfix\"><div class=\"vc_gitem-animated-block  vc_gitem-animate vc_gitem-animate-scaleRotateIn\"  data-vc-animation=\"scaleRotateIn\"><div class=\"vc_gitem-zone vc_gitem-zone-a vc_gitem-is-link\" style=\"background-image: url('https:\/\/www.salvatoremolettieri.com\/wp-content\/uploads\/2019\/09\/wine-spectator-2019-thumb.jpg') !important;\"><a href=\"https:\/\/www.salvatoremolettieri.com\/en\/riconoscimento-wine-spectator-2019\/\" title=\"Riconoscimento Wine Spectator 2019\" class=\"vc_gitem-link vc-zone-link\" ><\/a><img decoding=\"async\" class=\"vc_gitem-zone-img\" src=\"https:\/\/www.salvatoremolettieri.com\/wp-content\/uploads\/2019\/09\/wine-spectator-2019-thumb.jpg\" alt=\"Riconoscimento Wine Spectator 2019\" loading=\"lazy\"><div class=\"vc_gitem-zone-mini\"><\/div><\/div><div class=\"vc_gitem-zone vc_gitem-zone-b vc_custom_1419329305433 vc-gitem-zone-height-mode-auto vc_gitem-is-link\"><a href=\"https:\/\/www.salvatoremolettieri.com\/en\/riconoscimento-wine-spectator-2019\/\" title=\"Riconoscimento Wine Spectator 2019\" class=\"vc_gitem-link vc-zone-link\" ><\/a><div class=\"vc_gitem-zone-mini\"><div class=\"vc_gitem_row vc_row vc_gitem-row-position-middle\"><div class=\"vc_col-sm-12 vc_gitem-col vc_gitem-col-align-\"><div class=\"vc_custom_heading vc_gitem-post-data vc_gitem-post-data-source-post_date\" ><div style=\"font-size: 12px;color: #dbdbdb;text-align: center;font-family:Roboto;font-weight:300;font-style:normal\" >23 September 2019<\/div><\/div><div class=\"vc_custom_heading vc_gitem-post-data vc_gitem-post-data-source-post_title\" ><div style=\"font-size: 24px;color: #ffffff;line-height: 1.3;text-align: center;font-family:Roboto;font-weight:400;font-style:normal\" >Riconoscimento Wine Spectator 2019<\/div><\/div><\/div><\/div><\/div><\/div><\/div><\/div><div class=\"vc_clearfix\"><\/div><\/div><div class=\"vc_grid-item vc_clearfix vc_col-sm-12\"><div class=\"vc_grid-item-mini vc_clearfix\"><div class=\"vc_gitem-animated-block  vc_gitem-animate vc_gitem-animate-scaleRotateIn\"  data-vc-animation=\"scaleRotateIn\"><div class=\"vc_gitem-zone vc_gitem-zone-a vc_gitem-is-link\" style=\"background-image: url('https:\/\/www.salvatoremolettieri.com\/wp-content\/uploads\/2019\/09\/vitae-2020-thumb.jpg') !important;\"><a href=\"https:\/\/www.salvatoremolettieri.com\/en\/premio-guida-vitae-la-guida-vini-2020\/\" title=\"Premio guida VITAE La Guida Vini 2020\" class=\"vc_gitem-link vc-zone-link\" ><\/a><img decoding=\"async\" class=\"vc_gitem-zone-img\" src=\"https:\/\/www.salvatoremolettieri.com\/wp-content\/uploads\/2019\/09\/vitae-2020-thumb.jpg\" alt=\"Premio guida VITAE La Guida Vini 2020\" loading=\"lazy\"><div class=\"vc_gitem-zone-mini\"><\/div><\/div><div class=\"vc_gitem-zone vc_gitem-zone-b vc_custom_1419329305433 vc-gitem-zone-height-mode-auto vc_gitem-is-link\"><a href=\"https:\/\/www.salvatoremolettieri.com\/en\/premio-guida-vitae-la-guida-vini-2020\/\" title=\"Premio guida VITAE La Guida Vini 2020\" class=\"vc_gitem-link vc-zone-link\" ><\/a><div class=\"vc_gitem-zone-mini\"><div class=\"vc_gitem_row vc_row vc_gitem-row-position-middle\"><div class=\"vc_col-sm-12 vc_gitem-col vc_gitem-col-align-\"><div class=\"vc_custom_heading vc_gitem-post-data vc_gitem-post-data-source-post_date\" ><div style=\"font-size: 12px;color: #dbdbdb;text-align: center;font-family:Roboto;font-weight:300;font-style:normal\" >4 September 2019<\/div><\/div><div class=\"vc_custom_heading vc_gitem-post-data vc_gitem-post-data-source-post_title\" ><div style=\"font-size: 24px;color: #ffffff;line-height: 1.3;text-align: center;font-family:Roboto;font-weight:400;font-style:normal\" >Premio guida VITAE La Guida Vini 2020<\/div><\/div><\/div><\/div><\/div><\/div><\/div><\/div><div class=\"vc_clearfix\"><\/div><\/div><div class=\"vc_grid-item vc_clearfix vc_col-sm-12\"><div class=\"vc_grid-item-mini vc_clearfix\"><div class=\"vc_gitem-animated-block  vc_gitem-animate vc_gitem-animate-scaleRotateIn\"  data-vc-animation=\"scaleRotateIn\"><div class=\"vc_gitem-zone vc_gitem-zone-a vc_gitem-is-link\" style=\"background-image: url('https:\/\/www.salvatoremolettieri.com\/wp-content\/uploads\/2020\/05\/IMG-news-thumb.jpg') !important;\"><a href=\"https:\/\/www.salvatoremolettieri.com\/en\/lazienda-vitivinicola-salvatore-molettieri-sara-presente-al-vinitaly-per-la-sua-53a-edizione\/\" title=\"The Salvatore Molettieri winery will be present at Vinitaly for its 53\u00aa edition\" class=\"vc_gitem-link vc-zone-link\" ><\/a><img decoding=\"async\" class=\"vc_gitem-zone-img\" src=\"https:\/\/www.salvatoremolettieri.com\/wp-content\/uploads\/2020\/05\/IMG-news-thumb.jpg\" alt=\"L\u2019azienda Vitivinicola Salvatore Molettieri sar\u00e0 presente al Vinitaly per la sua 53\u00aa edizione\" loading=\"lazy\"><div class=\"vc_gitem-zone-mini\"><\/div><\/div><div class=\"vc_gitem-zone vc_gitem-zone-b vc_custom_1419329305433 vc-gitem-zone-height-mode-auto vc_gitem-is-link\"><a href=\"https:\/\/www.salvatoremolettieri.com\/en\/lazienda-vitivinicola-salvatore-molettieri-sara-presente-al-vinitaly-per-la-sua-53a-edizione\/\" title=\"The Salvatore Molettieri winery will be present at Vinitaly for its 53\u00aa edition\" class=\"vc_gitem-link vc-zone-link\" ><\/a><div class=\"vc_gitem-zone-mini\"><div class=\"vc_gitem_row vc_row vc_gitem-row-position-middle\"><div class=\"vc_col-sm-12 vc_gitem-col vc_gitem-col-align-\"><div class=\"vc_custom_heading vc_gitem-post-data vc_gitem-post-data-source-post_date\" ><div style=\"font-size: 12px;color: #dbdbdb;text-align: center;font-family:Roboto;font-weight:300;font-style:normal\" >4 March 2019<\/div><\/div><div class=\"vc_custom_heading vc_gitem-post-data vc_gitem-post-data-source-post_title\" ><div style=\"font-size: 24px;color: #ffffff;line-height: 1.3;text-align: center;font-family:Roboto;font-weight:400;font-style:normal\" >The Salvatore Molettieri winery will be present at Vinitaly for its 53\u00aa edition<\/div><\/div><\/div><\/div><\/div><\/div><\/div><\/div><div class=\"vc_clearfix\"><\/div><\/div><div class=\"vc_grid-item vc_clearfix vc_col-sm-12\"><div class=\"vc_grid-item-mini vc_clearfix\"><div class=\"vc_gitem-animated-block  vc_gitem-animate vc_gitem-animate-scaleRotateIn\"  data-vc-animation=\"scaleRotateIn\"><div class=\"vc_gitem-zone vc_gitem-zone-a vc_gitem-is-link\" style=\"background-image: url('https:\/\/www.salvatoremolettieri.com\/wp-content\/uploads\/2019\/02\/IMG-news-thumb.jpg') !important;\"><a href=\"https:\/\/www.salvatoremolettieri.com\/en\/molettieri-il-futuro-e-la-qualita-senza-non-ce-crescita\/\" title=\"Molettieri: &quot;The future is quality: without it there is no growth&quot;\" class=\"vc_gitem-link vc-zone-link\" ><\/a><img decoding=\"async\" class=\"vc_gitem-zone-img\" src=\"https:\/\/www.salvatoremolettieri.com\/wp-content\/uploads\/2019\/02\/IMG-news-thumb.jpg\" alt=\"Molettieri: \"il futuro \u00e8 la qualit\u00e0: senza non c'\u00e8 crescita\"\" loading=\"lazy\"><div class=\"vc_gitem-zone-mini\"><\/div><\/div><div class=\"vc_gitem-zone vc_gitem-zone-b vc_custom_1419329305433 vc-gitem-zone-height-mode-auto vc_gitem-is-link\"><a href=\"https:\/\/www.salvatoremolettieri.com\/en\/molettieri-il-futuro-e-la-qualita-senza-non-ce-crescita\/\" title=\"Molettieri: &quot;The future is quality: without it there is no growth&quot;\" class=\"vc_gitem-link vc-zone-link\" ><\/a><div class=\"vc_gitem-zone-mini\"><div class=\"vc_gitem_row vc_row vc_gitem-row-position-middle\"><div class=\"vc_col-sm-12 vc_gitem-col vc_gitem-col-align-\"><div class=\"vc_custom_heading vc_gitem-post-data vc_gitem-post-data-source-post_date\" ><div style=\"font-size: 12px;color: #dbdbdb;text-align: center;font-family:Roboto;font-weight:300;font-style:normal\" >1 February 2019<\/div><\/div><div class=\"vc_custom_heading vc_gitem-post-data vc_gitem-post-data-source-post_title\" ><div style=\"font-size: 24px;color: #ffffff;line-height: 1.3;text-align: center;font-family:Roboto;font-weight:400;font-style:normal\" >Molettieri: \"The future is quality: without it there is no growth\"<\/div><\/div><\/div><\/div><\/div><\/div><\/div><\/div><div class=\"vc_clearfix\"><\/div><\/div><div class=\"vc_grid-item vc_clearfix vc_col-sm-12\"><div class=\"vc_grid-item-mini vc_clearfix\"><div class=\"vc_gitem-animated-block  vc_gitem-animate vc_gitem-animate-scaleRotateIn\"  data-vc-animation=\"scaleRotateIn\"><div class=\"vc_gitem-zone vc_gitem-zone-a vc_gitem-is-link\" style=\"background-image: url('https:\/\/www.salvatoremolettieri.com\/wp-content\/uploads\/2019\/02\/IMG-news-thumb-1.jpg') !important;\"><a href=\"https:\/\/www.salvatoremolettieri.com\/en\/molettieri-il-gigante-del-taurasi\/\" title=\"Molettieri: &quot;The Giant of Taurasi&quot;\" class=\"vc_gitem-link vc-zone-link\" ><\/a><img decoding=\"async\" class=\"vc_gitem-zone-img\" src=\"https:\/\/www.salvatoremolettieri.com\/wp-content\/uploads\/2019\/02\/IMG-news-thumb-1.jpg\" alt=\"Molettieri: \"il gigante del taurasi\"\" loading=\"lazy\"><div class=\"vc_gitem-zone-mini\"><\/div><\/div><div class=\"vc_gitem-zone vc_gitem-zone-b vc_custom_1419329305433 vc-gitem-zone-height-mode-auto vc_gitem-is-link\"><a href=\"https:\/\/www.salvatoremolettieri.com\/en\/molettieri-il-gigante-del-taurasi\/\" title=\"Molettieri: &quot;The Giant of Taurasi&quot;\" class=\"vc_gitem-link vc-zone-link\" ><\/a><div class=\"vc_gitem-zone-mini\"><div class=\"vc_gitem_row vc_row vc_gitem-row-position-middle\"><div class=\"vc_col-sm-12 vc_gitem-col vc_gitem-col-align-\"><div class=\"vc_custom_heading vc_gitem-post-data vc_gitem-post-data-source-post_date\" ><div style=\"font-size: 12px;color: #dbdbdb;text-align: center;font-family:Roboto;font-weight:300;font-style:normal\" >1 February 2019<\/div><\/div><div class=\"vc_custom_heading vc_gitem-post-data vc_gitem-post-data-source-post_title\" ><div style=\"font-size: 24px;color: #ffffff;line-height: 1.3;text-align: center;font-family:Roboto;font-weight:400;font-style:normal\" >Molettieri: \"The Giant of Taurasi\"<\/div><\/div><\/div><\/div><\/div><\/div><\/div><\/div><div class=\"vc_clearfix\"><\/div><\/div><div class=\"vc_grid-item vc_clearfix vc_col-sm-12\"><div class=\"vc_grid-item-mini vc_clearfix\"><div class=\"vc_gitem-animated-block  vc_gitem-animate vc_gitem-animate-scaleRotateIn\"  data-vc-animation=\"scaleRotateIn\"><div class=\"vc_gitem-zone vc_gitem-zone-a vc_gitem-is-link\" style=\"background-image: url('https:\/\/www.salvatoremolettieri.com\/wp-content\/uploads\/2018\/10\/autoctoni-vinibuoni-2019-thumb.jpg') !important;\"><a href=\"https:\/\/www.salvatoremolettieri.com\/en\/guida-vinibuoni-ditalia-edizione-2019\/\" title=\"Guida VINIBUONI d&#8217;Italia &#8211; Edizione 2019\" class=\"vc_gitem-link vc-zone-link\" ><\/a><img decoding=\"async\" class=\"vc_gitem-zone-img\" src=\"https:\/\/www.salvatoremolettieri.com\/wp-content\/uploads\/2018\/10\/autoctoni-vinibuoni-2019-thumb.jpg\" alt=\"Guida VINIBUONI d'Italia - Edizione 2019\" loading=\"lazy\"><div class=\"vc_gitem-zone-mini\"><\/div><\/div><div class=\"vc_gitem-zone vc_gitem-zone-b vc_custom_1419329305433 vc-gitem-zone-height-mode-auto vc_gitem-is-link\"><a href=\"https:\/\/www.salvatoremolettieri.com\/en\/guida-vinibuoni-ditalia-edizione-2019\/\" title=\"Guida VINIBUONI d&#8217;Italia &#8211; Edizione 2019\" class=\"vc_gitem-link vc-zone-link\" ><\/a><div class=\"vc_gitem-zone-mini\"><div class=\"vc_gitem_row vc_row vc_gitem-row-position-middle\"><div class=\"vc_col-sm-12 vc_gitem-col vc_gitem-col-align-\"><div class=\"vc_custom_heading vc_gitem-post-data vc_gitem-post-data-source-post_date\" ><div style=\"font-size: 12px;color: #dbdbdb;text-align: center;font-family:Roboto;font-weight:300;font-style:normal\" >25 October 2018<\/div><\/div><div class=\"vc_custom_heading vc_gitem-post-data vc_gitem-post-data-source-post_title\" ><div style=\"font-size: 24px;color: #ffffff;line-height: 1.3;text-align: center;font-family:Roboto;font-weight:400;font-style:normal\" >Guida VINIBUONI d&#8217;Italia &#8211; Edizione 2019<\/div><\/div><\/div><\/div><\/div><\/div><\/div><\/div><div class=\"vc_clearfix\"><\/div><\/div><div class=\"vc_grid-item vc_clearfix vc_col-sm-12\"><div class=\"vc_grid-item-mini vc_clearfix\"><div class=\"vc_gitem-animated-block  vc_gitem-animate vc_gitem-animate-scaleRotateIn\"  data-vc-animation=\"scaleRotateIn\"><div class=\"vc_gitem-zone vc_gitem-zone-a vc_gitem-is-link\" style=\"background-image: url('https:\/\/www.salvatoremolettieri.com\/wp-content\/uploads\/2018\/04\/IMG-Vinitaly-2018.jpg') !important;\"><a href=\"https:\/\/www.salvatoremolettieri.com\/en\/salvatore-molettieri-anche-per-il-2018-e-stato-incluso-tra-i-100-great-producers-di-operawine\/\" title=\"Salvatore Molettieri also for 2018 was included among the 100 Great Producers of OperaWine\" class=\"vc_gitem-link vc-zone-link\" ><\/a><img decoding=\"async\" class=\"vc_gitem-zone-img\" src=\"https:\/\/www.salvatoremolettieri.com\/wp-content\/uploads\/2018\/04\/IMG-Vinitaly-2018.jpg\" alt=\"Salvatore Molettieri anche per il 2018 \u00e8 stato incluso tra i 100 Great Producers di OperaWine\" loading=\"lazy\"><div class=\"vc_gitem-zone-mini\"><\/div><\/div><div class=\"vc_gitem-zone vc_gitem-zone-b vc_custom_1419329305433 vc-gitem-zone-height-mode-auto vc_gitem-is-link\"><a href=\"https:\/\/www.salvatoremolettieri.com\/en\/salvatore-molettieri-anche-per-il-2018-e-stato-incluso-tra-i-100-great-producers-di-operawine\/\" title=\"Salvatore Molettieri also for 2018 was included among the 100 Great Producers of OperaWine\" class=\"vc_gitem-link vc-zone-link\" ><\/a><div class=\"vc_gitem-zone-mini\"><div class=\"vc_gitem_row vc_row vc_gitem-row-position-middle\"><div class=\"vc_col-sm-12 vc_gitem-col vc_gitem-col-align-\"><div class=\"vc_custom_heading vc_gitem-post-data vc_gitem-post-data-source-post_date\" ><div style=\"font-size: 12px;color: #dbdbdb;text-align: center;font-family:Roboto;font-weight:300;font-style:normal\" >11 April 2018<\/div><\/div><div class=\"vc_custom_heading vc_gitem-post-data vc_gitem-post-data-source-post_title\" ><div style=\"font-size: 24px;color: #ffffff;line-height: 1.3;text-align: center;font-family:Roboto;font-weight:400;font-style:normal\" >Salvatore Molettieri also for 2018 was included among the 100 Great Producers of OperaWine<\/div><\/div><\/div><\/div><\/div><\/div><\/div><\/div><div class=\"vc_clearfix\"><\/div><\/div><div class=\"vc_grid-item vc_clearfix vc_col-sm-12\"><div class=\"vc_grid-item-mini vc_clearfix\"><div class=\"vc_gitem-animated-block  vc_gitem-animate vc_gitem-animate-scaleRotateIn\"  data-vc-animation=\"scaleRotateIn\"><div class=\"vc_gitem-zone vc_gitem-zone-a vc_gitem-is-link\" style=\"background-image: url('https:\/\/www.salvatoremolettieri.com\/wp-content\/uploads\/2018\/04\/i-vini-veronelli-2019-thumb.jpg') !important;\"><a href=\"https:\/\/www.salvatoremolettieri.com\/en\/super-tre-stelle-taurasi-riserva-2010\/\" title=\"Super tre stelle Taurasi riserva 2010\" class=\"vc_gitem-link vc-zone-link\" ><\/a><img decoding=\"async\" class=\"vc_gitem-zone-img\" src=\"https:\/\/www.salvatoremolettieri.com\/wp-content\/uploads\/2018\/04\/i-vini-veronelli-2019-thumb.jpg\" alt=\"Super tre stelle Taurasi riserva 2010\" loading=\"lazy\"><div class=\"vc_gitem-zone-mini\"><\/div><\/div><div class=\"vc_gitem-zone vc_gitem-zone-b vc_custom_1419329305433 vc-gitem-zone-height-mode-auto vc_gitem-is-link\"><a href=\"https:\/\/www.salvatoremolettieri.com\/en\/super-tre-stelle-taurasi-riserva-2010\/\" title=\"Super tre stelle Taurasi riserva 2010\" class=\"vc_gitem-link vc-zone-link\" ><\/a><div class=\"vc_gitem-zone-mini\"><div class=\"vc_gitem_row vc_row vc_gitem-row-position-middle\"><div class=\"vc_col-sm-12 vc_gitem-col vc_gitem-col-align-\"><div class=\"vc_custom_heading vc_gitem-post-data vc_gitem-post-data-source-post_date\" ><div style=\"font-size: 12px;color: #dbdbdb;text-align: center;font-family:Roboto;font-weight:300;font-style:normal\" >6 April 2018<\/div><\/div><div class=\"vc_custom_heading vc_gitem-post-data vc_gitem-post-data-source-post_title\" ><div style=\"font-size: 24px;color: #ffffff;line-height: 1.3;text-align: center;font-family:Roboto;font-weight:400;font-style:normal\" >Super tre stelle Taurasi riserva 2010<\/div><\/div><\/div><\/div><\/div><\/div><\/div><\/div><div class=\"vc_clearfix\"><\/div><\/div><div class=\"vc_grid-item vc_clearfix vc_col-sm-12\"><div class=\"vc_grid-item-mini vc_clearfix\"><div class=\"vc_gitem-animated-block  vc_gitem-animate vc_gitem-animate-scaleRotateIn\"  data-vc-animation=\"scaleRotateIn\"><div class=\"vc_gitem-zone vc_gitem-zone-a vc_gitem-is-link\" style=\"background-image: url('https:\/\/www.salvatoremolettieri.com\/wp-content\/uploads\/2017\/10\/Opera-Wine-2017-thumb.jpg') !important;\"><a href=\"https:\/\/www.salvatoremolettieri.com\/en\/opera-wine-finest-italian-wines-2017\/\" title=\"Opera Wine Finest Italian Wines 2017\" class=\"vc_gitem-link vc-zone-link\" ><\/a><img decoding=\"async\" class=\"vc_gitem-zone-img\" src=\"https:\/\/www.salvatoremolettieri.com\/wp-content\/uploads\/2017\/10\/Opera-Wine-2017-thumb.jpg\" alt=\"Opera Wine Finest Italian Wines 2017\" loading=\"lazy\"><div class=\"vc_gitem-zone-mini\"><\/div><\/div><div class=\"vc_gitem-zone vc_gitem-zone-b vc_custom_1419329305433 vc-gitem-zone-height-mode-auto vc_gitem-is-link\"><a href=\"https:\/\/www.salvatoremolettieri.com\/en\/opera-wine-finest-italian-wines-2017\/\" title=\"Opera Wine Finest Italian Wines 2017\" class=\"vc_gitem-link vc-zone-link\" ><\/a><div class=\"vc_gitem-zone-mini\"><div class=\"vc_gitem_row vc_row vc_gitem-row-position-middle\"><div class=\"vc_col-sm-12 vc_gitem-col vc_gitem-col-align-\"><div class=\"vc_custom_heading vc_gitem-post-data vc_gitem-post-data-source-post_date\" ><div style=\"font-size: 12px;color: #dbdbdb;text-align: center;font-family:Roboto;font-weight:300;font-style:normal\" >1 October 2017<\/div><\/div><div class=\"vc_custom_heading vc_gitem-post-data vc_gitem-post-data-source-post_title\" ><div style=\"font-size: 24px;color: #ffffff;line-height: 1.3;text-align: center;font-family:Roboto;font-weight:400;font-style:normal\" >Opera Wine Finest Italian Wines 2017<\/div><\/div><\/div><\/div><\/div><\/div><\/div><\/div><div class=\"vc_clearfix\"><\/div><\/div><div class=\"vc_grid-item vc_clearfix vc_col-sm-12\"><div class=\"vc_grid-item-mini vc_clearfix\"><div class=\"vc_gitem-animated-block  vc_gitem-animate vc_gitem-animate-scaleRotateIn\"  data-vc-animation=\"scaleRotateIn\"><div class=\"vc_gitem-zone vc_gitem-zone-a vc_gitem-is-link\" style=\"background-image: url('https:\/\/www.salvatoremolettieri.com\/wp-content\/uploads\/2017\/09\/IMG-news-thumb.jpg') !important;\"><a href=\"https:\/\/www.salvatoremolettieri.com\/en\/azienda-vitivinicola-salvatore-molettieri-selezionata-dalla-guida-vini-buoni-ditalia-2018\/\" title=\"Salvatore Molettieri Winery selected by the Guide to Good Wines of Italy 2018\" class=\"vc_gitem-link vc-zone-link\" ><\/a><img decoding=\"async\" class=\"vc_gitem-zone-img\" src=\"https:\/\/www.salvatoremolettieri.com\/wp-content\/uploads\/2017\/09\/IMG-news-thumb.jpg\" alt=\"Azienda Vitivinicola Salvatore Molettieri selezionata dalla guida Vini buoni d'Italia 2018\" loading=\"lazy\"><div class=\"vc_gitem-zone-mini\"><\/div><\/div><div class=\"vc_gitem-zone vc_gitem-zone-b vc_custom_1419329305433 vc-gitem-zone-height-mode-auto vc_gitem-is-link\"><a href=\"https:\/\/www.salvatoremolettieri.com\/en\/azienda-vitivinicola-salvatore-molettieri-selezionata-dalla-guida-vini-buoni-ditalia-2018\/\" title=\"Salvatore Molettieri Winery selected by the Guide to Good Wines of Italy 2018\" class=\"vc_gitem-link vc-zone-link\" ><\/a><div class=\"vc_gitem-zone-mini\"><div class=\"vc_gitem_row vc_row vc_gitem-row-position-middle\"><div class=\"vc_col-sm-12 vc_gitem-col vc_gitem-col-align-\"><div class=\"vc_custom_heading vc_gitem-post-data vc_gitem-post-data-source-post_date\" ><div style=\"font-size: 12px;color: #dbdbdb;text-align: center;font-family:Roboto;font-weight:300;font-style:normal\" >26 September 2017<\/div><\/div><div class=\"vc_custom_heading vc_gitem-post-data vc_gitem-post-data-source-post_title\" ><div style=\"font-size: 24px;color: #ffffff;line-height: 1.3;text-align: center;font-family:Roboto;font-weight:400;font-style:normal\" >Salvatore Molettieri Winery selected by the Guide to Good Italian Wines 2018<\/div><\/div><\/div><\/div><\/div><\/div><\/div><\/div><div class=\"vc_clearfix\"><\/div><\/div><div class=\"vc_grid-item vc_clearfix vc_col-sm-12\"><div class=\"vc_grid-item-mini vc_clearfix\"><div class=\"vc_gitem-animated-block  vc_gitem-animate vc_gitem-animate-scaleRotateIn\"  data-vc-animation=\"scaleRotateIn\"><div class=\"vc_gitem-zone vc_gitem-zone-a vc_gitem-is-link\" style=\"background-image: url('https:\/\/www.salvatoremolettieri.com\/wp-content\/uploads\/2017\/09\/Cartolina-1024x747.jpg') !important;\"><a href=\"https:\/\/www.salvatoremolettieri.com\/en\/a-montemarano-il-salotto-dei-vini-buoni-con-molettieri\/\" title=\"In Montemarano the Salotto dei Vini Buoni with Molettieri\" class=\"vc_gitem-link vc-zone-link\" ><\/a><img decoding=\"async\" class=\"vc_gitem-zone-img\" src=\"https:\/\/www.salvatoremolettieri.com\/wp-content\/uploads\/2017\/09\/Cartolina-1024x747.jpg\" alt=\"A Montemarano il Salotto dei Vini Buoni con Molettieri\" loading=\"lazy\"><div class=\"vc_gitem-zone-mini\"><\/div><\/div><div class=\"vc_gitem-zone vc_gitem-zone-b vc_custom_1419329305433 vc-gitem-zone-height-mode-auto vc_gitem-is-link\"><a href=\"https:\/\/www.salvatoremolettieri.com\/en\/a-montemarano-il-salotto-dei-vini-buoni-con-molettieri\/\" title=\"In Montemarano the Salotto dei Vini Buoni with Molettieri\" class=\"vc_gitem-link vc-zone-link\" ><\/a><div class=\"vc_gitem-zone-mini\"><div class=\"vc_gitem_row vc_row vc_gitem-row-position-middle\"><div class=\"vc_col-sm-12 vc_gitem-col vc_gitem-col-align-\"><div class=\"vc_custom_heading vc_gitem-post-data vc_gitem-post-data-source-post_date\" ><div style=\"font-size: 12px;color: #dbdbdb;text-align: center;font-family:Roboto;font-weight:300;font-style:normal\" >25 September 2017<\/div><\/div><div class=\"vc_custom_heading vc_gitem-post-data vc_gitem-post-data-source-post_title\" ><div style=\"font-size: 24px;color: #ffffff;line-height: 1.3;text-align: center;font-family:Roboto;font-weight:400;font-style:normal\" >In Montemarano the Salotto dei Vini Buoni with Molettieri<\/div><\/div><\/div><\/div><\/div><\/div><\/div><\/div><div class=\"vc_clearfix\"><\/div><\/div><div class=\"vc_grid-item vc_clearfix vc_col-sm-12\"><div class=\"vc_grid-item-mini vc_clearfix\"><div class=\"vc_gitem-animated-block  vc_gitem-animate vc_gitem-animate-scaleRotateIn\"  data-vc-animation=\"scaleRotateIn\"><div class=\"vc_gitem-zone vc_gitem-zone-a vc_gitem-is-link\" style=\"background-image: url('https:\/\/www.salvatoremolettieri.com\/wp-content\/uploads\/2017\/04\/articolo-giornale-mezzogiorno-thumb.jpg') !important;\"><a href=\"https:\/\/www.salvatoremolettieri.com\/en\/salvatore-molettieri-incluso-tra-i-100-great-producers-di-opera-wine\/\" title=\"Salvatore Molettieri incluso tra i 100 Great Producers di Opera Wine\" class=\"vc_gitem-link vc-zone-link\" ><\/a><img decoding=\"async\" class=\"vc_gitem-zone-img\" src=\"https:\/\/www.salvatoremolettieri.com\/wp-content\/uploads\/2017\/04\/articolo-giornale-mezzogiorno-thumb.jpg\" alt=\"Salvatore Molettieri incluso tra i 100 Great Producers di Opera Wine\" loading=\"lazy\"><div class=\"vc_gitem-zone-mini\"><\/div><\/div><div class=\"vc_gitem-zone vc_gitem-zone-b vc_custom_1419329305433 vc-gitem-zone-height-mode-auto vc_gitem-is-link\"><a href=\"https:\/\/www.salvatoremolettieri.com\/en\/salvatore-molettieri-incluso-tra-i-100-great-producers-di-opera-wine\/\" title=\"Salvatore Molettieri incluso tra i 100 Great Producers di Opera Wine\" class=\"vc_gitem-link vc-zone-link\" ><\/a><div class=\"vc_gitem-zone-mini\"><div class=\"vc_gitem_row vc_row vc_gitem-row-position-middle\"><div class=\"vc_col-sm-12 vc_gitem-col vc_gitem-col-align-\"><div class=\"vc_custom_heading vc_gitem-post-data vc_gitem-post-data-source-post_date\" ><div style=\"font-size: 12px;color: #dbdbdb;text-align: center;font-family:Roboto;font-weight:300;font-style:normal\" >6 April 2017<\/div><\/div><div class=\"vc_custom_heading vc_gitem-post-data vc_gitem-post-data-source-post_title\" ><div style=\"font-size: 24px;color: #ffffff;line-height: 1.3;text-align: center;font-family:Roboto;font-weight:400;font-style:normal\" >Salvatore Molettieri incluso tra i 100 Great Producers di Opera Wine<\/div><\/div><\/div><\/div><\/div><\/div><\/div><\/div><div class=\"vc_clearfix\"><\/div><\/div><div class=\"vc_grid-item vc_clearfix vc_col-sm-12\"><div class=\"vc_grid-item-mini vc_clearfix\"><div class=\"vc_gitem-animated-block  vc_gitem-animate vc_gitem-animate-scaleRotateIn\"  data-vc-animation=\"scaleRotateIn\"><div class=\"vc_gitem-zone vc_gitem-zone-a vc_gitem-is-link\" style=\"background-image: url('https:\/\/www.salvatoremolettieri.com\/wp-content\/uploads\/2017\/04\/molettieri-OperaWine-2017.jpg') !important;\"><a href=\"https:\/\/www.salvatoremolettieri.com\/en\/salvatore-molettieri-incluso-tra-i-100-great-producers-di-operawine\/\" title=\"Salvatore Molettieri included among the 100 Great Producers of OperaWine\" class=\"vc_gitem-link vc-zone-link\" ><\/a><img decoding=\"async\" class=\"vc_gitem-zone-img\" src=\"https:\/\/www.salvatoremolettieri.com\/wp-content\/uploads\/2017\/04\/molettieri-OperaWine-2017.jpg\" alt=\"Salvatore Molettieri incluso tra i 100 Great Producers di OperaWine\" loading=\"lazy\"><div class=\"vc_gitem-zone-mini\"><\/div><\/div><div class=\"vc_gitem-zone vc_gitem-zone-b vc_custom_1419329305433 vc-gitem-zone-height-mode-auto vc_gitem-is-link\"><a href=\"https:\/\/www.salvatoremolettieri.com\/en\/salvatore-molettieri-incluso-tra-i-100-great-producers-di-operawine\/\" title=\"Salvatore Molettieri included among the 100 Great Producers of OperaWine\" class=\"vc_gitem-link vc-zone-link\" ><\/a><div class=\"vc_gitem-zone-mini\"><div class=\"vc_gitem_row vc_row vc_gitem-row-position-middle\"><div class=\"vc_col-sm-12 vc_gitem-col vc_gitem-col-align-\"><div class=\"vc_custom_heading vc_gitem-post-data vc_gitem-post-data-source-post_date\" ><div style=\"font-size: 12px;color: #dbdbdb;text-align: center;font-family:Roboto;font-weight:300;font-style:normal\" >3 April 2017<\/div><\/div><div class=\"vc_custom_heading vc_gitem-post-data vc_gitem-post-data-source-post_title\" ><div style=\"font-size: 24px;color: #ffffff;line-height: 1.3;text-align: center;font-family:Roboto;font-weight:400;font-style:normal\" >Salvatore Molettieri included among the 100 Great Producers of OperaWine<\/div><\/div><\/div><\/div><\/div><\/div><\/div><\/div><div class=\"vc_clearfix\"><\/div><\/div><div class=\"vc_grid-item vc_clearfix vc_col-sm-12\"><div class=\"vc_grid-item-mini vc_clearfix\"><div class=\"vc_gitem-animated-block  vc_gitem-animate vc_gitem-animate-scaleRotateIn\"  data-vc-animation=\"scaleRotateIn\"><div class=\"vc_gitem-zone vc_gitem-zone-a vc_gitem-is-link\" style=\"background-image: url('https:\/\/www.salvatoremolettieri.com\/wp-content\/uploads\/2017\/04\/molettieri-Marc-De-Grazia.jpg') !important;\"><a href=\"https:\/\/www.salvatoremolettieri.com\/en\/al-vinitaly-salvatore-molettieri-e-marc-de-grazia-celebrano-ventanni-di-collaborazione\/\" title=\"At Vinitaly Salvatore Molettieri and Marc De Grazia celebrate twenty years of collaboration\" class=\"vc_gitem-link vc-zone-link\" ><\/a><img decoding=\"async\" class=\"vc_gitem-zone-img\" src=\"https:\/\/www.salvatoremolettieri.com\/wp-content\/uploads\/2017\/04\/molettieri-Marc-De-Grazia.jpg\" alt=\"Al Vinitaly Salvatore Molettieri e Marc De Grazia celebrano vent\u2019anni di collaborazione\" loading=\"lazy\"><div class=\"vc_gitem-zone-mini\"><\/div><\/div><div class=\"vc_gitem-zone vc_gitem-zone-b vc_custom_1419329305433 vc-gitem-zone-height-mode-auto vc_gitem-is-link\"><a href=\"https:\/\/www.salvatoremolettieri.com\/en\/al-vinitaly-salvatore-molettieri-e-marc-de-grazia-celebrano-ventanni-di-collaborazione\/\" title=\"At Vinitaly Salvatore Molettieri and Marc De Grazia celebrate twenty years of collaboration\" class=\"vc_gitem-link vc-zone-link\" ><\/a><div class=\"vc_gitem-zone-mini\"><div class=\"vc_gitem_row vc_row vc_gitem-row-position-middle\"><div class=\"vc_col-sm-12 vc_gitem-col vc_gitem-col-align-\"><div class=\"vc_custom_heading vc_gitem-post-data vc_gitem-post-data-source-post_date\" ><div style=\"font-size: 12px;color: #dbdbdb;text-align: center;font-family:Roboto;font-weight:300;font-style:normal\" >3 April 2017<\/div><\/div><div class=\"vc_custom_heading vc_gitem-post-data vc_gitem-post-data-source-post_title\" ><div style=\"font-size: 24px;color: #ffffff;line-height: 1.3;text-align: center;font-family:Roboto;font-weight:400;font-style:normal\" >At Vinitaly Salvatore Molettieri and Marc De Grazia celebrate twenty years of collaboration<\/div><\/div><\/div><\/div><\/div><\/div><\/div><\/div><div class=\"vc_clearfix\"><\/div><\/div><div class=\"vc_grid-item vc_clearfix vc_col-sm-12\"><div class=\"vc_grid-item-mini vc_clearfix\"><div class=\"vc_gitem-animated-block  vc_gitem-animate vc_gitem-animate-scaleRotateIn\"  data-vc-animation=\"scaleRotateIn\"><div class=\"vc_gitem-zone vc_gitem-zone-a vc_gitem-is-link\" style=\"background-image: url('https:\/\/www.salvatoremolettieri.com\/wp-content\/uploads\/2017\/03\/molettieri-VINITALY-2017.jpg') !important;\"><a href=\"https:\/\/www.salvatoremolettieri.com\/en\/salvatore-molettieri-al-vinitaly-2017\/\" title=\"Salvatore Molettieri at Vinitaly 2017\" class=\"vc_gitem-link vc-zone-link\" ><\/a><img decoding=\"async\" class=\"vc_gitem-zone-img\" src=\"https:\/\/www.salvatoremolettieri.com\/wp-content\/uploads\/2017\/03\/molettieri-VINITALY-2017.jpg\" alt=\"Salvatore Molettieri al Vinitaly 2017\" loading=\"lazy\"><div class=\"vc_gitem-zone-mini\"><\/div><\/div><div class=\"vc_gitem-zone vc_gitem-zone-b vc_custom_1419329305433 vc-gitem-zone-height-mode-auto vc_gitem-is-link\"><a href=\"https:\/\/www.salvatoremolettieri.com\/en\/salvatore-molettieri-al-vinitaly-2017\/\" title=\"Salvatore Molettieri at Vinitaly 2017\" class=\"vc_gitem-link vc-zone-link\" ><\/a><div class=\"vc_gitem-zone-mini\"><div class=\"vc_gitem_row vc_row vc_gitem-row-position-middle\"><div class=\"vc_col-sm-12 vc_gitem-col vc_gitem-col-align-\"><div class=\"vc_custom_heading vc_gitem-post-data vc_gitem-post-data-source-post_date\" ><div style=\"font-size: 12px;color: #dbdbdb;text-align: center;font-family:Roboto;font-weight:300;font-style:normal\" >23 March 2017<\/div><\/div><div class=\"vc_custom_heading vc_gitem-post-data vc_gitem-post-data-source-post_title\" ><div style=\"font-size: 24px;color: #ffffff;line-height: 1.3;text-align: center;font-family:Roboto;font-weight:400;font-style:normal\" >Salvatore Molettieri at Vinitaly 2017<\/div><\/div><\/div><\/div><\/div><\/div><\/div><\/div><div class=\"vc_clearfix\"><\/div><\/div><div class=\"vc_grid-item vc_clearfix vc_col-sm-12\"><div class=\"vc_grid-item-mini vc_clearfix\"><div class=\"vc_gitem-animated-block  vc_gitem-animate vc_gitem-animate-scaleRotateIn\"  data-vc-animation=\"scaleRotateIn\"><div class=\"vc_gitem-zone vc_gitem-zone-a vc_gitem-is-link\" style=\"background-image: url('https:\/\/www.salvatoremolettieri.com\/wp-content\/uploads\/2016\/11\/salvatore-molettieri-alla-corte-del-gusto.jpg') !important;\"><a href=\"https:\/\/www.salvatoremolettieri.com\/en\/salvatore-molettieri-alla-3a-edizione-de-alla-corte-del-gusto\/\" title=\"Salvatore Molettieri at the 3\u00aa Edition of &quot;alla Corte del Gusto&quot;\" class=\"vc_gitem-link vc-zone-link\" ><\/a><img decoding=\"async\" class=\"vc_gitem-zone-img\" src=\"https:\/\/www.salvatoremolettieri.com\/wp-content\/uploads\/2016\/11\/salvatore-molettieri-alla-corte-del-gusto.jpg\" alt=\"Salvatore Molettieri alla 3\u00aa Edizione de \"alla corte del gusto\"\" loading=\"lazy\"><div class=\"vc_gitem-zone-mini\"><\/div><\/div><div class=\"vc_gitem-zone vc_gitem-zone-b vc_custom_1419329305433 vc-gitem-zone-height-mode-auto vc_gitem-is-link\"><a href=\"https:\/\/www.salvatoremolettieri.com\/en\/salvatore-molettieri-alla-3a-edizione-de-alla-corte-del-gusto\/\" title=\"Salvatore Molettieri at the 3\u00aa Edition of &quot;alla Corte del Gusto&quot;\" class=\"vc_gitem-link vc-zone-link\" ><\/a><div class=\"vc_gitem-zone-mini\"><div class=\"vc_gitem_row vc_row vc_gitem-row-position-middle\"><div class=\"vc_col-sm-12 vc_gitem-col vc_gitem-col-align-\"><div class=\"vc_custom_heading vc_gitem-post-data vc_gitem-post-data-source-post_date\" ><div style=\"font-size: 12px;color: #dbdbdb;text-align: center;font-family:Roboto;font-weight:300;font-style:normal\" >28 November 2016<\/div><\/div><div class=\"vc_custom_heading vc_gitem-post-data vc_gitem-post-data-source-post_title\" ><div style=\"font-size: 24px;color: #ffffff;line-height: 1.3;text-align: center;font-family:Roboto;font-weight:400;font-style:normal\" >Salvatore Molettieri at the 3\u00aa Edition of \"alla Corte del Gusto\"<\/div><\/div><\/div><\/div><\/div><\/div><\/div><\/div><div class=\"vc_clearfix\"><\/div><\/div><div class=\"vc_grid-item vc_clearfix vc_col-sm-12\"><div class=\"vc_grid-item-mini vc_clearfix\"><div class=\"vc_gitem-animated-block  vc_gitem-animate vc_gitem-animate-scaleRotateIn\"  data-vc-animation=\"scaleRotateIn\"><div class=\"vc_gitem-zone vc_gitem-zone-a vc_gitem-is-link\" style=\"background-image: url('https:\/\/www.salvatoremolettieri.com\/wp-content\/uploads\/2016\/10\/veronelli-super-3-stelle-2017-originale.jpg') !important;\"><a href=\"https:\/\/www.salvatoremolettieri.com\/en\/ancora-un-riconoscimento-per-il-taurasi-di-molettieri\/\" title=\"Another recognition for Molettieri&#039;s Taurasi\" class=\"vc_gitem-link vc-zone-link\" ><\/a><img decoding=\"async\" class=\"vc_gitem-zone-img\" src=\"https:\/\/www.salvatoremolettieri.com\/wp-content\/uploads\/2016\/10\/veronelli-super-3-stelle-2017-originale.jpg\" alt=\"Ancora un riconoscimento per il Taurasi di Molettieri\" loading=\"lazy\"><div class=\"vc_gitem-zone-mini\"><\/div><\/div><div class=\"vc_gitem-zone vc_gitem-zone-b vc_custom_1419329305433 vc-gitem-zone-height-mode-auto vc_gitem-is-link\"><a href=\"https:\/\/www.salvatoremolettieri.com\/en\/ancora-un-riconoscimento-per-il-taurasi-di-molettieri\/\" title=\"Another recognition for Molettieri&#039;s Taurasi\" class=\"vc_gitem-link vc-zone-link\" ><\/a><div class=\"vc_gitem-zone-mini\"><div class=\"vc_gitem_row vc_row vc_gitem-row-position-middle\"><div class=\"vc_col-sm-12 vc_gitem-col vc_gitem-col-align-\"><div class=\"vc_custom_heading vc_gitem-post-data vc_gitem-post-data-source-post_date\" ><div style=\"font-size: 12px;color: #dbdbdb;text-align: center;font-family:Roboto;font-weight:300;font-style:normal\" >10 October 2016<\/div><\/div><div class=\"vc_custom_heading vc_gitem-post-data vc_gitem-post-data-source-post_title\" ><div style=\"font-size: 24px;color: #ffffff;line-height: 1.3;text-align: center;font-family:Roboto;font-weight:400;font-style:normal\" >Another recognition for Molettieri's Taurasi<\/div><\/div><\/div><\/div><\/div><\/div><\/div><\/div><div class=\"vc_clearfix\"><\/div><\/div><div class=\"vc_grid-item vc_clearfix vc_col-sm-12\"><div class=\"vc_grid-item-mini vc_clearfix\"><div class=\"vc_gitem-animated-block  vc_gitem-animate vc_gitem-animate-scaleRotateIn\"  data-vc-animation=\"scaleRotateIn\"><div class=\"vc_gitem-zone vc_gitem-zone-a vc_gitem-is-link\" style=\"background-image: url('https:\/\/www.salvatoremolettieri.com\/wp-content\/uploads\/2016\/10\/Diplomi-2017-_3-Stelle41-thumb.jpg') !important;\"><a href=\"https:\/\/www.salvatoremolettieri.com\/en\/guida-oro-i-vini-di-veronelli-2017-super-tre-stelle-2017-per-il-taurasi-riserva-vigna-cinque-querce-2009\/\" title=\"Guida Oro I Vini di Veronelli 2017 &#8211; Super Tre Stelle 2017 per il Taurasi Riserva Vigna Cinque Querce 2009\" class=\"vc_gitem-link vc-zone-link\" ><\/a><img decoding=\"async\" class=\"vc_gitem-zone-img\" src=\"https:\/\/www.salvatoremolettieri.com\/wp-content\/uploads\/2016\/10\/Diplomi-2017-_3-Stelle41-thumb.jpg\" alt=\"Guida Oro I Vini di Veronelli 2017 - Super Tre Stelle 2017 per il Taurasi Riserva Vigna Cinque Querce 2009\" loading=\"lazy\"><div class=\"vc_gitem-zone-mini\"><\/div><\/div><div class=\"vc_gitem-zone vc_gitem-zone-b vc_custom_1419329305433 vc-gitem-zone-height-mode-auto vc_gitem-is-link\"><a href=\"https:\/\/www.salvatoremolettieri.com\/en\/guida-oro-i-vini-di-veronelli-2017-super-tre-stelle-2017-per-il-taurasi-riserva-vigna-cinque-querce-2009\/\" title=\"Guida Oro I Vini di Veronelli 2017 &#8211; Super Tre Stelle 2017 per il Taurasi Riserva Vigna Cinque Querce 2009\" class=\"vc_gitem-link vc-zone-link\" ><\/a><div class=\"vc_gitem-zone-mini\"><div class=\"vc_gitem_row vc_row vc_gitem-row-position-middle\"><div class=\"vc_col-sm-12 vc_gitem-col vc_gitem-col-align-\"><div class=\"vc_custom_heading vc_gitem-post-data vc_gitem-post-data-source-post_date\" ><div style=\"font-size: 12px;color: #dbdbdb;text-align: center;font-family:Roboto;font-weight:300;font-style:normal\" >1 October 2016<\/div><\/div><div class=\"vc_custom_heading vc_gitem-post-data vc_gitem-post-data-source-post_title\" ><div style=\"font-size: 24px;color: #ffffff;line-height: 1.3;text-align: center;font-family:Roboto;font-weight:400;font-style:normal\" >Guida Oro I Vini di Veronelli 2017 &#8211; Super Tre Stelle 2017 per il Taurasi Riserva Vigna Cinque Querce 2009<\/div><\/div><\/div><\/div><\/div><\/div><\/div><\/div><div class=\"vc_clearfix\"><\/div><\/div><div class=\"vc_grid-item vc_clearfix vc_col-sm-12\"><div class=\"vc_grid-item-mini vc_clearfix\"><div class=\"vc_gitem-animated-block  vc_gitem-animate vc_gitem-animate-scaleRotateIn\"  data-vc-animation=\"scaleRotateIn\"><div class=\"vc_gitem-zone vc_gitem-zone-a vc_gitem-is-link\" style=\"background-image: url('https:\/\/www.salvatoremolettieri.com\/wp-content\/uploads\/2020\/09\/Vinibuoni-dItalia-2017-thumb.jpg') !important;\"><a href=\"https:\/\/www.salvatoremolettieri.com\/en\/i-vinibuoni-ditalia-2017-a-cura-di-mario-busso\/\" title=\"I Vinibuoni d&#8217;Italia 2017 a cura di Mario Busso\" class=\"vc_gitem-link vc-zone-link\" ><\/a><img decoding=\"async\" class=\"vc_gitem-zone-img\" src=\"https:\/\/www.salvatoremolettieri.com\/wp-content\/uploads\/2020\/09\/Vinibuoni-dItalia-2017-thumb.jpg\" alt=\"I Vinibuoni d'Italia 2017 a cura di Mario Busso\" loading=\"lazy\"><div class=\"vc_gitem-zone-mini\"><\/div><\/div><div class=\"vc_gitem-zone vc_gitem-zone-b vc_custom_1419329305433 vc-gitem-zone-height-mode-auto vc_gitem-is-link\"><a href=\"https:\/\/www.salvatoremolettieri.com\/en\/i-vinibuoni-ditalia-2017-a-cura-di-mario-busso\/\" title=\"I Vinibuoni d&#8217;Italia 2017 a cura di Mario Busso\" class=\"vc_gitem-link vc-zone-link\" ><\/a><div class=\"vc_gitem-zone-mini\"><div class=\"vc_gitem_row vc_row vc_gitem-row-position-middle\"><div class=\"vc_col-sm-12 vc_gitem-col vc_gitem-col-align-\"><div class=\"vc_custom_heading vc_gitem-post-data vc_gitem-post-data-source-post_date\" ><div style=\"font-size: 12px;color: #dbdbdb;text-align: center;font-family:Roboto;font-weight:300;font-style:normal\" >8 September 2016<\/div><\/div><div class=\"vc_custom_heading vc_gitem-post-data vc_gitem-post-data-source-post_title\" ><div style=\"font-size: 24px;color: #ffffff;line-height: 1.3;text-align: center;font-family:Roboto;font-weight:400;font-style:normal\" >I Vinibuoni d&#8217;Italia 2017 a cura di Mario Busso<\/div><\/div><\/div><\/div><\/div><\/div><\/div><\/div><div class=\"vc_clearfix\"><\/div><\/div><div class=\"vc_grid-item vc_clearfix vc_col-sm-12\"><div class=\"vc_grid-item-mini vc_clearfix\"><div class=\"vc_gitem-animated-block  vc_gitem-animate vc_gitem-animate-scaleRotateIn\"  data-vc-animation=\"scaleRotateIn\"><div class=\"vc_gitem-zone vc_gitem-zone-a vc_gitem-is-link\" style=\"background-image: url('https:\/\/www.salvatoremolettieri.com\/wp-content\/uploads\/2016\/06\/i-migliori-vini-thomansen-thumb.jpg') !important;\"><a href=\"https:\/\/www.salvatoremolettieri.com\/en\/danien-thomases-i-migliori-vini-ditalia\/\" title=\"Danien Thomases &#8211; I migliori Vini d&#8217;Italia\" class=\"vc_gitem-link vc-zone-link\" ><\/a><img decoding=\"async\" class=\"vc_gitem-zone-img\" src=\"https:\/\/www.salvatoremolettieri.com\/wp-content\/uploads\/2016\/06\/i-migliori-vini-thomansen-thumb.jpg\" alt=\"Danien Thomases - I migliori Vini d'Italia\" loading=\"lazy\"><div class=\"vc_gitem-zone-mini\"><\/div><\/div><div class=\"vc_gitem-zone vc_gitem-zone-b vc_custom_1419329305433 vc-gitem-zone-height-mode-auto vc_gitem-is-link\"><a href=\"https:\/\/www.salvatoremolettieri.com\/en\/danien-thomases-i-migliori-vini-ditalia\/\" title=\"Danien Thomases &#8211; I migliori Vini d&#8217;Italia\" class=\"vc_gitem-link vc-zone-link\" ><\/a><div class=\"vc_gitem-zone-mini\"><div class=\"vc_gitem_row vc_row vc_gitem-row-position-middle\"><div class=\"vc_col-sm-12 vc_gitem-col vc_gitem-col-align-\"><div class=\"vc_custom_heading vc_gitem-post-data vc_gitem-post-data-source-post_date\" ><div style=\"font-size: 12px;color: #dbdbdb;text-align: center;font-family:Roboto;font-weight:300;font-style:normal\" >27 June 2016<\/div><\/div><div class=\"vc_custom_heading vc_gitem-post-data vc_gitem-post-data-source-post_title\" ><div style=\"font-size: 24px;color: #ffffff;line-height: 1.3;text-align: center;font-family:Roboto;font-weight:400;font-style:normal\" >Danien Thomases &#8211; I migliori Vini d&#8217;Italia<\/div><\/div><\/div><\/div><\/div><\/div><\/div><\/div><div class=\"vc_clearfix\"><\/div><\/div><div class=\"vc_grid-item vc_clearfix vc_col-sm-12\"><div class=\"vc_grid-item-mini vc_clearfix\"><div class=\"vc_gitem-animated-block  vc_gitem-animate vc_gitem-animate-scaleRotateIn\"  data-vc-animation=\"scaleRotateIn\"><div class=\"vc_gitem-zone vc_gitem-zone-a vc_gitem-is-link\" style=\"background-image: url('https:\/\/www.salvatoremolettieri.com\/wp-content\/uploads\/2016\/04\/vini-e-cantine-dItalia-2016-thumb.jpg') !important;\"><a href=\"https:\/\/www.salvatoremolettieri.com\/en\/vini-e-cantine-ditalia-2016\/\" title=\"Vini e Cantine d&#8217;Italia &#8211; 2016\" class=\"vc_gitem-link vc-zone-link\" ><\/a><img decoding=\"async\" class=\"vc_gitem-zone-img\" src=\"https:\/\/www.salvatoremolettieri.com\/wp-content\/uploads\/2016\/04\/vini-e-cantine-dItalia-2016-thumb.jpg\" alt=\"Vini e Cantine d'Italia - 2016\" loading=\"lazy\"><div class=\"vc_gitem-zone-mini\"><\/div><\/div><div class=\"vc_gitem-zone vc_gitem-zone-b vc_custom_1419329305433 vc-gitem-zone-height-mode-auto vc_gitem-is-link\"><a href=\"https:\/\/www.salvatoremolettieri.com\/en\/vini-e-cantine-ditalia-2016\/\" title=\"Vini e Cantine d&#8217;Italia &#8211; 2016\" class=\"vc_gitem-link vc-zone-link\" ><\/a><div class=\"vc_gitem-zone-mini\"><div class=\"vc_gitem_row vc_row vc_gitem-row-position-middle\"><div class=\"vc_col-sm-12 vc_gitem-col vc_gitem-col-align-\"><div class=\"vc_custom_heading vc_gitem-post-data vc_gitem-post-data-source-post_date\" ><div style=\"font-size: 12px;color: #dbdbdb;text-align: center;font-family:Roboto;font-weight:300;font-style:normal\" >10 April 2016<\/div><\/div><div class=\"vc_custom_heading vc_gitem-post-data vc_gitem-post-data-source-post_title\" ><div style=\"font-size: 24px;color: #ffffff;line-height: 1.3;text-align: center;font-family:Roboto;font-weight:400;font-style:normal\" >Vini e Cantine d&#8217;Italia &#8211; 2016<\/div><\/div><\/div><\/div><\/div><\/div><\/div><\/div><div class=\"vc_clearfix\"><\/div><\/div><div class=\"vc_grid-item vc_clearfix vc_col-sm-12\"><div class=\"vc_grid-item-mini vc_clearfix\"><div class=\"vc_gitem-animated-block  vc_gitem-animate vc_gitem-animate-scaleRotateIn\"  data-vc-animation=\"scaleRotateIn\"><div class=\"vc_gitem-zone vc_gitem-zone-a vc_gitem-is-link\" style=\"background-image: url('https:\/\/www.salvatoremolettieri.com\/wp-content\/uploads\/2016\/03\/molettieri-VINITALY-23016.jpg') !important;\"><a href=\"https:\/\/www.salvatoremolettieri.com\/en\/salvatore-molettieri-al-vinitaly-2016\/\" title=\"Salvatore Molettieri at Vinitaly 2016\" class=\"vc_gitem-link vc-zone-link\" ><\/a><img decoding=\"async\" class=\"vc_gitem-zone-img\" src=\"https:\/\/www.salvatoremolettieri.com\/wp-content\/uploads\/2016\/03\/molettieri-VINITALY-23016.jpg\" alt=\"Salvatore Molettieri al Vinitaly 2016\" loading=\"lazy\"><div class=\"vc_gitem-zone-mini\"><\/div><\/div><div class=\"vc_gitem-zone vc_gitem-zone-b vc_custom_1419329305433 vc-gitem-zone-height-mode-auto vc_gitem-is-link\"><a href=\"https:\/\/www.salvatoremolettieri.com\/en\/salvatore-molettieri-al-vinitaly-2016\/\" title=\"Salvatore Molettieri at Vinitaly 2016\" class=\"vc_gitem-link vc-zone-link\" ><\/a><div class=\"vc_gitem-zone-mini\"><div class=\"vc_gitem_row vc_row vc_gitem-row-position-middle\"><div class=\"vc_col-sm-12 vc_gitem-col vc_gitem-col-align-\"><div class=\"vc_custom_heading vc_gitem-post-data vc_gitem-post-data-source-post_date\" ><div style=\"font-size: 12px;color: #dbdbdb;text-align: center;font-family:Roboto;font-weight:300;font-style:normal\" >14 March 2016<\/div><\/div><div class=\"vc_custom_heading vc_gitem-post-data vc_gitem-post-data-source-post_title\" ><div style=\"font-size: 24px;color: #ffffff;line-height: 1.3;text-align: center;font-family:Roboto;font-weight:400;font-style:normal\" >Salvatore Molettieri at Vinitaly 2016<\/div><\/div><\/div><\/div><\/div><\/div><\/div><\/div><div class=\"vc_clearfix\"><\/div><\/div><div class=\"vc_grid-item vc_clearfix vc_col-sm-12\"><div class=\"vc_grid-item-mini vc_clearfix\"><div class=\"vc_gitem-animated-block  vc_gitem-animate vc_gitem-animate-scaleRotateIn\"  data-vc-animation=\"scaleRotateIn\"><div class=\"vc_gitem-zone vc_gitem-zone-a vc_gitem-is-link\" style=\"background-image: url('https:\/\/www.salvatoremolettieri.com\/wp-content\/uploads\/2015\/11\/IMG-news-new-york-times-thumb.jpg') !important;\"><a href=\"https:\/\/www.salvatoremolettieri.com\/en\/il-new-york-times-per-salvatore-molettieri\/\" title=\"The New York Times for Salvatore Molettieri\" class=\"vc_gitem-link vc-zone-link\" ><\/a><img decoding=\"async\" class=\"vc_gitem-zone-img\" src=\"https:\/\/www.salvatoremolettieri.com\/wp-content\/uploads\/2015\/11\/IMG-news-new-york-times-thumb.jpg\" alt=\"Il New York Times per Salvatore Molettieri\" loading=\"lazy\"><div class=\"vc_gitem-zone-mini\"><\/div><\/div><div class=\"vc_gitem-zone vc_gitem-zone-b vc_custom_1419329305433 vc-gitem-zone-height-mode-auto vc_gitem-is-link\"><a href=\"https:\/\/www.salvatoremolettieri.com\/en\/il-new-york-times-per-salvatore-molettieri\/\" title=\"The New York Times for Salvatore Molettieri\" class=\"vc_gitem-link vc-zone-link\" ><\/a><div class=\"vc_gitem-zone-mini\"><div class=\"vc_gitem_row vc_row vc_gitem-row-position-middle\"><div class=\"vc_col-sm-12 vc_gitem-col vc_gitem-col-align-\"><div class=\"vc_custom_heading vc_gitem-post-data vc_gitem-post-data-source-post_date\" ><div style=\"font-size: 12px;color: #dbdbdb;text-align: center;font-family:Roboto;font-weight:300;font-style:normal\" >12 November 2015<\/div><\/div><div class=\"vc_custom_heading vc_gitem-post-data vc_gitem-post-data-source-post_title\" ><div style=\"font-size: 24px;color: #ffffff;line-height: 1.3;text-align: center;font-family:Roboto;font-weight:400;font-style:normal\" >The New York Times for Salvatore Molettieri<\/div><\/div><\/div><\/div><\/div><\/div><\/div><\/div><div class=\"vc_clearfix\"><\/div><\/div><div class=\"vc_grid-item vc_clearfix vc_col-sm-12\"><div class=\"vc_grid-item-mini vc_clearfix\"><div class=\"vc_gitem-animated-block  vc_gitem-animate vc_gitem-animate-scaleRotateIn\"  data-vc-animation=\"scaleRotateIn\"><div class=\"vc_gitem-zone vc_gitem-zone-a vc_gitem-is-link\" style=\"background-image: url('https:\/\/www.salvatoremolettieri.com\/wp-content\/uploads\/2016\/10\/Diplomi-2016-_3-Stelle_Molettieri-Salvatore_Taurasi-Riserva-Vigna-Cinque-Querce-thumb-1.jpg') !important;\"><a href=\"https:\/\/www.salvatoremolettieri.com\/en\/guida-oro-i-vini-di-veronelli-2016-super-tre-stelle-2016-per-il-taurasi-riserva-vigna-cinque-querce-2008\/\" title=\"Guida Oro I Vini di Veronelli 2016 &#8211; Super Tre Stelle 2016 per il Taurasi Riserva Vigna Cinque Querce 2008\" class=\"vc_gitem-link vc-zone-link\" ><\/a><img decoding=\"async\" class=\"vc_gitem-zone-img\" src=\"https:\/\/www.salvatoremolettieri.com\/wp-content\/uploads\/2016\/10\/Diplomi-2016-_3-Stelle_Molettieri-Salvatore_Taurasi-Riserva-Vigna-Cinque-Querce-thumb-1.jpg\" alt=\"Guida Oro I Vini di Veronelli 2016 - Super Tre Stelle 2016 per il Taurasi Riserva Vigna Cinque Querce 2008\" loading=\"lazy\"><div class=\"vc_gitem-zone-mini\"><\/div><\/div><div class=\"vc_gitem-zone vc_gitem-zone-b vc_custom_1419329305433 vc-gitem-zone-height-mode-auto vc_gitem-is-link\"><a href=\"https:\/\/www.salvatoremolettieri.com\/en\/guida-oro-i-vini-di-veronelli-2016-super-tre-stelle-2016-per-il-taurasi-riserva-vigna-cinque-querce-2008\/\" title=\"Guida Oro I Vini di Veronelli 2016 &#8211; Super Tre Stelle 2016 per il Taurasi Riserva Vigna Cinque Querce 2008\" class=\"vc_gitem-link vc-zone-link\" ><\/a><div class=\"vc_gitem-zone-mini\"><div class=\"vc_gitem_row vc_row vc_gitem-row-position-middle\"><div class=\"vc_col-sm-12 vc_gitem-col vc_gitem-col-align-\"><div class=\"vc_custom_heading vc_gitem-post-data vc_gitem-post-data-source-post_date\" ><div style=\"font-size: 12px;color: #dbdbdb;text-align: center;font-family:Roboto;font-weight:300;font-style:normal\" >2 October 2015<\/div><\/div><div class=\"vc_custom_heading vc_gitem-post-data vc_gitem-post-data-source-post_title\" ><div style=\"font-size: 24px;color: #ffffff;line-height: 1.3;text-align: center;font-family:Roboto;font-weight:400;font-style:normal\" >Guida Oro I Vini di Veronelli 2016 &#8211; Super Tre Stelle 2016 per il Taurasi Riserva Vigna Cinque Querce 2008<\/div><\/div><\/div><\/div><\/div><\/div><\/div><\/div><div class=\"vc_clearfix\"><\/div><\/div><div class=\"vc_grid-item vc_clearfix vc_col-sm-12\"><div class=\"vc_grid-item-mini vc_clearfix\"><div class=\"vc_gitem-animated-block  vc_gitem-animate vc_gitem-animate-scaleRotateIn\"  data-vc-animation=\"scaleRotateIn\"><div class=\"vc_gitem-zone vc_gitem-zone-a vc_gitem-is-link\" style=\"background-image: url('https:\/\/www.salvatoremolettieri.com\/wp-content\/uploads\/2015\/09\/eRobertParker.com-molettierivinousita-1.-1_Pagina_1-thumb.jpg') !important;\"><a href=\"https:\/\/www.salvatoremolettieri.com\/en\/erobertparker-com-taurasi-vigna-cinque-querce-2009-aglianico-vigna-cinque-querce-campi-taurasini-irpinia-2011\/\" title=\"eRobertParker.com &#8211; Taurasi Vigna Cinque Querce 2009 &#8211; Aglianico Vigna Cinque Querce (Campi Taurasini Irpinia) 2011\" class=\"vc_gitem-link vc-zone-link\" ><\/a><img decoding=\"async\" class=\"vc_gitem-zone-img\" src=\"https:\/\/www.salvatoremolettieri.com\/wp-content\/uploads\/2015\/09\/eRobertParker.com-molettierivinousita-1.-1_Pagina_1-thumb.jpg\" alt=\"eRobertParker.com - Taurasi Vigna Cinque Querce 2009 - Aglianico Vigna Cinque Querce (Campi Taurasini Irpinia) 2011\" loading=\"lazy\"><div class=\"vc_gitem-zone-mini\"><\/div><\/div><div class=\"vc_gitem-zone vc_gitem-zone-b vc_custom_1419329305433 vc-gitem-zone-height-mode-auto vc_gitem-is-link\"><a href=\"https:\/\/www.salvatoremolettieri.com\/en\/erobertparker-com-taurasi-vigna-cinque-querce-2009-aglianico-vigna-cinque-querce-campi-taurasini-irpinia-2011\/\" title=\"eRobertParker.com &#8211; Taurasi Vigna Cinque Querce 2009 &#8211; Aglianico Vigna Cinque Querce (Campi Taurasini Irpinia) 2011\" class=\"vc_gitem-link vc-zone-link\" ><\/a><div class=\"vc_gitem-zone-mini\"><div class=\"vc_gitem_row vc_row vc_gitem-row-position-middle\"><div class=\"vc_col-sm-12 vc_gitem-col vc_gitem-col-align-\"><div class=\"vc_custom_heading vc_gitem-post-data vc_gitem-post-data-source-post_date\" ><div style=\"font-size: 12px;color: #dbdbdb;text-align: center;font-family:Roboto;font-weight:300;font-style:normal\" >2 September 2015<\/div><\/div><div class=\"vc_custom_heading vc_gitem-post-data vc_gitem-post-data-source-post_title\" ><div style=\"font-size: 24px;color: #ffffff;line-height: 1.3;text-align: center;font-family:Roboto;font-weight:400;font-style:normal\" >eRobertParker.com &#8211; Taurasi Vigna Cinque Querce 2009 &#8211; Aglianico Vigna Cinque Querce (Campi Taurasini Irpinia) 2011<\/div><\/div><\/div><\/div><\/div><\/div><\/div><\/div><div class=\"vc_clearfix\"><\/div><\/div><div class=\"vc_grid-item vc_clearfix vc_col-sm-12\"><div class=\"vc_grid-item-mini vc_clearfix\"><div class=\"vc_gitem-animated-block  vc_gitem-animate vc_gitem-animate-scaleRotateIn\"  data-vc-animation=\"scaleRotateIn\"><div class=\"vc_gitem-zone vc_gitem-zone-a vc_gitem-is-link\" style=\"background-image: url('https:\/\/www.salvatoremolettieri.com\/wp-content\/uploads\/2015\/07\/eRobertParker.com-molettierivinousita-1.-1_Pagina_2-thumb.jpg') !important;\"><a href=\"https:\/\/www.salvatoremolettieri.com\/en\/erobertparker-com-taurasi-riserva-vigna-5-querce-2008\/\" title=\"eRobertParker.com &#8211; Taurasi Riserva Vigna 5 Querce 2008\" class=\"vc_gitem-link vc-zone-link\" ><\/a><img decoding=\"async\" class=\"vc_gitem-zone-img\" src=\"https:\/\/www.salvatoremolettieri.com\/wp-content\/uploads\/2015\/07\/eRobertParker.com-molettierivinousita-1.-1_Pagina_2-thumb.jpg\" alt=\"eRobertParker.com - Taurasi Riserva Vigna 5 Querce 2008\" loading=\"lazy\"><div class=\"vc_gitem-zone-mini\"><\/div><\/div><div class=\"vc_gitem-zone vc_gitem-zone-b vc_custom_1419329305433 vc-gitem-zone-height-mode-auto vc_gitem-is-link\"><a href=\"https:\/\/www.salvatoremolettieri.com\/en\/erobertparker-com-taurasi-riserva-vigna-5-querce-2008\/\" title=\"eRobertParker.com &#8211; Taurasi Riserva Vigna 5 Querce 2008\" class=\"vc_gitem-link vc-zone-link\" ><\/a><div class=\"vc_gitem-zone-mini\"><div class=\"vc_gitem_row vc_row vc_gitem-row-position-middle\"><div class=\"vc_col-sm-12 vc_gitem-col vc_gitem-col-align-\"><div class=\"vc_custom_heading vc_gitem-post-data vc_gitem-post-data-source-post_date\" ><div style=\"font-size: 12px;color: #dbdbdb;text-align: center;font-family:Roboto;font-weight:300;font-style:normal\" >2 July 2015<\/div><\/div><div class=\"vc_custom_heading vc_gitem-post-data vc_gitem-post-data-source-post_title\" ><div style=\"font-size: 24px;color: #ffffff;line-height: 1.3;text-align: center;font-family:Roboto;font-weight:400;font-style:normal\" >eRobertParker.com &#8211; Taurasi Riserva Vigna 5 Querce 2008<\/div><\/div><\/div><\/div><\/div><\/div><\/div><\/div><div class=\"vc_clearfix\"><\/div><\/div><div class=\"vc_grid-item vc_clearfix vc_col-sm-12\"><div class=\"vc_grid-item-mini vc_clearfix\"><div class=\"vc_gitem-animated-block  vc_gitem-animate vc_gitem-animate-scaleRotateIn\"  data-vc-animation=\"scaleRotateIn\"><div class=\"vc_gitem-zone vc_gitem-zone-a vc_gitem-is-link\" style=\"background-image: url('https:\/\/www.salvatoremolettieri.com\/wp-content\/uploads\/2014\/05\/Weinovino_Award_2014-thumb.jpg') !important;\"><a href=\"https:\/\/www.salvatoremolettieri.com\/en\/weinovino-award-2014-salvatore-molettieri-irpinia-rosso-doc-ischa-piana-2007\/\" title=\"Weinovino Award 2014: Salvatore Molettieri Irpinia Rosso DOC Ischa Piana 2007\" class=\"vc_gitem-link vc-zone-link\" ><\/a><img decoding=\"async\" class=\"vc_gitem-zone-img\" src=\"https:\/\/www.salvatoremolettieri.com\/wp-content\/uploads\/2014\/05\/Weinovino_Award_2014-thumb.jpg\" alt=\"Weinovino Award 2014: Salvatore Molettieri Irpinia Rosso DOC Ischa Piana 2007\" loading=\"lazy\"><div class=\"vc_gitem-zone-mini\"><\/div><\/div><div class=\"vc_gitem-zone vc_gitem-zone-b vc_custom_1419329305433 vc-gitem-zone-height-mode-auto vc_gitem-is-link\"><a href=\"https:\/\/www.salvatoremolettieri.com\/en\/weinovino-award-2014-salvatore-molettieri-irpinia-rosso-doc-ischa-piana-2007\/\" title=\"Weinovino Award 2014: Salvatore Molettieri Irpinia Rosso DOC Ischa Piana 2007\" class=\"vc_gitem-link vc-zone-link\" ><\/a><div class=\"vc_gitem-zone-mini\"><div class=\"vc_gitem_row vc_row vc_gitem-row-position-middle\"><div class=\"vc_col-sm-12 vc_gitem-col vc_gitem-col-align-\"><div class=\"vc_custom_heading vc_gitem-post-data vc_gitem-post-data-source-post_date\" ><div style=\"font-size: 12px;color: #dbdbdb;text-align: center;font-family:Roboto;font-weight:300;font-style:normal\" >13 May 2014<\/div><\/div><div class=\"vc_custom_heading vc_gitem-post-data vc_gitem-post-data-source-post_title\" ><div style=\"font-size: 24px;color: #ffffff;line-height: 1.3;text-align: center;font-family:Roboto;font-weight:400;font-style:normal\" >Weinovino Award 2014: Salvatore Molettieri Irpinia Rosso DOC Ischa Piana 2007<\/div><\/div><\/div><\/div><\/div><\/div><\/div><\/div><div class=\"vc_clearfix\"><\/div><\/div><div class=\"vc_grid-item vc_clearfix vc_col-sm-12\"><div class=\"vc_grid-item-mini vc_clearfix\"><div class=\"vc_gitem-animated-block  vc_gitem-animate vc_gitem-animate-scaleRotateIn\"  data-vc-animation=\"scaleRotateIn\"><div class=\"vc_gitem-zone vc_gitem-zone-a vc_gitem-is-link\" style=\"background-image: url('https:\/\/www.salvatoremolettieri.com\/wp-content\/uploads\/2014\/05\/Diploma-Taurasi-Riserva-Vigna-Cinque-Querce-2007-thumb.jpg') !important;\"><a href=\"https:\/\/www.salvatoremolettieri.com\/en\/i-vini-di-veronelli-3-stelle-a-taurasi-riserva-docg-vigna-cinque-querce-2007\/\" title=\"I Vini di Veronelli: 3 Stelle a Taurasi Riserva DOCG &#8220;Vigna Cinque Querce&#8221; 2007\" class=\"vc_gitem-link vc-zone-link\" ><\/a><img decoding=\"async\" class=\"vc_gitem-zone-img\" src=\"https:\/\/www.salvatoremolettieri.com\/wp-content\/uploads\/2014\/05\/Diploma-Taurasi-Riserva-Vigna-Cinque-Querce-2007-thumb.jpg\" alt=\"I Vini di Veronelli: 3 Stelle a Taurasi Riserva DOCG \"vigna cinque querce\" 2007\" loading=\"lazy\"><div class=\"vc_gitem-zone-mini\"><\/div><\/div><div class=\"vc_gitem-zone vc_gitem-zone-b vc_custom_1419329305433 vc-gitem-zone-height-mode-auto vc_gitem-is-link\"><a href=\"https:\/\/www.salvatoremolettieri.com\/en\/i-vini-di-veronelli-3-stelle-a-taurasi-riserva-docg-vigna-cinque-querce-2007\/\" title=\"I Vini di Veronelli: 3 Stelle a Taurasi Riserva DOCG &#8220;Vigna Cinque Querce&#8221; 2007\" class=\"vc_gitem-link vc-zone-link\" ><\/a><div class=\"vc_gitem-zone-mini\"><div class=\"vc_gitem_row vc_row vc_gitem-row-position-middle\"><div class=\"vc_col-sm-12 vc_gitem-col vc_gitem-col-align-\"><div class=\"vc_custom_heading vc_gitem-post-data vc_gitem-post-data-source-post_date\" ><div style=\"font-size: 12px;color: #dbdbdb;text-align: center;font-family:Roboto;font-weight:300;font-style:normal\" >13 May 2014<\/div><\/div><div class=\"vc_custom_heading vc_gitem-post-data vc_gitem-post-data-source-post_title\" ><div style=\"font-size: 24px;color: #ffffff;line-height: 1.3;text-align: center;font-family:Roboto;font-weight:400;font-style:normal\" >I Vini di Veronelli: 3 Stelle a Taurasi Riserva DOCG &#8220;Vigna Cinque Querce&#8221; 2007<\/div><\/div><\/div><\/div><\/div><\/div><\/div><\/div><div class=\"vc_clearfix\"><\/div><\/div><div class=\"vc_grid-item vc_clearfix vc_col-sm-12\"><div class=\"vc_grid-item-mini vc_clearfix\"><div class=\"vc_gitem-animated-block  vc_gitem-animate vc_gitem-animate-scaleRotateIn\"  data-vc-animation=\"scaleRotateIn\"><div class=\"vc_gitem-zone vc_gitem-zone-a vc_gitem-is-link\" style=\"background-image: url('https:\/\/www.salvatoremolettieri.com\/wp-content\/uploads\/2020\/09\/Diploma-Taurasi-Vigna-Cinque-Querce-2008-thumb.jpg') !important;\"><a href=\"https:\/\/www.salvatoremolettieri.com\/en\/i-vini-di-veronelli-3-stelle-a-taurasi-docg-vigna-cinque-querce-2008\/\" title=\"I Vini di Veronelli: 3 Stelle a Taurasi DOCG &#8220;Vigna Cinque Querce&#8221; 2008\" class=\"vc_gitem-link vc-zone-link\" ><\/a><img decoding=\"async\" class=\"vc_gitem-zone-img\" src=\"https:\/\/www.salvatoremolettieri.com\/wp-content\/uploads\/2020\/09\/Diploma-Taurasi-Vigna-Cinque-Querce-2008-thumb.jpg\" alt=\"I Vini di Veronelli: 3 Stelle a Taurasi DOCG \"vigna cinque querce\" 2008\" loading=\"lazy\"><div class=\"vc_gitem-zone-mini\"><\/div><\/div><div class=\"vc_gitem-zone vc_gitem-zone-b vc_custom_1419329305433 vc-gitem-zone-height-mode-auto vc_gitem-is-link\"><a href=\"https:\/\/www.salvatoremolettieri.com\/en\/i-vini-di-veronelli-3-stelle-a-taurasi-docg-vigna-cinque-querce-2008\/\" title=\"I Vini di Veronelli: 3 Stelle a Taurasi DOCG &#8220;Vigna Cinque Querce&#8221; 2008\" class=\"vc_gitem-link vc-zone-link\" ><\/a><div class=\"vc_gitem-zone-mini\"><div class=\"vc_gitem_row vc_row vc_gitem-row-position-middle\"><div class=\"vc_col-sm-12 vc_gitem-col vc_gitem-col-align-\"><div class=\"vc_custom_heading vc_gitem-post-data vc_gitem-post-data-source-post_date\" ><div style=\"font-size: 12px;color: #dbdbdb;text-align: center;font-family:Roboto;font-weight:300;font-style:normal\" >13 May 2014<\/div><\/div><div class=\"vc_custom_heading vc_gitem-post-data vc_gitem-post-data-source-post_title\" ><div style=\"font-size: 24px;color: #ffffff;line-height: 1.3;text-align: center;font-family:Roboto;font-weight:400;font-style:normal\" >I Vini di Veronelli: 3 Stelle a Taurasi DOCG &#8220;Vigna Cinque Querce&#8221; 2008<\/div><\/div><\/div><\/div><\/div><\/div><\/div><\/div><div class=\"vc_clearfix\"><\/div><\/div><div class=\"vc_grid-item vc_clearfix vc_col-sm-12\"><div class=\"vc_grid-item-mini vc_clearfix\"><div class=\"vc_gitem-animated-block  vc_gitem-animate vc_gitem-animate-scaleRotateIn\"  data-vc-animation=\"scaleRotateIn\"><div class=\"vc_gitem-zone vc_gitem-zone-a vc_gitem-is-link\" style=\"background-image: url('https:\/\/www.salvatoremolettieri.com\/wp-content\/uploads\/2014\/05\/Concours_Mondial_Bruxelles_2014_thumb.jpg') !important;\"><a href=\"https:\/\/www.salvatoremolettieri.com\/en\/concours-mondial-bruxelles-2014-medaglia-dargento-a-taurasi-riserva-vigna-cinque-querce-2006\/\" title=\"Concours Mondial Bruxelles 2014: Medaglia d&#8217;Argento a Taurasi Riserva Vigna Cinque Querce 2006\" class=\"vc_gitem-link vc-zone-link\" ><\/a><img decoding=\"async\" class=\"vc_gitem-zone-img\" src=\"https:\/\/www.salvatoremolettieri.com\/wp-content\/uploads\/2014\/05\/Concours_Mondial_Bruxelles_2014_thumb.jpg\" alt=\"Concours Mondial Bruxelles 2014: Medaglia d'Argento a Taurasi Riserva Vigna Cinque Querce 2006\" loading=\"lazy\"><div class=\"vc_gitem-zone-mini\"><\/div><\/div><div class=\"vc_gitem-zone vc_gitem-zone-b vc_custom_1419329305433 vc-gitem-zone-height-mode-auto vc_gitem-is-link\"><a href=\"https:\/\/www.salvatoremolettieri.com\/en\/concours-mondial-bruxelles-2014-medaglia-dargento-a-taurasi-riserva-vigna-cinque-querce-2006\/\" title=\"Concours Mondial Bruxelles 2014: Medaglia d&#8217;Argento a Taurasi Riserva Vigna Cinque Querce 2006\" class=\"vc_gitem-link vc-zone-link\" ><\/a><div class=\"vc_gitem-zone-mini\"><div class=\"vc_gitem_row vc_row vc_gitem-row-position-middle\"><div class=\"vc_col-sm-12 vc_gitem-col vc_gitem-col-align-\"><div class=\"vc_custom_heading vc_gitem-post-data vc_gitem-post-data-source-post_date\" ><div style=\"font-size: 12px;color: #dbdbdb;text-align: center;font-family:Roboto;font-weight:300;font-style:normal\" >13 May 2014<\/div><\/div><div class=\"vc_custom_heading vc_gitem-post-data vc_gitem-post-data-source-post_title\" ><div style=\"font-size: 24px;color: #ffffff;line-height: 1.3;text-align: center;font-family:Roboto;font-weight:400;font-style:normal\" >Concours Mondial Bruxelles 2014: Medaglia d&#8217;Argento a Taurasi Riserva Vigna Cinque Querce 2006<\/div><\/div><\/div><\/div><\/div><\/div><\/div><\/div><div class=\"vc_clearfix\"><\/div><\/div><div class=\"vc_grid-item vc_clearfix vc_col-sm-12\"><div class=\"vc_grid-item-mini vc_clearfix\"><div class=\"vc_gitem-animated-block  vc_gitem-animate vc_gitem-animate-scaleRotateIn\"  data-vc-animation=\"scaleRotateIn\"><div class=\"vc_gitem-zone vc_gitem-zone-a vc_gitem-is-link\" style=\"background-image: url('https:\/\/www.salvatoremolettieri.com\/wp-content\/uploads\/2013\/05\/2013-I-vini-di-Veronelli-Taurasi-2008-thumb.jpg') !important;\"><a href=\"https:\/\/www.salvatoremolettieri.com\/en\/i-vini-di-veronelli-trifoglio-come-nuovo-vino-a-taurasi-docg-renonno-2008\/\" title=\"I Vini di Veronelli: Trifoglio come nuovo vino a Taurasi DOCG Renonno 2008\" class=\"vc_gitem-link vc-zone-link\" ><\/a><img decoding=\"async\" class=\"vc_gitem-zone-img\" src=\"https:\/\/www.salvatoremolettieri.com\/wp-content\/uploads\/2013\/05\/2013-I-vini-di-Veronelli-Taurasi-2008-thumb.jpg\" alt=\"I Vini di Veronelli: Trifoglio come nuovo vino a Taurasi DOCG Renonno 2008\" loading=\"lazy\"><div class=\"vc_gitem-zone-mini\"><\/div><\/div><div class=\"vc_gitem-zone vc_gitem-zone-b vc_custom_1419329305433 vc-gitem-zone-height-mode-auto vc_gitem-is-link\"><a href=\"https:\/\/www.salvatoremolettieri.com\/en\/i-vini-di-veronelli-trifoglio-come-nuovo-vino-a-taurasi-docg-renonno-2008\/\" title=\"I Vini di Veronelli: Trifoglio come nuovo vino a Taurasi DOCG Renonno 2008\" class=\"vc_gitem-link vc-zone-link\" ><\/a><div class=\"vc_gitem-zone-mini\"><div class=\"vc_gitem_row vc_row vc_gitem-row-position-middle\"><div class=\"vc_col-sm-12 vc_gitem-col vc_gitem-col-align-\"><div class=\"vc_custom_heading vc_gitem-post-data vc_gitem-post-data-source-post_date\" ><div style=\"font-size: 12px;color: #dbdbdb;text-align: center;font-family:Roboto;font-weight:300;font-style:normal\" >13 May 2013<\/div><\/div><div class=\"vc_custom_heading vc_gitem-post-data vc_gitem-post-data-source-post_title\" ><div style=\"font-size: 24px;color: #ffffff;line-height: 1.3;text-align: center;font-family:Roboto;font-weight:400;font-style:normal\" >I Vini di Veronelli: Trifoglio come nuovo vino a Taurasi DOCG Renonno 2008<\/div><\/div><\/div><\/div><\/div><\/div><\/div><\/div><div class=\"vc_clearfix\"><\/div><\/div><div class=\"vc_grid-item vc_clearfix vc_col-sm-12\"><div class=\"vc_grid-item-mini vc_clearfix\"><div class=\"vc_gitem-animated-block  vc_gitem-animate vc_gitem-animate-scaleRotateIn\"  data-vc-animation=\"scaleRotateIn\"><div class=\"vc_gitem-zone vc_gitem-zone-a vc_gitem-is-link\" style=\"background-image: url('https:\/\/www.salvatoremolettieri.com\/wp-content\/uploads\/2013\/05\/2013-I-vini-di-Veronelli-Taurasi-2007-thumb.jpg') !important;\"><a href=\"https:\/\/www.salvatoremolettieri.com\/en\/i-vini-di-veronelli-3-stelle-a-taurasi-docg-vigna-cinque-querce-2007\/\" title=\"I Vini di Veronelli: 3 Stelle a Taurasi DOCG &#8220;Vigna Cinque Querce&#8221; 2007\" class=\"vc_gitem-link vc-zone-link\" ><\/a><img decoding=\"async\" class=\"vc_gitem-zone-img\" src=\"https:\/\/www.salvatoremolettieri.com\/wp-content\/uploads\/2013\/05\/2013-I-vini-di-Veronelli-Taurasi-2007-thumb.jpg\" alt=\"I Vini di Veronelli: 3 Stelle a Taurasi DOCG \"vigna cinque querce\" 2007\" loading=\"lazy\"><div class=\"vc_gitem-zone-mini\"><\/div><\/div><div class=\"vc_gitem-zone vc_gitem-zone-b vc_custom_1419329305433 vc-gitem-zone-height-mode-auto vc_gitem-is-link\"><a href=\"https:\/\/www.salvatoremolettieri.com\/en\/i-vini-di-veronelli-3-stelle-a-taurasi-docg-vigna-cinque-querce-2007\/\" title=\"I Vini di Veronelli: 3 Stelle a Taurasi DOCG &#8220;Vigna Cinque Querce&#8221; 2007\" class=\"vc_gitem-link vc-zone-link\" ><\/a><div class=\"vc_gitem-zone-mini\"><div class=\"vc_gitem_row vc_row vc_gitem-row-position-middle\"><div class=\"vc_col-sm-12 vc_gitem-col vc_gitem-col-align-\"><div class=\"vc_custom_heading vc_gitem-post-data vc_gitem-post-data-source-post_date\" ><div style=\"font-size: 12px;color: #dbdbdb;text-align: center;font-family:Roboto;font-weight:300;font-style:normal\" >13 May 2013<\/div><\/div><div class=\"vc_custom_heading vc_gitem-post-data vc_gitem-post-data-source-post_title\" ><div style=\"font-size: 24px;color: #ffffff;line-height: 1.3;text-align: center;font-family:Roboto;font-weight:400;font-style:normal\" >I Vini di Veronelli: 3 Stelle a Taurasi DOCG &#8220;Vigna Cinque Querce&#8221; 2007<\/div><\/div><\/div><\/div><\/div><\/div><\/div><\/div><div class=\"vc_clearfix\"><\/div><\/div><div class=\"vc_grid-item vc_clearfix vc_col-sm-12\"><div class=\"vc_grid-item-mini vc_clearfix\"><div class=\"vc_gitem-animated-block  vc_gitem-animate vc_gitem-animate-scaleRotateIn\"  data-vc-animation=\"scaleRotateIn\"><div class=\"vc_gitem-zone vc_gitem-zone-a vc_gitem-is-link\" style=\"background-image: url('https:\/\/www.salvatoremolettieri.com\/wp-content\/uploads\/2012\/09\/2012-Olio-vino-e-peperoncino-thumb.jpg') !important;\"><a href=\"https:\/\/www.salvatoremolettieri.com\/en\/attestato-di-riconoscimento-rilasciato-da-oliovinopeperoncino-in-occasione-di-terre-di-aglianico-montemarano-wine-experience\/\" title=\"Attestato di Riconoscimento rilasciato da OlioVinoPeperoncino in occasione di &#8220;Terre di Aglianico. Montemarano Wine Experience&#8221;\" class=\"vc_gitem-link vc-zone-link\" ><\/a><img decoding=\"async\" class=\"vc_gitem-zone-img\" src=\"https:\/\/www.salvatoremolettieri.com\/wp-content\/uploads\/2012\/09\/2012-Olio-vino-e-peperoncino-thumb.jpg\" alt=\"Attestato di Riconoscimento rilasciato da OlioVinoPeperoncino in occasione di \"terre di aglianico. montemarano wine experience\"\" loading=\"lazy\"><div class=\"vc_gitem-zone-mini\"><\/div><\/div><div class=\"vc_gitem-zone vc_gitem-zone-b vc_custom_1419329305433 vc-gitem-zone-height-mode-auto vc_gitem-is-link\"><a href=\"https:\/\/www.salvatoremolettieri.com\/en\/attestato-di-riconoscimento-rilasciato-da-oliovinopeperoncino-in-occasione-di-terre-di-aglianico-montemarano-wine-experience\/\" title=\"Attestato di Riconoscimento rilasciato da OlioVinoPeperoncino in occasione di &#8220;Terre di Aglianico. Montemarano Wine Experience&#8221;\" class=\"vc_gitem-link vc-zone-link\" ><\/a><div class=\"vc_gitem-zone-mini\"><div class=\"vc_gitem_row vc_row vc_gitem-row-position-middle\"><div class=\"vc_col-sm-12 vc_gitem-col vc_gitem-col-align-\"><div class=\"vc_custom_heading vc_gitem-post-data vc_gitem-post-data-source-post_date\" ><div style=\"font-size: 12px;color: #dbdbdb;text-align: center;font-family:Roboto;font-weight:300;font-style:normal\" >8 September 2012<\/div><\/div><div class=\"vc_custom_heading vc_gitem-post-data vc_gitem-post-data-source-post_title\" ><div style=\"font-size: 24px;color: #ffffff;line-height: 1.3;text-align: center;font-family:Roboto;font-weight:400;font-style:normal\" >Attestato di Riconoscimento rilasciato da OlioVinoPeperoncino in occasione di &#8220;Terre di Aglianico. Montemarano Wine Experience&#8221;<\/div><\/div><\/div><\/div><\/div><\/div><\/div><\/div><div class=\"vc_clearfix\"><\/div><\/div><div class=\"vc_grid-item vc_clearfix vc_col-sm-12\"><div class=\"vc_grid-item-mini vc_clearfix\"><div class=\"vc_gitem-animated-block  vc_gitem-animate vc_gitem-animate-scaleRotateIn\"  data-vc-animation=\"scaleRotateIn\"><div class=\"vc_gitem-zone vc_gitem-zone-a vc_gitem-is-link\" style=\"background-image: url('https:\/\/www.salvatoremolettieri.com\/wp-content\/uploads\/2012\/09\/2012-Vini-d-Italia-3-bicchieri-thumb.jpg') !important;\"><a href=\"https:\/\/www.salvatoremolettieri.com\/en\/vini-ditalia-gambero-rosso-3-bicchieri-a-taurasi-docg-renonno-2008\/\" title=\"Vini d&#8217;Italia Gambero Rosso: 3 Bicchieri a Taurasi DOCG Renonno 2008\" class=\"vc_gitem-link vc-zone-link\" ><\/a><img decoding=\"async\" class=\"vc_gitem-zone-img\" src=\"https:\/\/www.salvatoremolettieri.com\/wp-content\/uploads\/2012\/09\/2012-Vini-d-Italia-3-bicchieri-thumb.jpg\" alt=\"Vini d'Italia Gambero Rosso: 3 Bicchieri a Taurasi DOCG Renonno 2008\" loading=\"lazy\"><div class=\"vc_gitem-zone-mini\"><\/div><\/div><div class=\"vc_gitem-zone vc_gitem-zone-b vc_custom_1419329305433 vc-gitem-zone-height-mode-auto vc_gitem-is-link\"><a href=\"https:\/\/www.salvatoremolettieri.com\/en\/vini-ditalia-gambero-rosso-3-bicchieri-a-taurasi-docg-renonno-2008\/\" title=\"Vini d&#8217;Italia Gambero Rosso: 3 Bicchieri a Taurasi DOCG Renonno 2008\" class=\"vc_gitem-link vc-zone-link\" ><\/a><div class=\"vc_gitem-zone-mini\"><div class=\"vc_gitem_row vc_row vc_gitem-row-position-middle\"><div class=\"vc_col-sm-12 vc_gitem-col vc_gitem-col-align-\"><div class=\"vc_custom_heading vc_gitem-post-data vc_gitem-post-data-source-post_date\" ><div style=\"font-size: 12px;color: #dbdbdb;text-align: center;font-family:Roboto;font-weight:300;font-style:normal\" >8 September 2012<\/div><\/div><div class=\"vc_custom_heading vc_gitem-post-data vc_gitem-post-data-source-post_title\" ><div style=\"font-size: 24px;color: #ffffff;line-height: 1.3;text-align: center;font-family:Roboto;font-weight:400;font-style:normal\" >Vini d&#8217;Italia Gambero Rosso: 3 Bicchieri a Taurasi DOCG Renonno 2008<\/div><\/div><\/div><\/div><\/div><\/div><\/div><\/div><div class=\"vc_clearfix\"><\/div><\/div><div class=\"vc_grid-item vc_clearfix vc_col-sm-12\"><div class=\"vc_grid-item-mini vc_clearfix\"><div class=\"vc_gitem-animated-block  vc_gitem-animate vc_gitem-animate-scaleRotateIn\"  data-vc-animation=\"scaleRotateIn\"><div class=\"vc_gitem-zone vc_gitem-zone-a vc_gitem-is-link\" style=\"background-image: url('https:\/\/www.salvatoremolettieri.com\/wp-content\/uploads\/2011\/09\/2011-I-vini-di-Veronelli-Taurasi-2006-thumb.jpg') !important;\"><a href=\"https:\/\/www.salvatoremolettieri.com\/en\/i-vini-di-veronelli-3-stelle-a-taurasi-docg-vigna-cinque-querce-2006\/\" title=\"I Vini di Veronelli: 3 stelle a Taurasi DOCG &#8220;Vigna Cinque Querce&#8221; 2006\" class=\"vc_gitem-link vc-zone-link\" ><\/a><img decoding=\"async\" class=\"vc_gitem-zone-img\" src=\"https:\/\/www.salvatoremolettieri.com\/wp-content\/uploads\/2011\/09\/2011-I-vini-di-Veronelli-Taurasi-2006-thumb.jpg\" alt=\"I Vini di Veronelli: 3 stelle a Taurasi DOCG \"vigna cinque querce\" 2006\" loading=\"lazy\"><div class=\"vc_gitem-zone-mini\"><\/div><\/div><div class=\"vc_gitem-zone vc_gitem-zone-b vc_custom_1419329305433 vc-gitem-zone-height-mode-auto vc_gitem-is-link\"><a href=\"https:\/\/www.salvatoremolettieri.com\/en\/i-vini-di-veronelli-3-stelle-a-taurasi-docg-vigna-cinque-querce-2006\/\" title=\"I Vini di Veronelli: 3 stelle a Taurasi DOCG &#8220;Vigna Cinque Querce&#8221; 2006\" class=\"vc_gitem-link vc-zone-link\" ><\/a><div class=\"vc_gitem-zone-mini\"><div class=\"vc_gitem_row vc_row vc_gitem-row-position-middle\"><div class=\"vc_col-sm-12 vc_gitem-col vc_gitem-col-align-\"><div class=\"vc_custom_heading vc_gitem-post-data vc_gitem-post-data-source-post_date\" ><div style=\"font-size: 12px;color: #dbdbdb;text-align: center;font-family:Roboto;font-weight:300;font-style:normal\" >8 September 2011<\/div><\/div><div class=\"vc_custom_heading vc_gitem-post-data vc_gitem-post-data-source-post_title\" ><div style=\"font-size: 24px;color: #ffffff;line-height: 1.3;text-align: center;font-family:Roboto;font-weight:400;font-style:normal\" >I Vini di Veronelli: 3 stelle a Taurasi DOCG &#8220;Vigna Cinque Querce&#8221; 2006<\/div><\/div><\/div><\/div><\/div><\/div><\/div><\/div><div class=\"vc_clearfix\"><\/div><\/div><div class=\"vc_grid-item vc_clearfix vc_col-sm-12\"><div class=\"vc_grid-item-mini vc_clearfix\"><div class=\"vc_gitem-animated-block  vc_gitem-animate vc_gitem-animate-scaleRotateIn\"  data-vc-animation=\"scaleRotateIn\"><div class=\"vc_gitem-zone vc_gitem-zone-a vc_gitem-is-link\" style=\"background-image: url('https:\/\/www.salvatoremolettieri.com\/wp-content\/uploads\/2011\/09\/2011-I-vini-di-Veronelli-Taurasi-2005-thumb.jpg') !important;\"><a href=\"https:\/\/www.salvatoremolettieri.com\/en\/i-vini-di-veronelli-3-stelle-a-taurasi-docg-riserva-vigna-cinque-querce-2005\/\" title=\"I Vini di Veronelli: 3 stelle a Taurasi DOCG Riserva &#8220;Vigna Cinque Querce&#8221; 2005\" class=\"vc_gitem-link vc-zone-link\" ><\/a><img decoding=\"async\" class=\"vc_gitem-zone-img\" src=\"https:\/\/www.salvatoremolettieri.com\/wp-content\/uploads\/2011\/09\/2011-I-vini-di-Veronelli-Taurasi-2005-thumb.jpg\" alt=\"I Vini di Veronelli: 3 stelle a Taurasi DOCG Riserva \"vigna cinque querce\" 2005\" loading=\"lazy\"><div class=\"vc_gitem-zone-mini\"><\/div><\/div><div class=\"vc_gitem-zone vc_gitem-zone-b vc_custom_1419329305433 vc-gitem-zone-height-mode-auto vc_gitem-is-link\"><a href=\"https:\/\/www.salvatoremolettieri.com\/en\/i-vini-di-veronelli-3-stelle-a-taurasi-docg-riserva-vigna-cinque-querce-2005\/\" title=\"I Vini di Veronelli: 3 stelle a Taurasi DOCG Riserva &#8220;Vigna Cinque Querce&#8221; 2005\" class=\"vc_gitem-link vc-zone-link\" ><\/a><div class=\"vc_gitem-zone-mini\"><div class=\"vc_gitem_row vc_row vc_gitem-row-position-middle\"><div class=\"vc_col-sm-12 vc_gitem-col vc_gitem-col-align-\"><div class=\"vc_custom_heading vc_gitem-post-data vc_gitem-post-data-source-post_date\" ><div style=\"font-size: 12px;color: #dbdbdb;text-align: center;font-family:Roboto;font-weight:300;font-style:normal\" >8 September 2011<\/div><\/div><div class=\"vc_custom_heading vc_gitem-post-data vc_gitem-post-data-source-post_title\" ><div style=\"font-size: 24px;color: #ffffff;line-height: 1.3;text-align: center;font-family:Roboto;font-weight:400;font-style:normal\" >I Vini di Veronelli: 3 stelle a Taurasi DOCG Riserva &#8220;Vigna Cinque Querce&#8221; 2005<\/div><\/div><\/div><\/div><\/div><\/div><\/div><\/div><div class=\"vc_clearfix\"><\/div><\/div><div class=\"vc_grid-item vc_clearfix vc_col-sm-12\"><div class=\"vc_grid-item-mini vc_clearfix\"><div class=\"vc_gitem-animated-block  vc_gitem-animate vc_gitem-animate-scaleRotateIn\"  data-vc-animation=\"scaleRotateIn\"><div class=\"vc_gitem-zone vc_gitem-zone-a vc_gitem-is-link\" style=\"background-image: url('https:\/\/www.salvatoremolettieri.com\/wp-content\/uploads\/2011\/09\/2011-Vini-d-Italia-thumb.jpg') !important;\"><a href=\"https:\/\/www.salvatoremolettieri.com\/en\/vini-ditalia-gambero-rosso-3-bicchieri-a-taurasi-docg-vigna-cinque-querce-riserva-2005\/\" title=\"Vini d&#8217;Italia Gambero Rosso: 3 Bicchieri a Taurasi DOCG &#8220;Vigna Cinque Querce&#8221; Riserva 2005\" class=\"vc_gitem-link vc-zone-link\" ><\/a><img decoding=\"async\" class=\"vc_gitem-zone-img\" src=\"https:\/\/www.salvatoremolettieri.com\/wp-content\/uploads\/2011\/09\/2011-Vini-d-Italia-thumb.jpg\" alt=\"Vini d'Italia Gambero Rosso: 3 Bicchieri a Taurasi DOCG \"vigna cinque querce\" riserva 2005\" loading=\"lazy\"><div class=\"vc_gitem-zone-mini\"><\/div><\/div><div class=\"vc_gitem-zone vc_gitem-zone-b vc_custom_1419329305433 vc-gitem-zone-height-mode-auto vc_gitem-is-link\"><a href=\"https:\/\/www.salvatoremolettieri.com\/en\/vini-ditalia-gambero-rosso-3-bicchieri-a-taurasi-docg-vigna-cinque-querce-riserva-2005\/\" title=\"Vini d&#8217;Italia Gambero Rosso: 3 Bicchieri a Taurasi DOCG &#8220;Vigna Cinque Querce&#8221; Riserva 2005\" class=\"vc_gitem-link vc-zone-link\" ><\/a><div class=\"vc_gitem-zone-mini\"><div class=\"vc_gitem_row vc_row vc_gitem-row-position-middle\"><div class=\"vc_col-sm-12 vc_gitem-col vc_gitem-col-align-\"><div class=\"vc_custom_heading vc_gitem-post-data vc_gitem-post-data-source-post_date\" ><div style=\"font-size: 12px;color: #dbdbdb;text-align: center;font-family:Roboto;font-weight:300;font-style:normal\" >8 September 2011<\/div><\/div><div class=\"vc_custom_heading vc_gitem-post-data vc_gitem-post-data-source-post_title\" ><div style=\"font-size: 24px;color: #ffffff;line-height: 1.3;text-align: center;font-family:Roboto;font-weight:400;font-style:normal\" >Vini d&#8217;Italia Gambero Rosso: 3 Bicchieri a Taurasi DOCG &#8220;Vigna Cinque Querce&#8221; Riserva 2005<\/div><\/div><\/div><\/div><\/div><\/div><\/div><\/div><div class=\"vc_clearfix\"><\/div><\/div><div class=\"vc_grid-item vc_clearfix vc_col-sm-12\"><div class=\"vc_grid-item-mini vc_clearfix\"><div class=\"vc_gitem-animated-block  vc_gitem-animate vc_gitem-animate-scaleRotateIn\"  data-vc-animation=\"scaleRotateIn\"><div class=\"vc_gitem-zone vc_gitem-zone-a vc_gitem-is-link\" style=\"background-image: url('https:\/\/www.salvatoremolettieri.com\/wp-content\/uploads\/2011\/09\/2011-I-vini-d-Italia-thumb.jpg') !important;\"><a href=\"https:\/\/www.salvatoremolettieri.com\/en\/i-vini-ditalia-de-lespresso-vino-delleccellenza-a-taurasi-docg-riserva-vigna-cinque-querce-2005\/\" title=\"I Vini d&#8217;Italia de L&#8217;Espresso: Vino dell&#8217;Eccellenza a Taurasi DOCG Riserva &#8220;Vigna Cinque Querce&#8221; 2005\" class=\"vc_gitem-link vc-zone-link\" ><\/a><img decoding=\"async\" class=\"vc_gitem-zone-img\" src=\"https:\/\/www.salvatoremolettieri.com\/wp-content\/uploads\/2011\/09\/2011-I-vini-d-Italia-thumb.jpg\" alt=\"I Vini d'Italia de L'Espresso: Vino dell'Eccellenza a Taurasi DOCG Riserva \"vigna cinque querce\" 2005\" loading=\"lazy\"><div class=\"vc_gitem-zone-mini\"><\/div><\/div><div class=\"vc_gitem-zone vc_gitem-zone-b vc_custom_1419329305433 vc-gitem-zone-height-mode-auto vc_gitem-is-link\"><a href=\"https:\/\/www.salvatoremolettieri.com\/en\/i-vini-ditalia-de-lespresso-vino-delleccellenza-a-taurasi-docg-riserva-vigna-cinque-querce-2005\/\" title=\"I Vini d&#8217;Italia de L&#8217;Espresso: Vino dell&#8217;Eccellenza a Taurasi DOCG Riserva &#8220;Vigna Cinque Querce&#8221; 2005\" class=\"vc_gitem-link vc-zone-link\" ><\/a><div class=\"vc_gitem-zone-mini\"><div class=\"vc_gitem_row vc_row vc_gitem-row-position-middle\"><div class=\"vc_col-sm-12 vc_gitem-col vc_gitem-col-align-\"><div class=\"vc_custom_heading vc_gitem-post-data vc_gitem-post-data-source-post_date\" ><div style=\"font-size: 12px;color: #dbdbdb;text-align: center;font-family:Roboto;font-weight:300;font-style:normal\" >8 September 2011<\/div><\/div><div class=\"vc_custom_heading vc_gitem-post-data vc_gitem-post-data-source-post_title\" ><div style=\"font-size: 24px;color: #ffffff;line-height: 1.3;text-align: center;font-family:Roboto;font-weight:400;font-style:normal\" >I Vini d&#8217;Italia de L&#8217;Espresso: Vino dell&#8217;Eccellenza a Taurasi DOCG Riserva &#8220;Vigna Cinque Querce&#8221; 2005<\/div><\/div><\/div><\/div><\/div><\/div><\/div><\/div><div class=\"vc_clearfix\"><\/div><\/div><div class=\"vc_grid-item vc_clearfix vc_col-sm-12\"><div class=\"vc_grid-item-mini vc_clearfix\"><div class=\"vc_gitem-animated-block  vc_gitem-animate vc_gitem-animate-scaleRotateIn\"  data-vc-animation=\"scaleRotateIn\"><div class=\"vc_gitem-zone vc_gitem-zone-a vc_gitem-is-link\" style=\"background-image: url('https:\/\/www.salvatoremolettieri.com\/wp-content\/uploads\/2010\/09\/2010-I-Vini-di-Veronelli-Irpinia-Aglianico-thumb.jpg') !important;\"><a href=\"https:\/\/www.salvatoremolettieri.com\/en\/i-vini-di-veronell-3-stelle-a-irpinia-doc-cinque-querce-campi-taurasini-2006\/\" title=\"I Vini di Veronell: 3 Stelle a Irpinia DOC &#8220;Cinque Querce&#8221; Campi Taurasini 2006\" class=\"vc_gitem-link vc-zone-link\" ><\/a><img decoding=\"async\" class=\"vc_gitem-zone-img\" src=\"https:\/\/www.salvatoremolettieri.com\/wp-content\/uploads\/2010\/09\/2010-I-Vini-di-Veronelli-Irpinia-Aglianico-thumb.jpg\" alt=\"I Vini di Veronell: 3 Stelle a Irpinia DOC \"cinque querce\" campi taurasini 2006\" loading=\"lazy\"><div class=\"vc_gitem-zone-mini\"><\/div><\/div><div class=\"vc_gitem-zone vc_gitem-zone-b vc_custom_1419329305433 vc-gitem-zone-height-mode-auto vc_gitem-is-link\"><a href=\"https:\/\/www.salvatoremolettieri.com\/en\/i-vini-di-veronell-3-stelle-a-irpinia-doc-cinque-querce-campi-taurasini-2006\/\" title=\"I Vini di Veronell: 3 Stelle a Irpinia DOC &#8220;Cinque Querce&#8221; Campi Taurasini 2006\" class=\"vc_gitem-link vc-zone-link\" ><\/a><div class=\"vc_gitem-zone-mini\"><div class=\"vc_gitem_row vc_row vc_gitem-row-position-middle\"><div class=\"vc_col-sm-12 vc_gitem-col vc_gitem-col-align-\"><div class=\"vc_custom_heading vc_gitem-post-data vc_gitem-post-data-source-post_date\" ><div style=\"font-size: 12px;color: #dbdbdb;text-align: center;font-family:Roboto;font-weight:300;font-style:normal\" >8 September 2010<\/div><\/div><div class=\"vc_custom_heading vc_gitem-post-data vc_gitem-post-data-source-post_title\" ><div style=\"font-size: 24px;color: #ffffff;line-height: 1.3;text-align: center;font-family:Roboto;font-weight:400;font-style:normal\" >I Vini di Veronell: 3 Stelle a Irpinia DOC &#8220;Cinque Querce&#8221; Campi Taurasini 2006<\/div><\/div><\/div><\/div><\/div><\/div><\/div><\/div><div class=\"vc_clearfix\"><\/div><\/div><div class=\"vc_grid-item vc_clearfix vc_col-sm-12\"><div class=\"vc_grid-item-mini vc_clearfix\"><div class=\"vc_gitem-animated-block  vc_gitem-animate vc_gitem-animate-scaleRotateIn\"  data-vc-animation=\"scaleRotateIn\"><div class=\"vc_gitem-zone vc_gitem-zone-a vc_gitem-is-link\" style=\"background-image: url('https:\/\/www.salvatoremolettieri.com\/wp-content\/uploads\/2010\/09\/2010-I-Vini-di-Veronelli-Taurasi-thumb.jpg') !important;\"><a href=\"https:\/\/www.salvatoremolettieri.com\/en\/i-vini-di-veronelli-3-stelle-a-taurasi-docg-vigna-cinque-querce-2005\/\" title=\"I Vini di Veronelli: 3 Stelle a Taurasi DOCG &#8220;Vigna Cinque Querce&#8221; 2005\" class=\"vc_gitem-link vc-zone-link\" ><\/a><img decoding=\"async\" class=\"vc_gitem-zone-img\" src=\"https:\/\/www.salvatoremolettieri.com\/wp-content\/uploads\/2010\/09\/2010-I-Vini-di-Veronelli-Taurasi-thumb.jpg\" alt=\"I Vini di Veronelli: 3 Stelle a Taurasi DOCG \"vigna cinque querce\" 2005\" loading=\"lazy\"><div class=\"vc_gitem-zone-mini\"><\/div><\/div><div class=\"vc_gitem-zone vc_gitem-zone-b vc_custom_1419329305433 vc-gitem-zone-height-mode-auto vc_gitem-is-link\"><a href=\"https:\/\/www.salvatoremolettieri.com\/en\/i-vini-di-veronelli-3-stelle-a-taurasi-docg-vigna-cinque-querce-2005\/\" title=\"I Vini di Veronelli: 3 Stelle a Taurasi DOCG &#8220;Vigna Cinque Querce&#8221; 2005\" class=\"vc_gitem-link vc-zone-link\" ><\/a><div class=\"vc_gitem-zone-mini\"><div class=\"vc_gitem_row vc_row vc_gitem-row-position-middle\"><div class=\"vc_col-sm-12 vc_gitem-col vc_gitem-col-align-\"><div class=\"vc_custom_heading vc_gitem-post-data vc_gitem-post-data-source-post_date\" ><div style=\"font-size: 12px;color: #dbdbdb;text-align: center;font-family:Roboto;font-weight:300;font-style:normal\" >8 September 2010<\/div><\/div><div class=\"vc_custom_heading vc_gitem-post-data vc_gitem-post-data-source-post_title\" ><div style=\"font-size: 24px;color: #ffffff;line-height: 1.3;text-align: center;font-family:Roboto;font-weight:400;font-style:normal\" >I Vini di Veronelli: 3 Stelle a Taurasi DOCG &#8220;Vigna Cinque Querce&#8221; 2005<\/div><\/div><\/div><\/div><\/div><\/div><\/div><\/div><div class=\"vc_clearfix\"><\/div><\/div><div class=\"vc_grid-item vc_clearfix vc_col-sm-12\"><div class=\"vc_grid-item-mini vc_clearfix\"><div class=\"vc_gitem-animated-block  vc_gitem-animate vc_gitem-animate-scaleRotateIn\"  data-vc-animation=\"scaleRotateIn\"><div class=\"vc_gitem-zone vc_gitem-zone-a vc_gitem-is-link\" style=\"background-image: url('https:\/\/www.salvatoremolettieri.com\/wp-content\/uploads\/2010\/09\/2010-Touring-club-Italiano-1-thumb.jpg') !important;\"><a href=\"https:\/\/www.salvatoremolettieri.com\/en\/i-vini-buoni-ditalia-corona-a-taurasi-docg-riserva-vigna-cinque-querce-2004\/\" title=\"I Vini Buoni d&#8217;Italia: Corona a Taurasi DOCG Riserva &#8220;Vigna Cinque Querce&#8221; 2004\" class=\"vc_gitem-link vc-zone-link\" ><\/a><img decoding=\"async\" class=\"vc_gitem-zone-img\" src=\"https:\/\/www.salvatoremolettieri.com\/wp-content\/uploads\/2010\/09\/2010-Touring-club-Italiano-1-thumb.jpg\" alt=\"I Vini Buoni d'Italia: Corona a Taurasi DOCG Riserva \"vigna cinque querce\" 2004\" loading=\"lazy\"><div class=\"vc_gitem-zone-mini\"><\/div><\/div><div class=\"vc_gitem-zone vc_gitem-zone-b vc_custom_1419329305433 vc-gitem-zone-height-mode-auto vc_gitem-is-link\"><a href=\"https:\/\/www.salvatoremolettieri.com\/en\/i-vini-buoni-ditalia-corona-a-taurasi-docg-riserva-vigna-cinque-querce-2004\/\" title=\"I Vini Buoni d&#8217;Italia: Corona a Taurasi DOCG Riserva &#8220;Vigna Cinque Querce&#8221; 2004\" class=\"vc_gitem-link vc-zone-link\" ><\/a><div class=\"vc_gitem-zone-mini\"><div class=\"vc_gitem_row vc_row vc_gitem-row-position-middle\"><div class=\"vc_col-sm-12 vc_gitem-col vc_gitem-col-align-\"><div class=\"vc_custom_heading vc_gitem-post-data vc_gitem-post-data-source-post_date\" ><div style=\"font-size: 12px;color: #dbdbdb;text-align: center;font-family:Roboto;font-weight:300;font-style:normal\" >8 September 2010<\/div><\/div><div class=\"vc_custom_heading vc_gitem-post-data vc_gitem-post-data-source-post_title\" ><div style=\"font-size: 24px;color: #ffffff;line-height: 1.3;text-align: center;font-family:Roboto;font-weight:400;font-style:normal\" >I Vini Buoni d&#8217;Italia: Corona a Taurasi DOCG Riserva &#8220;Vigna Cinque Querce&#8221; 2004<\/div><\/div><\/div><\/div><\/div><\/div><\/div><\/div><div class=\"vc_clearfix\"><\/div><\/div><div class=\"vc_grid-item vc_clearfix vc_col-sm-12\"><div class=\"vc_grid-item-mini vc_clearfix\"><div class=\"vc_gitem-animated-block  vc_gitem-animate vc_gitem-animate-scaleRotateIn\"  data-vc-animation=\"scaleRotateIn\"><div class=\"vc_gitem-zone vc_gitem-zone-a vc_gitem-is-link\" style=\"background-image: url('https:\/\/www.salvatoremolettieri.com\/wp-content\/uploads\/2010\/09\/2010-Touring-club-Italiano-2-thumb.jpg') !important;\"><a href=\"https:\/\/www.salvatoremolettieri.com\/en\/i-vini-buoni-ditalia-corona-a-taurasi-docg-riserva-vigna-cinque-querce-2005\/\" title=\"I Vini Buoni d&#8217;Italia: Corona a Taurasi DOCG Riserva &#8220;Vigna Cinque Querce&#8221; 2005\" class=\"vc_gitem-link vc-zone-link\" ><\/a><img decoding=\"async\" class=\"vc_gitem-zone-img\" src=\"https:\/\/www.salvatoremolettieri.com\/wp-content\/uploads\/2010\/09\/2010-Touring-club-Italiano-2-thumb.jpg\" alt=\"I Vini Buoni d'Italia: Corona a Taurasi DOCG Riserva \"vigna cinque querce\" 2005\" loading=\"lazy\"><div class=\"vc_gitem-zone-mini\"><\/div><\/div><div class=\"vc_gitem-zone vc_gitem-zone-b vc_custom_1419329305433 vc-gitem-zone-height-mode-auto vc_gitem-is-link\"><a href=\"https:\/\/www.salvatoremolettieri.com\/en\/i-vini-buoni-ditalia-corona-a-taurasi-docg-riserva-vigna-cinque-querce-2005\/\" title=\"I Vini Buoni d&#8217;Italia: Corona a Taurasi DOCG Riserva &#8220;Vigna Cinque Querce&#8221; 2005\" class=\"vc_gitem-link vc-zone-link\" ><\/a><div class=\"vc_gitem-zone-mini\"><div class=\"vc_gitem_row vc_row vc_gitem-row-position-middle\"><div class=\"vc_col-sm-12 vc_gitem-col vc_gitem-col-align-\"><div class=\"vc_custom_heading vc_gitem-post-data vc_gitem-post-data-source-post_date\" ><div style=\"font-size: 12px;color: #dbdbdb;text-align: center;font-family:Roboto;font-weight:300;font-style:normal\" >8 September 2010<\/div><\/div><div class=\"vc_custom_heading vc_gitem-post-data vc_gitem-post-data-source-post_title\" ><div style=\"font-size: 24px;color: #ffffff;line-height: 1.3;text-align: center;font-family:Roboto;font-weight:400;font-style:normal\" >I Vini Buoni d&#8217;Italia: Corona a Taurasi DOCG Riserva &#8220;Vigna Cinque Querce&#8221; 2005<\/div><\/div><\/div><\/div><\/div><\/div><\/div><\/div><div class=\"vc_clearfix\"><\/div><\/div><div class=\"vc_grid-item vc_clearfix vc_col-sm-12\"><div class=\"vc_grid-item-mini vc_clearfix\"><div class=\"vc_gitem-animated-block  vc_gitem-animate vc_gitem-animate-scaleRotateIn\"  data-vc-animation=\"scaleRotateIn\"><div class=\"vc_gitem-zone vc_gitem-zone-a vc_gitem-is-link\" style=\"background-image: url('https:\/\/www.salvatoremolettieri.com\/wp-content\/uploads\/2010\/09\/2010-Vini-d-Italia-Taurasi-2004-thumb.jpg') !important;\"><a href=\"https:\/\/www.salvatoremolettieri.com\/en\/vini-ditalia-gambero-rosso-3-bicchieri-a-taurasi-docg-riserva-vigna-cinque-querce-2004\/\" title=\"Vini d&#8217;Italia Gambero Rosso: 3 Bicchieri a Taurasi DOCG Riserva &#8220;Vigna Cinque Querce&#8221; 2004\" class=\"vc_gitem-link vc-zone-link\" ><\/a><img decoding=\"async\" class=\"vc_gitem-zone-img\" src=\"https:\/\/www.salvatoremolettieri.com\/wp-content\/uploads\/2010\/09\/2010-Vini-d-Italia-Taurasi-2004-thumb.jpg\" alt=\"Vini d'Italia Gambero Rosso: 3 Bicchieri a Taurasi DOCG Riserva \"vigna cinque querce\" 2004\" loading=\"lazy\"><div class=\"vc_gitem-zone-mini\"><\/div><\/div><div class=\"vc_gitem-zone vc_gitem-zone-b vc_custom_1419329305433 vc-gitem-zone-height-mode-auto vc_gitem-is-link\"><a href=\"https:\/\/www.salvatoremolettieri.com\/en\/vini-ditalia-gambero-rosso-3-bicchieri-a-taurasi-docg-riserva-vigna-cinque-querce-2004\/\" title=\"Vini d&#8217;Italia Gambero Rosso: 3 Bicchieri a Taurasi DOCG Riserva &#8220;Vigna Cinque Querce&#8221; 2004\" class=\"vc_gitem-link vc-zone-link\" ><\/a><div class=\"vc_gitem-zone-mini\"><div class=\"vc_gitem_row vc_row vc_gitem-row-position-middle\"><div class=\"vc_col-sm-12 vc_gitem-col vc_gitem-col-align-\"><div class=\"vc_custom_heading vc_gitem-post-data vc_gitem-post-data-source-post_date\" ><div style=\"font-size: 12px;color: #dbdbdb;text-align: center;font-family:Roboto;font-weight:300;font-style:normal\" >8 September 2010<\/div><\/div><div class=\"vc_custom_heading vc_gitem-post-data vc_gitem-post-data-source-post_title\" ><div style=\"font-size: 24px;color: #ffffff;line-height: 1.3;text-align: center;font-family:Roboto;font-weight:400;font-style:normal\" >Vini d&#8217;Italia Gambero Rosso: 3 Bicchieri a Taurasi DOCG Riserva &#8220;Vigna Cinque Querce&#8221; 2004<\/div><\/div><\/div><\/div><\/div><\/div><\/div><\/div><div class=\"vc_clearfix\"><\/div><\/div><div class=\"vc_grid-item vc_clearfix vc_col-sm-12\"><div class=\"vc_grid-item-mini vc_clearfix\"><div class=\"vc_gitem-animated-block  vc_gitem-animate vc_gitem-animate-scaleRotateIn\"  data-vc-animation=\"scaleRotateIn\"><div class=\"vc_gitem-zone vc_gitem-zone-a vc_gitem-is-link\" style=\"background-image: url('https:\/\/www.salvatoremolettieri.com\/wp-content\/uploads\/2010\/09\/2010-Vini-d-Italia-Taurasi-2005-thumb.jpg') !important;\"><a href=\"https:\/\/www.salvatoremolettieri.com\/en\/vini-ditalia-gambero-rosso-3-bicchieri-a-taurasi-docg-vigna-cinque-querce-2005\/\" title=\"Vini d&#8217;Italia Gambero Rosso: 3 Bicchieri a Taurasi DOCG &#8220;Vigna Cinque Querce&#8221; 2005\" class=\"vc_gitem-link vc-zone-link\" ><\/a><img decoding=\"async\" class=\"vc_gitem-zone-img\" src=\"https:\/\/www.salvatoremolettieri.com\/wp-content\/uploads\/2010\/09\/2010-Vini-d-Italia-Taurasi-2005-thumb.jpg\" alt=\"Vini d'Italia Gambero Rosso: 3 Bicchieri a Taurasi DOCG \"vigna cinque querce\" 2005\" loading=\"lazy\"><div class=\"vc_gitem-zone-mini\"><\/div><\/div><div class=\"vc_gitem-zone vc_gitem-zone-b vc_custom_1419329305433 vc-gitem-zone-height-mode-auto vc_gitem-is-link\"><a href=\"https:\/\/www.salvatoremolettieri.com\/en\/vini-ditalia-gambero-rosso-3-bicchieri-a-taurasi-docg-vigna-cinque-querce-2005\/\" title=\"Vini d&#8217;Italia Gambero Rosso: 3 Bicchieri a Taurasi DOCG &#8220;Vigna Cinque Querce&#8221; 2005\" class=\"vc_gitem-link vc-zone-link\" ><\/a><div class=\"vc_gitem-zone-mini\"><div class=\"vc_gitem_row vc_row vc_gitem-row-position-middle\"><div class=\"vc_col-sm-12 vc_gitem-col vc_gitem-col-align-\"><div class=\"vc_custom_heading vc_gitem-post-data vc_gitem-post-data-source-post_date\" ><div style=\"font-size: 12px;color: #dbdbdb;text-align: center;font-family:Roboto;font-weight:300;font-style:normal\" >8 September 2010<\/div><\/div><div class=\"vc_custom_heading vc_gitem-post-data vc_gitem-post-data-source-post_title\" ><div style=\"font-size: 24px;color: #ffffff;line-height: 1.3;text-align: center;font-family:Roboto;font-weight:400;font-style:normal\" >Vini d&#8217;Italia Gambero Rosso: 3 Bicchieri a Taurasi DOCG &#8220;Vigna Cinque Querce&#8221; 2005<\/div><\/div><\/div><\/div><\/div><\/div><\/div><\/div><div class=\"vc_clearfix\"><\/div><\/div><div class=\"vc_grid-item vc_clearfix vc_col-sm-12\"><div class=\"vc_grid-item-mini vc_clearfix\"><div class=\"vc_gitem-animated-block  vc_gitem-animate vc_gitem-animate-scaleRotateIn\"  data-vc-animation=\"scaleRotateIn\"><div class=\"vc_gitem-zone vc_gitem-zone-a vc_gitem-is-link\" style=\"background-image: url('https:\/\/www.salvatoremolettieri.com\/wp-content\/uploads\/2010\/09\/2010-Rivista-greca-thumb.jpg') !important;\"><a href=\"https:\/\/www.salvatoremolettieri.com\/en\/menzione-nella-guida-oro-i-vini-di-veronelli-ed-2010\/\" title=\"Menzione nella Guida Oro I Vini di Veronelli ed. 2010\" class=\"vc_gitem-link vc-zone-link\" ><\/a><img decoding=\"async\" class=\"vc_gitem-zone-img\" src=\"https:\/\/www.salvatoremolettieri.com\/wp-content\/uploads\/2010\/09\/2010-Rivista-greca-thumb.jpg\" alt=\"Menzione nella Guida Oro I Vini di Veronelli ed. 2010\" loading=\"lazy\"><div class=\"vc_gitem-zone-mini\"><\/div><\/div><div class=\"vc_gitem-zone vc_gitem-zone-b vc_custom_1419329305433 vc-gitem-zone-height-mode-auto vc_gitem-is-link\"><a href=\"https:\/\/www.salvatoremolettieri.com\/en\/menzione-nella-guida-oro-i-vini-di-veronelli-ed-2010\/\" title=\"Menzione nella Guida Oro I Vini di Veronelli ed. 2010\" class=\"vc_gitem-link vc-zone-link\" ><\/a><div class=\"vc_gitem-zone-mini\"><div class=\"vc_gitem_row vc_row vc_gitem-row-position-middle\"><div class=\"vc_col-sm-12 vc_gitem-col vc_gitem-col-align-\"><div class=\"vc_custom_heading vc_gitem-post-data vc_gitem-post-data-source-post_date\" ><div style=\"font-size: 12px;color: #dbdbdb;text-align: center;font-family:Roboto;font-weight:300;font-style:normal\" >8 September 2010<\/div><\/div><div class=\"vc_custom_heading vc_gitem-post-data vc_gitem-post-data-source-post_title\" ><div style=\"font-size: 24px;color: #ffffff;line-height: 1.3;text-align: center;font-family:Roboto;font-weight:400;font-style:normal\" >Menzione nella Guida Oro I Vini di Veronelli ed. 2010<\/div><\/div><\/div><\/div><\/div><\/div><\/div><\/div><div class=\"vc_clearfix\"><\/div><\/div><div class=\"vc_grid-item vc_clearfix vc_col-sm-12\"><div class=\"vc_grid-item-mini vc_clearfix\"><div class=\"vc_gitem-animated-block  vc_gitem-animate vc_gitem-animate-scaleRotateIn\"  data-vc-animation=\"scaleRotateIn\"><div class=\"vc_gitem-zone vc_gitem-zone-a vc_gitem-is-link\" style=\"background-image: url('https:\/\/www.salvatoremolettieri.com\/wp-content\/uploads\/2009\/09\/2009-Crus-dell-Appennino-thumb.jpg') !important;\"><a href=\"https:\/\/www.salvatoremolettieri.com\/en\/degustazioni-al-crus-dellappennino-2008-2009-85-100-a-taurasi-docg-vigna-cinque-querce-2004\/\" title=\"Degustazioni al Crus dell&#8217;Appennino 2008\/2009: 85\/100 a Taurasi DOCG &#8220;Vigna Cinque Querce&#8221; 2004\" class=\"vc_gitem-link vc-zone-link\" ><\/a><img decoding=\"async\" class=\"vc_gitem-zone-img\" src=\"https:\/\/www.salvatoremolettieri.com\/wp-content\/uploads\/2009\/09\/2009-Crus-dell-Appennino-thumb.jpg\" alt=\"Degustazioni al Crus dell'Appennino 2008\/2009: 85\/100 a Taurasi DOCG \"vigna cinque querce\" 2004\" loading=\"lazy\"><div class=\"vc_gitem-zone-mini\"><\/div><\/div><div class=\"vc_gitem-zone vc_gitem-zone-b vc_custom_1419329305433 vc-gitem-zone-height-mode-auto vc_gitem-is-link\"><a href=\"https:\/\/www.salvatoremolettieri.com\/en\/degustazioni-al-crus-dellappennino-2008-2009-85-100-a-taurasi-docg-vigna-cinque-querce-2004\/\" title=\"Degustazioni al Crus dell&#8217;Appennino 2008\/2009: 85\/100 a Taurasi DOCG &#8220;Vigna Cinque Querce&#8221; 2004\" class=\"vc_gitem-link vc-zone-link\" ><\/a><div class=\"vc_gitem-zone-mini\"><div class=\"vc_gitem_row vc_row vc_gitem-row-position-middle\"><div class=\"vc_col-sm-12 vc_gitem-col vc_gitem-col-align-\"><div class=\"vc_custom_heading vc_gitem-post-data vc_gitem-post-data-source-post_date\" ><div style=\"font-size: 12px;color: #dbdbdb;text-align: center;font-family:Roboto;font-weight:300;font-style:normal\" >8 September 2009<\/div><\/div><div class=\"vc_custom_heading vc_gitem-post-data vc_gitem-post-data-source-post_title\" ><div style=\"font-size: 24px;color: #ffffff;line-height: 1.3;text-align: center;font-family:Roboto;font-weight:400;font-style:normal\" >Degustazioni al Crus dell&#8217;Appennino 2008\/2009: 85\/100 a Taurasi DOCG &#8220;Vigna Cinque Querce&#8221; 2004<\/div><\/div><\/div><\/div><\/div><\/div><\/div><\/div><div class=\"vc_clearfix\"><\/div><\/div><div class=\"vc_grid-item vc_clearfix vc_col-sm-12\"><div class=\"vc_grid-item-mini vc_clearfix\"><div class=\"vc_gitem-animated-block  vc_gitem-animate vc_gitem-animate-scaleRotateIn\"  data-vc-animation=\"scaleRotateIn\"><div class=\"vc_gitem-zone vc_gitem-zone-a vc_gitem-is-link\" style=\"background-image: url('https:\/\/www.salvatoremolettieri.com\/wp-content\/uploads\/2009\/09\/2009-Touring-club-Italiano-Taurasi-thumb.jpg') !important;\"><a href=\"https:\/\/www.salvatoremolettieri.com\/en\/i-vini-buoni-ditalia-corona-a-taurasi-docg-riserva-vigna-cinque-querce-2003\/\" title=\"I Vini Buoni d&#8217;Italia: Corona a Taurasi DOCG Riserva &#8220;Vigna Cinque Querce&#8221; 2003\" class=\"vc_gitem-link vc-zone-link\" ><\/a><img decoding=\"async\" class=\"vc_gitem-zone-img\" src=\"https:\/\/www.salvatoremolettieri.com\/wp-content\/uploads\/2009\/09\/2009-Touring-club-Italiano-Taurasi-thumb.jpg\" alt=\"I Vini Buoni d'Italia: Corona a Taurasi DOCG Riserva \"vigna cinque querce\" 2003\" loading=\"lazy\"><div class=\"vc_gitem-zone-mini\"><\/div><\/div><div class=\"vc_gitem-zone vc_gitem-zone-b vc_custom_1419329305433 vc-gitem-zone-height-mode-auto vc_gitem-is-link\"><a href=\"https:\/\/www.salvatoremolettieri.com\/en\/i-vini-buoni-ditalia-corona-a-taurasi-docg-riserva-vigna-cinque-querce-2003\/\" title=\"I Vini Buoni d&#8217;Italia: Corona a Taurasi DOCG Riserva &#8220;Vigna Cinque Querce&#8221; 2003\" class=\"vc_gitem-link vc-zone-link\" ><\/a><div class=\"vc_gitem-zone-mini\"><div class=\"vc_gitem_row vc_row vc_gitem-row-position-middle\"><div class=\"vc_col-sm-12 vc_gitem-col vc_gitem-col-align-\"><div class=\"vc_custom_heading vc_gitem-post-data vc_gitem-post-data-source-post_date\" ><div style=\"font-size: 12px;color: #dbdbdb;text-align: center;font-family:Roboto;font-weight:300;font-style:normal\" >8 September 2009<\/div><\/div><div class=\"vc_custom_heading vc_gitem-post-data vc_gitem-post-data-source-post_title\" ><div style=\"font-size: 24px;color: #ffffff;line-height: 1.3;text-align: center;font-family:Roboto;font-weight:400;font-style:normal\" >I Vini Buoni d&#8217;Italia: Corona a Taurasi DOCG Riserva &#8220;Vigna Cinque Querce&#8221; 2003<\/div><\/div><\/div><\/div><\/div><\/div><\/div><\/div><div class=\"vc_clearfix\"><\/div><\/div><div class=\"vc_grid-item vc_clearfix vc_col-sm-12\"><div class=\"vc_grid-item-mini vc_clearfix\"><div class=\"vc_gitem-animated-block  vc_gitem-animate vc_gitem-animate-scaleRotateIn\"  data-vc-animation=\"scaleRotateIn\"><div class=\"vc_gitem-zone vc_gitem-zone-a vc_gitem-is-link\" style=\"background-image: url('https:\/\/www.salvatoremolettieri.com\/wp-content\/uploads\/2009\/09\/2009-Touring-club-Italiano-Greco-di-tufo-thumb.jpg') !important;\"><a href=\"https:\/\/www.salvatoremolettieri.com\/en\/i-vini-buoni-ditalia-golden-star-a-greco-di-tufo-docg-2007\/\" title=\"I Vini Buoni d&#8217;Italia: Golden Star a Greco di Tufo DOCG 2007\" class=\"vc_gitem-link vc-zone-link\" ><\/a><img decoding=\"async\" class=\"vc_gitem-zone-img\" src=\"https:\/\/www.salvatoremolettieri.com\/wp-content\/uploads\/2009\/09\/2009-Touring-club-Italiano-Greco-di-tufo-thumb.jpg\" alt=\"I Vini Buoni d'Italia: Golden Star a Greco di Tufo DOCG 2007\" loading=\"lazy\"><div class=\"vc_gitem-zone-mini\"><\/div><\/div><div class=\"vc_gitem-zone vc_gitem-zone-b vc_custom_1419329305433 vc-gitem-zone-height-mode-auto vc_gitem-is-link\"><a href=\"https:\/\/www.salvatoremolettieri.com\/en\/i-vini-buoni-ditalia-golden-star-a-greco-di-tufo-docg-2007\/\" title=\"I Vini Buoni d&#8217;Italia: Golden Star a Greco di Tufo DOCG 2007\" class=\"vc_gitem-link vc-zone-link\" ><\/a><div class=\"vc_gitem-zone-mini\"><div class=\"vc_gitem_row vc_row vc_gitem-row-position-middle\"><div class=\"vc_col-sm-12 vc_gitem-col vc_gitem-col-align-\"><div class=\"vc_custom_heading vc_gitem-post-data vc_gitem-post-data-source-post_date\" ><div style=\"font-size: 12px;color: #dbdbdb;text-align: center;font-family:Roboto;font-weight:300;font-style:normal\" >8 September 2009<\/div><\/div><div class=\"vc_custom_heading vc_gitem-post-data vc_gitem-post-data-source-post_title\" ><div style=\"font-size: 24px;color: #ffffff;line-height: 1.3;text-align: center;font-family:Roboto;font-weight:400;font-style:normal\" >I Vini Buoni d&#8217;Italia: Golden Star a Greco di Tufo DOCG 2007<\/div><\/div><\/div><\/div><\/div><\/div><\/div><\/div><div class=\"vc_clearfix\"><\/div><\/div><div class=\"vc_grid-item vc_clearfix vc_col-sm-12\"><div class=\"vc_grid-item-mini vc_clearfix\"><div class=\"vc_gitem-animated-block  vc_gitem-animate vc_gitem-animate-scaleRotateIn\"  data-vc-animation=\"scaleRotateIn\"><div class=\"vc_gitem-zone vc_gitem-zone-a vc_gitem-is-link\" style=\"background-image: url('https:\/\/www.salvatoremolettieri.com\/wp-content\/uploads\/2009\/09\/2009-Robert-Parker-thumb.jpg') !important;\"><a href=\"https:\/\/www.salvatoremolettieri.com\/en\/guida-robert-parker-90-100-a-irpinia-aglianico-doc-vigna-cinque-querce-2006\/\" title=\"Guida Robert Parker: 90\/100 a Irpinia Aglianico DOC &#8220;Vigna Cinque Querce&#8221; 2006\" class=\"vc_gitem-link vc-zone-link\" ><\/a><img decoding=\"async\" class=\"vc_gitem-zone-img\" src=\"https:\/\/www.salvatoremolettieri.com\/wp-content\/uploads\/2009\/09\/2009-Robert-Parker-thumb.jpg\" alt=\"Guida Robert Parker: 90\/100 a Irpinia Aglianico DOC \"vigna cinque querce\" 2006\" loading=\"lazy\"><div class=\"vc_gitem-zone-mini\"><\/div><\/div><div class=\"vc_gitem-zone vc_gitem-zone-b vc_custom_1419329305433 vc-gitem-zone-height-mode-auto vc_gitem-is-link\"><a href=\"https:\/\/www.salvatoremolettieri.com\/en\/guida-robert-parker-90-100-a-irpinia-aglianico-doc-vigna-cinque-querce-2006\/\" title=\"Guida Robert Parker: 90\/100 a Irpinia Aglianico DOC &#8220;Vigna Cinque Querce&#8221; 2006\" class=\"vc_gitem-link vc-zone-link\" ><\/a><div class=\"vc_gitem-zone-mini\"><div class=\"vc_gitem_row vc_row vc_gitem-row-position-middle\"><div class=\"vc_col-sm-12 vc_gitem-col vc_gitem-col-align-\"><div class=\"vc_custom_heading vc_gitem-post-data vc_gitem-post-data-source-post_date\" ><div style=\"font-size: 12px;color: #dbdbdb;text-align: center;font-family:Roboto;font-weight:300;font-style:normal\" >8 September 2009<\/div><\/div><div class=\"vc_custom_heading vc_gitem-post-data vc_gitem-post-data-source-post_title\" ><div style=\"font-size: 24px;color: #ffffff;line-height: 1.3;text-align: center;font-family:Roboto;font-weight:400;font-style:normal\" >Guida Robert Parker: 90\/100 a Irpinia Aglianico DOC &#8220;Vigna Cinque Querce&#8221; 2006<\/div><\/div><\/div><\/div><\/div><\/div><\/div><\/div><div class=\"vc_clearfix\"><\/div><\/div><div class=\"vc_grid-item vc_clearfix vc_col-sm-12\"><div class=\"vc_grid-item-mini vc_clearfix\"><div class=\"vc_gitem-animated-block  vc_gitem-animate vc_gitem-animate-scaleRotateIn\"  data-vc-animation=\"scaleRotateIn\"><div class=\"vc_gitem-zone vc_gitem-zone-a vc_gitem-is-link\" style=\"background-image: url('https:\/\/www.salvatoremolettieri.com\/wp-content\/uploads\/2009\/09\/2009-Robert-Parker-thumb.jpg') !important;\"><a href=\"https:\/\/www.salvatoremolettieri.com\/en\/guida-robert-parker-95-100-a-taurasi-docg-vigna-cinque-querce-2005\/\" title=\"Guida Robert Parker: 95\/100 a Taurasi DOCG &#8220;Vigna Cinque Querce&#8221; 2005\" class=\"vc_gitem-link vc-zone-link\" ><\/a><img decoding=\"async\" class=\"vc_gitem-zone-img\" src=\"https:\/\/www.salvatoremolettieri.com\/wp-content\/uploads\/2009\/09\/2009-Robert-Parker-thumb.jpg\" alt=\"Guida Robert Parker: 95\/100 a Taurasi DOCG \"vigna cinque querce\" 2005\" loading=\"lazy\"><div class=\"vc_gitem-zone-mini\"><\/div><\/div><div class=\"vc_gitem-zone vc_gitem-zone-b vc_custom_1419329305433 vc-gitem-zone-height-mode-auto vc_gitem-is-link\"><a href=\"https:\/\/www.salvatoremolettieri.com\/en\/guida-robert-parker-95-100-a-taurasi-docg-vigna-cinque-querce-2005\/\" title=\"Guida Robert Parker: 95\/100 a Taurasi DOCG &#8220;Vigna Cinque Querce&#8221; 2005\" class=\"vc_gitem-link vc-zone-link\" ><\/a><div class=\"vc_gitem-zone-mini\"><div class=\"vc_gitem_row vc_row vc_gitem-row-position-middle\"><div class=\"vc_col-sm-12 vc_gitem-col vc_gitem-col-align-\"><div class=\"vc_custom_heading vc_gitem-post-data vc_gitem-post-data-source-post_date\" ><div style=\"font-size: 12px;color: #dbdbdb;text-align: center;font-family:Roboto;font-weight:300;font-style:normal\" >8 September 2009<\/div><\/div><div class=\"vc_custom_heading vc_gitem-post-data vc_gitem-post-data-source-post_title\" ><div style=\"font-size: 24px;color: #ffffff;line-height: 1.3;text-align: center;font-family:Roboto;font-weight:400;font-style:normal\" >Guida Robert Parker: 95\/100 a Taurasi DOCG &#8220;Vigna Cinque Querce&#8221; 2005<\/div><\/div><\/div><\/div><\/div><\/div><\/div><\/div><div class=\"vc_clearfix\"><\/div><\/div><div class=\"vc_grid-item vc_clearfix vc_col-sm-12\"><div class=\"vc_grid-item-mini vc_clearfix\"><div class=\"vc_gitem-animated-block  vc_gitem-animate vc_gitem-animate-scaleRotateIn\"  data-vc-animation=\"scaleRotateIn\"><div class=\"vc_gitem-zone vc_gitem-zone-a vc_gitem-is-link\" style=\"background-image: url('https:\/\/www.salvatoremolettieri.com\/wp-content\/uploads\/2008\/09\/2008-I-vini-d-Italia-thumb.jpg') !important;\"><a href=\"https:\/\/www.salvatoremolettieri.com\/en\/i-vini-ditalia-de-lespresso-5-bottiglie-a-taurasi-riserva-docg-vigna-cinque-querce-2002\/\" title=\"I Vini d&#8217;Italia de L&#8217;Espresso: 5 bottiglie a Taurasi Riserva DOCG &#8220;Vigna Cinque Querce&#8221; 2002\" class=\"vc_gitem-link vc-zone-link\" ><\/a><img decoding=\"async\" class=\"vc_gitem-zone-img\" src=\"https:\/\/www.salvatoremolettieri.com\/wp-content\/uploads\/2008\/09\/2008-I-vini-d-Italia-thumb.jpg\" alt=\"I Vini d'Italia de L'Espresso: 5 bottiglie a Taurasi Riserva DOCG \"vigna cinque querce\" 2002\" loading=\"lazy\"><div class=\"vc_gitem-zone-mini\"><\/div><\/div><div class=\"vc_gitem-zone vc_gitem-zone-b vc_custom_1419329305433 vc-gitem-zone-height-mode-auto vc_gitem-is-link\"><a href=\"https:\/\/www.salvatoremolettieri.com\/en\/i-vini-ditalia-de-lespresso-5-bottiglie-a-taurasi-riserva-docg-vigna-cinque-querce-2002\/\" title=\"I Vini d&#8217;Italia de L&#8217;Espresso: 5 bottiglie a Taurasi Riserva DOCG &#8220;Vigna Cinque Querce&#8221; 2002\" class=\"vc_gitem-link vc-zone-link\" ><\/a><div class=\"vc_gitem-zone-mini\"><div class=\"vc_gitem_row vc_row vc_gitem-row-position-middle\"><div class=\"vc_col-sm-12 vc_gitem-col vc_gitem-col-align-\"><div class=\"vc_custom_heading vc_gitem-post-data vc_gitem-post-data-source-post_date\" ><div style=\"font-size: 12px;color: #dbdbdb;text-align: center;font-family:Roboto;font-weight:300;font-style:normal\" >8 September 2008<\/div><\/div><div class=\"vc_custom_heading vc_gitem-post-data vc_gitem-post-data-source-post_title\" ><div style=\"font-size: 24px;color: #ffffff;line-height: 1.3;text-align: center;font-family:Roboto;font-weight:400;font-style:normal\" >I Vini d&#8217;Italia de L&#8217;Espresso: 5 bottiglie a Taurasi Riserva DOCG &#8220;Vigna Cinque Querce&#8221; 2002<\/div><\/div><\/div><\/div><\/div><\/div><\/div><\/div><div class=\"vc_clearfix\"><\/div><\/div><div class=\"vc_grid-item vc_clearfix vc_col-sm-12\"><div class=\"vc_grid-item-mini vc_clearfix\"><div class=\"vc_gitem-animated-block  vc_gitem-animate vc_gitem-animate-scaleRotateIn\"  data-vc-animation=\"scaleRotateIn\"><div class=\"vc_gitem-zone vc_gitem-zone-a vc_gitem-is-link\" style=\"background-image: url('https:\/\/www.salvatoremolettieri.com\/wp-content\/uploads\/2008\/09\/2008-I-vini-di-Veronelli-thumb.jpg') !important;\"><a href=\"https:\/\/www.salvatoremolettieri.com\/en\/i-vini-di-veronelli-sole-a-taurasi-docg-vigna-cinque-querce-2003\/\" title=\"I Vini di Veronelli: Sole a Taurasi DOCG &#8220;Vigna Cinque Querce&#8221; 2003\" class=\"vc_gitem-link vc-zone-link\" ><\/a><img decoding=\"async\" class=\"vc_gitem-zone-img\" src=\"https:\/\/www.salvatoremolettieri.com\/wp-content\/uploads\/2008\/09\/2008-I-vini-di-Veronelli-thumb.jpg\" alt=\"I Vini di Veronelli: Sole a Taurasi DOCG \"vigna cinque querce\" 2003\" loading=\"lazy\"><div class=\"vc_gitem-zone-mini\"><\/div><\/div><div class=\"vc_gitem-zone vc_gitem-zone-b vc_custom_1419329305433 vc-gitem-zone-height-mode-auto vc_gitem-is-link\"><a href=\"https:\/\/www.salvatoremolettieri.com\/en\/i-vini-di-veronelli-sole-a-taurasi-docg-vigna-cinque-querce-2003\/\" title=\"I Vini di Veronelli: Sole a Taurasi DOCG &#8220;Vigna Cinque Querce&#8221; 2003\" class=\"vc_gitem-link vc-zone-link\" ><\/a><div class=\"vc_gitem-zone-mini\"><div class=\"vc_gitem_row vc_row vc_gitem-row-position-middle\"><div class=\"vc_col-sm-12 vc_gitem-col vc_gitem-col-align-\"><div class=\"vc_custom_heading vc_gitem-post-data vc_gitem-post-data-source-post_date\" ><div style=\"font-size: 12px;color: #dbdbdb;text-align: center;font-family:Roboto;font-weight:300;font-style:normal\" >8 September 2008<\/div><\/div><div class=\"vc_custom_heading vc_gitem-post-data vc_gitem-post-data-source-post_title\" ><div style=\"font-size: 24px;color: #ffffff;line-height: 1.3;text-align: center;font-family:Roboto;font-weight:400;font-style:normal\" >I Vini di Veronelli: Sole a Taurasi DOCG &#8220;Vigna Cinque Querce&#8221; 2003<\/div><\/div><\/div><\/div><\/div><\/div><\/div><\/div><div class=\"vc_clearfix\"><\/div><\/div><div class=\"vc_grid-item vc_clearfix vc_col-sm-12\"><div class=\"vc_grid-item-mini vc_clearfix\"><div class=\"vc_gitem-animated-block  vc_gitem-animate vc_gitem-animate-scaleRotateIn\"  data-vc-animation=\"scaleRotateIn\"><div class=\"vc_gitem-zone vc_gitem-zone-a vc_gitem-is-link\" style=\"background-image: url('https:\/\/www.salvatoremolettieri.com\/wp-content\/uploads\/2007\/09\/2007-Touring-club-Italiano-thumb.jpg') !important;\"><a href=\"https:\/\/www.salvatoremolettieri.com\/en\/vini-buoni-ditalia-menzione-ad-honorem-irpinia-doc-aglianico-cinque-querce-2005\/\" title=\"Vini Buoni d&#8217;Italia: Menzione ad honorem Irpinia DOC Aglianico &#8220;Cinque Querce&#8221; 2005\" class=\"vc_gitem-link vc-zone-link\" ><\/a><img decoding=\"async\" class=\"vc_gitem-zone-img\" src=\"https:\/\/www.salvatoremolettieri.com\/wp-content\/uploads\/2007\/09\/2007-Touring-club-Italiano-thumb.jpg\" alt=\"Vini Buoni d'Italia: Menzione ad honorem Irpinia DOC Aglianico \"cinque querce\" 2005\" loading=\"lazy\"><div class=\"vc_gitem-zone-mini\"><\/div><\/div><div class=\"vc_gitem-zone vc_gitem-zone-b vc_custom_1419329305433 vc-gitem-zone-height-mode-auto vc_gitem-is-link\"><a href=\"https:\/\/www.salvatoremolettieri.com\/en\/vini-buoni-ditalia-menzione-ad-honorem-irpinia-doc-aglianico-cinque-querce-2005\/\" title=\"Vini Buoni d&#8217;Italia: Menzione ad honorem Irpinia DOC Aglianico &#8220;Cinque Querce&#8221; 2005\" class=\"vc_gitem-link vc-zone-link\" ><\/a><div class=\"vc_gitem-zone-mini\"><div class=\"vc_gitem_row vc_row vc_gitem-row-position-middle\"><div class=\"vc_col-sm-12 vc_gitem-col vc_gitem-col-align-\"><div class=\"vc_custom_heading vc_gitem-post-data vc_gitem-post-data-source-post_date\" ><div style=\"font-size: 12px;color: #dbdbdb;text-align: center;font-family:Roboto;font-weight:300;font-style:normal\" >8 September 2007<\/div><\/div><div class=\"vc_custom_heading vc_gitem-post-data vc_gitem-post-data-source-post_title\" ><div style=\"font-size: 24px;color: #ffffff;line-height: 1.3;text-align: center;font-family:Roboto;font-weight:400;font-style:normal\" >Vini Buoni d&#8217;Italia: Menzione ad honorem Irpinia DOC Aglianico &#8220;Cinque Querce&#8221; 2005<\/div><\/div><\/div><\/div><\/div><\/div><\/div><\/div><div class=\"vc_clearfix\"><\/div><\/div><div class=\"vc_grid-item vc_clearfix vc_col-sm-12\"><div class=\"vc_grid-item-mini vc_clearfix\"><div class=\"vc_gitem-animated-block  vc_gitem-animate vc_gitem-animate-scaleRotateIn\"  data-vc-animation=\"scaleRotateIn\"><div class=\"vc_gitem-zone vc_gitem-zone-a vc_gitem-is-link\" style=\"background-image: url('https:\/\/www.salvatoremolettieri.com\/wp-content\/uploads\/2007\/09\/2007-I-vini-d-Italia-thumb.jpg') !important;\"><a href=\"https:\/\/www.salvatoremolettieri.com\/en\/i-vini-ditalia-de-lespresso-vino-delleccellenza-a-taurasi-riserva-docg-vigna-cinque-querce-2001\/\" title=\"I vini d&#8217;italia de L&#8217;Espresso: Vino dell&#8217;Eccellenza a Taurasi Riserva DOCG &#8220;Vigna Cinque Querce&#8221; 2001\" class=\"vc_gitem-link vc-zone-link\" ><\/a><img decoding=\"async\" class=\"vc_gitem-zone-img\" src=\"https:\/\/www.salvatoremolettieri.com\/wp-content\/uploads\/2007\/09\/2007-I-vini-d-Italia-thumb.jpg\" alt=\"I vini d'italia de L'Espresso: Vino dell'Eccellenza a Taurasi Riserva DOCG \"vigna cinque querce\" 2001\" loading=\"lazy\"><div class=\"vc_gitem-zone-mini\"><\/div><\/div><div class=\"vc_gitem-zone vc_gitem-zone-b vc_custom_1419329305433 vc-gitem-zone-height-mode-auto vc_gitem-is-link\"><a href=\"https:\/\/www.salvatoremolettieri.com\/en\/i-vini-ditalia-de-lespresso-vino-delleccellenza-a-taurasi-riserva-docg-vigna-cinque-querce-2001\/\" title=\"I vini d&#8217;italia de L&#8217;Espresso: Vino dell&#8217;Eccellenza a Taurasi Riserva DOCG &#8220;Vigna Cinque Querce&#8221; 2001\" class=\"vc_gitem-link vc-zone-link\" ><\/a><div class=\"vc_gitem-zone-mini\"><div class=\"vc_gitem_row vc_row vc_gitem-row-position-middle\"><div class=\"vc_col-sm-12 vc_gitem-col vc_gitem-col-align-\"><div class=\"vc_custom_heading vc_gitem-post-data vc_gitem-post-data-source-post_date\" ><div style=\"font-size: 12px;color: #dbdbdb;text-align: center;font-family:Roboto;font-weight:300;font-style:normal\" >8 September 2007<\/div><\/div><div class=\"vc_custom_heading vc_gitem-post-data vc_gitem-post-data-source-post_title\" ><div style=\"font-size: 24px;color: #ffffff;line-height: 1.3;text-align: center;font-family:Roboto;font-weight:400;font-style:normal\" >I vini d&#8217;italia de L&#8217;Espresso: Vino dell&#8217;Eccellenza a Taurasi Riserva DOCG &#8220;Vigna Cinque Querce&#8221; 2001<\/div><\/div><\/div><\/div><\/div><\/div><\/div><\/div><div class=\"vc_clearfix\"><\/div><\/div><div class=\"vc_grid-item vc_clearfix vc_col-sm-12\"><div class=\"vc_grid-item-mini vc_clearfix\"><div class=\"vc_gitem-animated-block  vc_gitem-animate vc_gitem-animate-scaleRotateIn\"  data-vc-animation=\"scaleRotateIn\"><div class=\"vc_gitem-zone vc_gitem-zone-a vc_gitem-is-link\" style=\"background-image: url('https:\/\/www.salvatoremolettieri.com\/wp-content\/uploads\/2007\/09\/2007-Vini-d-Italia-thumb.jpg') !important;\"><a href=\"https:\/\/www.salvatoremolettieri.com\/en\/vini-ditalia-gambero-rosso-slow-food-editore-3-bicchieri-a-taurasi-riserva-docg-vigna-cinque-querce-2001\/\" title=\"Vini d&#8217;Italia Gambero Rosso Slow Food Editore: 3 Bicchieri a Taurasi Riserva DOCG &#8220;Vigna Cinque Querce&#8221; 2001\" class=\"vc_gitem-link vc-zone-link\" ><\/a><img decoding=\"async\" class=\"vc_gitem-zone-img\" src=\"https:\/\/www.salvatoremolettieri.com\/wp-content\/uploads\/2007\/09\/2007-Vini-d-Italia-thumb.jpg\" alt=\"Vini d'Italia Gambero Rosso Slow Food Editore: 3 Bicchieri a Taurasi Riserva DOCG \"vigna cinque querce\" 2001\" loading=\"lazy\"><div class=\"vc_gitem-zone-mini\"><\/div><\/div><div class=\"vc_gitem-zone vc_gitem-zone-b vc_custom_1419329305433 vc-gitem-zone-height-mode-auto vc_gitem-is-link\"><a href=\"https:\/\/www.salvatoremolettieri.com\/en\/vini-ditalia-gambero-rosso-slow-food-editore-3-bicchieri-a-taurasi-riserva-docg-vigna-cinque-querce-2001\/\" title=\"Vini d&#8217;Italia Gambero Rosso Slow Food Editore: 3 Bicchieri a Taurasi Riserva DOCG &#8220;Vigna Cinque Querce&#8221; 2001\" class=\"vc_gitem-link vc-zone-link\" ><\/a><div class=\"vc_gitem-zone-mini\"><div class=\"vc_gitem_row vc_row vc_gitem-row-position-middle\"><div class=\"vc_col-sm-12 vc_gitem-col vc_gitem-col-align-\"><div class=\"vc_custom_heading vc_gitem-post-data vc_gitem-post-data-source-post_date\" ><div style=\"font-size: 12px;color: #dbdbdb;text-align: center;font-family:Roboto;font-weight:300;font-style:normal\" >8 September 2007<\/div><\/div><div class=\"vc_custom_heading vc_gitem-post-data vc_gitem-post-data-source-post_title\" ><div style=\"font-size: 24px;color: #ffffff;line-height: 1.3;text-align: center;font-family:Roboto;font-weight:400;font-style:normal\" >Vini d&#8217;Italia Gambero Rosso Slow Food Editore: 3 Bicchieri a Taurasi Riserva DOCG &#8220;Vigna Cinque Querce&#8221; 2001<\/div><\/div><\/div><\/div><\/div><\/div><\/div><\/div><div class=\"vc_clearfix\"><\/div><\/div><div class=\"vc_grid-item vc_clearfix vc_col-sm-12\"><div class=\"vc_grid-item-mini vc_clearfix\"><div class=\"vc_gitem-animated-block  vc_gitem-animate vc_gitem-animate-scaleRotateIn\"  data-vc-animation=\"scaleRotateIn\"><div class=\"vc_gitem-zone vc_gitem-zone-a vc_gitem-is-link\" style=\"background-image: url('https:\/\/www.salvatoremolettieri.com\/wp-content\/uploads\/2006\/09\/2006_-_I_Vini_di_Veronelli_-_2-thumb.jpg') !important;\"><a href=\"https:\/\/www.salvatoremolettieri.com\/en\/i-vini-di-veronelli-3-stelle-a-taurasi-docg-vigna-cinque-querce-2001\/\" title=\"I Vini di Veronelli: 3 stelle a Taurasi DOCG &#8220;Vigna Cinque Querce&#8221; 2001\" class=\"vc_gitem-link vc-zone-link\" ><\/a><img decoding=\"async\" class=\"vc_gitem-zone-img\" src=\"https:\/\/www.salvatoremolettieri.com\/wp-content\/uploads\/2006\/09\/2006_-_I_Vini_di_Veronelli_-_2-thumb.jpg\" alt=\"I Vini di Veronelli: 3 stelle a Taurasi DOCG \"vigna cinque querce\" 2001\" loading=\"lazy\"><div class=\"vc_gitem-zone-mini\"><\/div><\/div><div class=\"vc_gitem-zone vc_gitem-zone-b vc_custom_1419329305433 vc-gitem-zone-height-mode-auto vc_gitem-is-link\"><a href=\"https:\/\/www.salvatoremolettieri.com\/en\/i-vini-di-veronelli-3-stelle-a-taurasi-docg-vigna-cinque-querce-2001\/\" title=\"I Vini di Veronelli: 3 stelle a Taurasi DOCG &#8220;Vigna Cinque Querce&#8221; 2001\" class=\"vc_gitem-link vc-zone-link\" ><\/a><div class=\"vc_gitem-zone-mini\"><div class=\"vc_gitem_row vc_row vc_gitem-row-position-middle\"><div class=\"vc_col-sm-12 vc_gitem-col vc_gitem-col-align-\"><div class=\"vc_custom_heading vc_gitem-post-data vc_gitem-post-data-source-post_date\" ><div style=\"font-size: 12px;color: #dbdbdb;text-align: center;font-family:Roboto;font-weight:300;font-style:normal\" >8 September 2006<\/div><\/div><div class=\"vc_custom_heading vc_gitem-post-data vc_gitem-post-data-source-post_title\" ><div style=\"font-size: 24px;color: #ffffff;line-height: 1.3;text-align: center;font-family:Roboto;font-weight:400;font-style:normal\" >I Vini di Veronelli: 3 stelle a Taurasi DOCG &#8220;Vigna Cinque Querce&#8221; 2001<\/div><\/div><\/div><\/div><\/div><\/div><\/div><\/div><div class=\"vc_clearfix\"><\/div><\/div><div class=\"vc_grid-item vc_clearfix vc_col-sm-12\"><div class=\"vc_grid-item-mini vc_clearfix\"><div class=\"vc_gitem-animated-block  vc_gitem-animate vc_gitem-animate-scaleRotateIn\"  data-vc-animation=\"scaleRotateIn\"><div class=\"vc_gitem-zone vc_gitem-zone-a vc_gitem-is-link\" style=\"background-image: url('https:\/\/www.salvatoremolettieri.com\/wp-content\/uploads\/2006\/09\/2006_-_Vini_dItalia_-_1-thumb.jpg') !important;\"><a href=\"https:\/\/www.salvatoremolettieri.com\/en\/gambero-rosso-slow-food-editore-i-migliori-vini-dellanno-a-taurasi-docg-vigna-cinque-querce-2001\/\" title=\"Gambero Rosso Slow Food Editore: I migliori vini dell&#8217;anno a Taurasi DOCG &#8220;Vigna Cinque Querce&#8221; 2001\" class=\"vc_gitem-link vc-zone-link\" ><\/a><img decoding=\"async\" class=\"vc_gitem-zone-img\" src=\"https:\/\/www.salvatoremolettieri.com\/wp-content\/uploads\/2006\/09\/2006_-_Vini_dItalia_-_1-thumb.jpg\" alt=\"Gambero Rosso Slow Food Editore: I migliori vini dell'anno a Taurasi DOCG \"vigna cinque querce\" 2001\" loading=\"lazy\"><div class=\"vc_gitem-zone-mini\"><\/div><\/div><div class=\"vc_gitem-zone vc_gitem-zone-b vc_custom_1419329305433 vc-gitem-zone-height-mode-auto vc_gitem-is-link\"><a href=\"https:\/\/www.salvatoremolettieri.com\/en\/gambero-rosso-slow-food-editore-i-migliori-vini-dellanno-a-taurasi-docg-vigna-cinque-querce-2001\/\" title=\"Gambero Rosso Slow Food Editore: I migliori vini dell&#8217;anno a Taurasi DOCG &#8220;Vigna Cinque Querce&#8221; 2001\" class=\"vc_gitem-link vc-zone-link\" ><\/a><div class=\"vc_gitem-zone-mini\"><div class=\"vc_gitem_row vc_row vc_gitem-row-position-middle\"><div class=\"vc_col-sm-12 vc_gitem-col vc_gitem-col-align-\"><div class=\"vc_custom_heading vc_gitem-post-data vc_gitem-post-data-source-post_date\" ><div style=\"font-size: 12px;color: #dbdbdb;text-align: center;font-family:Roboto;font-weight:300;font-style:normal\" >8 September 2006<\/div><\/div><div class=\"vc_custom_heading vc_gitem-post-data vc_gitem-post-data-source-post_title\" ><div style=\"font-size: 24px;color: #ffffff;line-height: 1.3;text-align: center;font-family:Roboto;font-weight:400;font-style:normal\" >Gambero Rosso Slow Food Editore: I migliori vini dell&#8217;anno a Taurasi DOCG &#8220;Vigna Cinque Querce&#8221; 2001<\/div><\/div><\/div><\/div><\/div><\/div><\/div><\/div><div class=\"vc_clearfix\"><\/div><\/div><div class=\"vc_grid-item vc_clearfix vc_col-sm-12\"><div class=\"vc_grid-item-mini vc_clearfix\"><div class=\"vc_gitem-animated-block  vc_gitem-animate vc_gitem-animate-scaleRotateIn\"  data-vc-animation=\"scaleRotateIn\"><div class=\"vc_gitem-zone vc_gitem-zone-a vc_gitem-is-link\" style=\"background-image: url('https:\/\/www.salvatoremolettieri.com\/wp-content\/uploads\/2006\/09\/2006_-_Buoni_vini_ditalia-thumb.jpg') !important;\"><a href=\"https:\/\/www.salvatoremolettieri.com\/en\/vini-buoni-ditalia-corona-a-taurasi-docg-vigna-cinque-querce-2001\/\" title=\"Vini Buoni d&#8217;Italia: Corona a Taurasi DOCG &#8220;Vigna Cinque Querce&#8221; 2001\" class=\"vc_gitem-link vc-zone-link\" ><\/a><img decoding=\"async\" class=\"vc_gitem-zone-img\" src=\"https:\/\/www.salvatoremolettieri.com\/wp-content\/uploads\/2006\/09\/2006_-_Buoni_vini_ditalia-thumb.jpg\" alt=\"Vini Buoni d'Italia: Corona a Taurasi DOCG \"vigna cinque querce\" 2001\" loading=\"lazy\"><div class=\"vc_gitem-zone-mini\"><\/div><\/div><div class=\"vc_gitem-zone vc_gitem-zone-b vc_custom_1419329305433 vc-gitem-zone-height-mode-auto vc_gitem-is-link\"><a href=\"https:\/\/www.salvatoremolettieri.com\/en\/vini-buoni-ditalia-corona-a-taurasi-docg-vigna-cinque-querce-2001\/\" title=\"Vini Buoni d&#8217;Italia: Corona a Taurasi DOCG &#8220;Vigna Cinque Querce&#8221; 2001\" class=\"vc_gitem-link vc-zone-link\" ><\/a><div class=\"vc_gitem-zone-mini\"><div class=\"vc_gitem_row vc_row vc_gitem-row-position-middle\"><div class=\"vc_col-sm-12 vc_gitem-col vc_gitem-col-align-\"><div class=\"vc_custom_heading vc_gitem-post-data vc_gitem-post-data-source-post_date\" ><div style=\"font-size: 12px;color: #dbdbdb;text-align: center;font-family:Roboto;font-weight:300;font-style:normal\" >8 September 2006<\/div><\/div><div class=\"vc_custom_heading vc_gitem-post-data vc_gitem-post-data-source-post_title\" ><div style=\"font-size: 24px;color: #ffffff;line-height: 1.3;text-align: center;font-family:Roboto;font-weight:400;font-style:normal\" >Vini Buoni d&#8217;Italia: Corona a Taurasi DOCG &#8220;Vigna Cinque Querce&#8221; 2001<\/div><\/div><\/div><\/div><\/div><\/div><\/div><\/div><div class=\"vc_clearfix\"><\/div><\/div><div class=\"vc_grid-item vc_clearfix vc_col-sm-12\"><div class=\"vc_grid-item-mini vc_clearfix\"><div class=\"vc_gitem-animated-block  vc_gitem-animate vc_gitem-animate-scaleRotateIn\"  data-vc-animation=\"scaleRotateIn\"><div class=\"vc_gitem-zone vc_gitem-zone-a vc_gitem-is-link\" style=\"background-image: url('https:\/\/www.salvatoremolettieri.com\/wp-content\/uploads\/2006\/09\/2006_-_Touring_club_Italiano-thumb.jpg') !important;\"><a href=\"https:\/\/www.salvatoremolettieri.com\/en\/vini-buoni-ditalia-corona-a-taurasi-docg-vigna-cinque-querce-2002\/\" title=\"Vini Buoni d&#8217;Italia: Corona a Taurasi DOCG &#8220;Vigna Cinque Querce&#8221; 2002\" class=\"vc_gitem-link vc-zone-link\" ><\/a><img decoding=\"async\" class=\"vc_gitem-zone-img\" src=\"https:\/\/www.salvatoremolettieri.com\/wp-content\/uploads\/2006\/09\/2006_-_Touring_club_Italiano-thumb.jpg\" alt=\"Vini Buoni d'Italia: Corona a Taurasi DOCG \"vigna cinque querce\" 2002\" loading=\"lazy\"><div class=\"vc_gitem-zone-mini\"><\/div><\/div><div class=\"vc_gitem-zone vc_gitem-zone-b vc_custom_1419329305433 vc-gitem-zone-height-mode-auto vc_gitem-is-link\"><a href=\"https:\/\/www.salvatoremolettieri.com\/en\/vini-buoni-ditalia-corona-a-taurasi-docg-vigna-cinque-querce-2002\/\" title=\"Vini Buoni d&#8217;Italia: Corona a Taurasi DOCG &#8220;Vigna Cinque Querce&#8221; 2002\" class=\"vc_gitem-link vc-zone-link\" ><\/a><div class=\"vc_gitem-zone-mini\"><div class=\"vc_gitem_row vc_row vc_gitem-row-position-middle\"><div class=\"vc_col-sm-12 vc_gitem-col vc_gitem-col-align-\"><div class=\"vc_custom_heading vc_gitem-post-data vc_gitem-post-data-source-post_date\" ><div style=\"font-size: 12px;color: #dbdbdb;text-align: center;font-family:Roboto;font-weight:300;font-style:normal\" >8 September 2006<\/div><\/div><div class=\"vc_custom_heading vc_gitem-post-data vc_gitem-post-data-source-post_title\" ><div style=\"font-size: 24px;color: #ffffff;line-height: 1.3;text-align: center;font-family:Roboto;font-weight:400;font-style:normal\" >Vini Buoni d&#8217;Italia: Corona a Taurasi DOCG &#8220;Vigna Cinque Querce&#8221; 2002<\/div><\/div><\/div><\/div><\/div><\/div><\/div><\/div><div class=\"vc_clearfix\"><\/div><\/div><div class=\"vc_grid-item vc_clearfix vc_col-sm-12\"><div class=\"vc_grid-item-mini vc_clearfix\"><div class=\"vc_gitem-animated-block  vc_gitem-animate vc_gitem-animate-scaleRotateIn\"  data-vc-animation=\"scaleRotateIn\"><div class=\"vc_gitem-zone vc_gitem-zone-a vc_gitem-is-link\" style=\"background-image: url('https:\/\/www.salvatoremolettieri.com\/wp-content\/uploads\/2006\/09\/2006_-_Selezione_dei_vini_campani-thumb.jpg') !important;\"><a href=\"https:\/\/www.salvatoremolettieri.com\/en\/selezione-dei-vini-campani-diploma-di-merito-e-distinzione-campania-felix-a-taurasi-docg-vigna-cinque-querce-2002\/\" title=\"Selezione dei Vini Campani: Diploma di Merito e Distinzione Campania Felix a Taurasi DOCG &#8220;Vigna Cinque Querce&#8221; 2002\" class=\"vc_gitem-link vc-zone-link\" ><\/a><img decoding=\"async\" class=\"vc_gitem-zone-img\" src=\"https:\/\/www.salvatoremolettieri.com\/wp-content\/uploads\/2006\/09\/2006_-_Selezione_dei_vini_campani-thumb.jpg\" alt=\"Selezione dei Vini Campani: Diploma di Merito e Distinzione Campania Felix a Taurasi DOCG \"vigna cinque querce\" 2002\" loading=\"lazy\"><div class=\"vc_gitem-zone-mini\"><\/div><\/div><div class=\"vc_gitem-zone vc_gitem-zone-b vc_custom_1419329305433 vc-gitem-zone-height-mode-auto vc_gitem-is-link\"><a href=\"https:\/\/www.salvatoremolettieri.com\/en\/selezione-dei-vini-campani-diploma-di-merito-e-distinzione-campania-felix-a-taurasi-docg-vigna-cinque-querce-2002\/\" title=\"Selezione dei Vini Campani: Diploma di Merito e Distinzione Campania Felix a Taurasi DOCG &#8220;Vigna Cinque Querce&#8221; 2002\" class=\"vc_gitem-link vc-zone-link\" ><\/a><div class=\"vc_gitem-zone-mini\"><div class=\"vc_gitem_row vc_row vc_gitem-row-position-middle\"><div class=\"vc_col-sm-12 vc_gitem-col vc_gitem-col-align-\"><div class=\"vc_custom_heading vc_gitem-post-data vc_gitem-post-data-source-post_date\" ><div style=\"font-size: 12px;color: #dbdbdb;text-align: center;font-family:Roboto;font-weight:300;font-style:normal\" >8 September 2006<\/div><\/div><div class=\"vc_custom_heading vc_gitem-post-data vc_gitem-post-data-source-post_title\" ><div style=\"font-size: 24px;color: #ffffff;line-height: 1.3;text-align: center;font-family:Roboto;font-weight:400;font-style:normal\" >Selezione dei Vini Campani: Diploma di Merito e Distinzione Campania Felix a Taurasi DOCG &#8220;Vigna Cinque Querce&#8221; 2002<\/div><\/div><\/div><\/div><\/div><\/div><\/div><\/div><div class=\"vc_clearfix\"><\/div><\/div><div class=\"vc_grid-item vc_clearfix vc_col-sm-12\"><div class=\"vc_grid-item-mini vc_clearfix\"><div class=\"vc_gitem-animated-block  vc_gitem-animate vc_gitem-animate-scaleRotateIn\"  data-vc-animation=\"scaleRotateIn\"><div class=\"vc_gitem-zone vc_gitem-zone-a vc_gitem-is-link\" style=\"background-image: url('https:\/\/www.salvatoremolettieri.com\/wp-content\/uploads\/2006\/09\/2006_-_Winart-thumb.jpg') !important;\"><a href=\"https:\/\/www.salvatoremolettieri.com\/en\/menzionato-tra-i-migliori-vini-ditalia-dalla-rivista-giapponese-winart\/\" title=\"Menzionato tra i migliori vini d&#8217;Italia dalla rivista giapponese Winart\" class=\"vc_gitem-link vc-zone-link\" ><\/a><img decoding=\"async\" class=\"vc_gitem-zone-img\" src=\"https:\/\/www.salvatoremolettieri.com\/wp-content\/uploads\/2006\/09\/2006_-_Winart-thumb.jpg\" alt=\"Menzionato tra i migliori vini d'Italia dalla rivista giapponese Winart\" loading=\"lazy\"><div class=\"vc_gitem-zone-mini\"><\/div><\/div><div class=\"vc_gitem-zone vc_gitem-zone-b vc_custom_1419329305433 vc-gitem-zone-height-mode-auto vc_gitem-is-link\"><a href=\"https:\/\/www.salvatoremolettieri.com\/en\/menzionato-tra-i-migliori-vini-ditalia-dalla-rivista-giapponese-winart\/\" title=\"Menzionato tra i migliori vini d&#8217;Italia dalla rivista giapponese Winart\" class=\"vc_gitem-link vc-zone-link\" ><\/a><div class=\"vc_gitem-zone-mini\"><div class=\"vc_gitem_row vc_row vc_gitem-row-position-middle\"><div class=\"vc_col-sm-12 vc_gitem-col vc_gitem-col-align-\"><div class=\"vc_custom_heading vc_gitem-post-data vc_gitem-post-data-source-post_date\" ><div style=\"font-size: 12px;color: #dbdbdb;text-align: center;font-family:Roboto;font-weight:300;font-style:normal\" >8 September 2006<\/div><\/div><div class=\"vc_custom_heading vc_gitem-post-data vc_gitem-post-data-source-post_title\" ><div style=\"font-size: 24px;color: #ffffff;line-height: 1.3;text-align: center;font-family:Roboto;font-weight:400;font-style:normal\" >Menzionato tra i migliori vini d&#8217;Italia dalla rivista giapponese Winart<\/div><\/div><\/div><\/div><\/div><\/div><\/div><\/div><div class=\"vc_clearfix\"><\/div><\/div><div class=\"vc_grid-item vc_clearfix vc_col-sm-12\"><div class=\"vc_grid-item-mini vc_clearfix\"><div class=\"vc_gitem-animated-block  vc_gitem-animate vc_gitem-animate-scaleRotateIn\"  data-vc-animation=\"scaleRotateIn\"><div class=\"vc_gitem-zone vc_gitem-zone-a vc_gitem-is-link\" style=\"background-image: url('https:\/\/www.salvatoremolettieri.com\/wp-content\/uploads\/2005\/09\/2005-I-vini-d-Italia-thumb.jpg') !important;\"><a href=\"https:\/\/www.salvatoremolettieri.com\/en\/i-vini-ditalia-de-lespresso-vino-delleccellenza-a-taurasi-docg-riserva-vigna-cinque-querce-1999\/\" title=\"I Vini d&#8217;Italia de L&#8217;Espresso: Vino dell&#8217;Eccellenza a Taurasi DOCG Riserva &#8220;Vigna Cinque Querce&#8221; 1999\" class=\"vc_gitem-link vc-zone-link\" ><\/a><img decoding=\"async\" class=\"vc_gitem-zone-img\" src=\"https:\/\/www.salvatoremolettieri.com\/wp-content\/uploads\/2005\/09\/2005-I-vini-d-Italia-thumb.jpg\" alt=\"I Vini d'Italia de L'Espresso: Vino dell'Eccellenza a Taurasi DOCG Riserva \"vigna cinque querce\" 1999\" loading=\"lazy\"><div class=\"vc_gitem-zone-mini\"><\/div><\/div><div class=\"vc_gitem-zone vc_gitem-zone-b vc_custom_1419329305433 vc-gitem-zone-height-mode-auto vc_gitem-is-link\"><a href=\"https:\/\/www.salvatoremolettieri.com\/en\/i-vini-ditalia-de-lespresso-vino-delleccellenza-a-taurasi-docg-riserva-vigna-cinque-querce-1999\/\" title=\"I Vini d&#8217;Italia de L&#8217;Espresso: Vino dell&#8217;Eccellenza a Taurasi DOCG Riserva &#8220;Vigna Cinque Querce&#8221; 1999\" class=\"vc_gitem-link vc-zone-link\" ><\/a><div class=\"vc_gitem-zone-mini\"><div class=\"vc_gitem_row vc_row vc_gitem-row-position-middle\"><div class=\"vc_col-sm-12 vc_gitem-col vc_gitem-col-align-\"><div class=\"vc_custom_heading vc_gitem-post-data vc_gitem-post-data-source-post_date\" ><div style=\"font-size: 12px;color: #dbdbdb;text-align: center;font-family:Roboto;font-weight:300;font-style:normal\" >8 September 2005<\/div><\/div><div class=\"vc_custom_heading vc_gitem-post-data vc_gitem-post-data-source-post_title\" ><div style=\"font-size: 24px;color: #ffffff;line-height: 1.3;text-align: center;font-family:Roboto;font-weight:400;font-style:normal\" >I Vini d&#8217;Italia de L&#8217;Espresso: Vino dell&#8217;Eccellenza a Taurasi DOCG Riserva &#8220;Vigna Cinque Querce&#8221; 1999<\/div><\/div><\/div><\/div><\/div><\/div><\/div><\/div><div class=\"vc_clearfix\"><\/div><\/div><div class=\"vc_grid-item vc_clearfix vc_col-sm-12\"><div class=\"vc_grid-item-mini vc_clearfix\"><div class=\"vc_gitem-animated-block  vc_gitem-animate vc_gitem-animate-scaleRotateIn\"  data-vc-animation=\"scaleRotateIn\"><div class=\"vc_gitem-zone vc_gitem-zone-a vc_gitem-is-link\" style=\"background-image: url('https:\/\/www.salvatoremolettieri.com\/wp-content\/uploads\/2005\/09\/2005-Vini-Buoni-d-Italia-thumb.jpg') !important;\"><a href=\"https:\/\/www.salvatoremolettieri.com\/en\/vini-buoni-ditalia-attestato-di-appartenenza-ai-migliori-vini-della-produzione-italiana-a-taurasi-docg-vigna-cinque-querce-2000-e-speciale-menzione-di-merito\/\" title=\"Vini Buoni d&#8217;Italia: attestato di appartenenza ai migliori vini della produzione italiana a Taurasi DOCG &#8220;Vigna Cinque Querce&#8221; 2000 e speciale menzione di merito\" class=\"vc_gitem-link vc-zone-link\" ><\/a><img decoding=\"async\" class=\"vc_gitem-zone-img\" src=\"https:\/\/www.salvatoremolettieri.com\/wp-content\/uploads\/2005\/09\/2005-Vini-Buoni-d-Italia-thumb.jpg\" alt=\"Vini Buoni d'Italia: attestato di appartenenza ai migliori vini della produzione italiana a Taurasi DOCG \"vigna cinque querce\" 2000 e speciale menzione di merito\" loading=\"lazy\"><div class=\"vc_gitem-zone-mini\"><\/div><\/div><div class=\"vc_gitem-zone vc_gitem-zone-b vc_custom_1419329305433 vc-gitem-zone-height-mode-auto vc_gitem-is-link\"><a href=\"https:\/\/www.salvatoremolettieri.com\/en\/vini-buoni-ditalia-attestato-di-appartenenza-ai-migliori-vini-della-produzione-italiana-a-taurasi-docg-vigna-cinque-querce-2000-e-speciale-menzione-di-merito\/\" title=\"Vini Buoni d&#8217;Italia: attestato di appartenenza ai migliori vini della produzione italiana a Taurasi DOCG &#8220;Vigna Cinque Querce&#8221; 2000 e speciale menzione di merito\" class=\"vc_gitem-link vc-zone-link\" ><\/a><div class=\"vc_gitem-zone-mini\"><div class=\"vc_gitem_row vc_row vc_gitem-row-position-middle\"><div class=\"vc_col-sm-12 vc_gitem-col vc_gitem-col-align-\"><div class=\"vc_custom_heading vc_gitem-post-data vc_gitem-post-data-source-post_date\" ><div style=\"font-size: 12px;color: #dbdbdb;text-align: center;font-family:Roboto;font-weight:300;font-style:normal\" >8 September 2005<\/div><\/div><div class=\"vc_custom_heading vc_gitem-post-data vc_gitem-post-data-source-post_title\" ><div style=\"font-size: 24px;color: #ffffff;line-height: 1.3;text-align: center;font-family:Roboto;font-weight:400;font-style:normal\" >Vini Buoni d&#8217;Italia: attestato di appartenenza ai migliori vini della produzione italiana a Taurasi DOCG &#8220;Vigna Cinque Querce&#8221; 2000 e speciale menzione di merito<\/div><\/div><\/div><\/div><\/div><\/div><\/div><\/div><div class=\"vc_clearfix\"><\/div><\/div><div class=\"vc_grid-item vc_clearfix vc_col-sm-12\"><div class=\"vc_grid-item-mini vc_clearfix\"><div class=\"vc_gitem-animated-block  vc_gitem-animate vc_gitem-animate-scaleRotateIn\"  data-vc-animation=\"scaleRotateIn\"><div class=\"vc_gitem-zone vc_gitem-zone-a vc_gitem-is-link\" style=\"background-image: url('https:\/\/www.salvatoremolettieri.com\/wp-content\/uploads\/2005\/09\/2005-Winart-thumb.jpg') !important;\"><a href=\"https:\/\/www.salvatoremolettieri.com\/en\/taurasi-docg-riserva-vigna-cinque-querce-1999-menzionato-tra-i-migliori-vini-ditalia-dalla-rivista-giapponese-winart\/\" title=\"Taurasi DOCG Riserva &#8220;Vigna Cinque Querce&#8221; 1999: menzionato tra i migliori vini d&#8217;Italia dalla rivista giapponese Winart\" class=\"vc_gitem-link vc-zone-link\" ><\/a><img decoding=\"async\" class=\"vc_gitem-zone-img\" src=\"https:\/\/www.salvatoremolettieri.com\/wp-content\/uploads\/2005\/09\/2005-Winart-thumb.jpg\" alt=\"Taurasi DOCG Riserva \"vigna cinque querce\" 1999: menzionato tra i migliori vini d'italia dalla rivista giapponese winart\" loading=\"lazy\"><div class=\"vc_gitem-zone-mini\"><\/div><\/div><div class=\"vc_gitem-zone vc_gitem-zone-b vc_custom_1419329305433 vc-gitem-zone-height-mode-auto vc_gitem-is-link\"><a href=\"https:\/\/www.salvatoremolettieri.com\/en\/taurasi-docg-riserva-vigna-cinque-querce-1999-menzionato-tra-i-migliori-vini-ditalia-dalla-rivista-giapponese-winart\/\" title=\"Taurasi DOCG Riserva &#8220;Vigna Cinque Querce&#8221; 1999: menzionato tra i migliori vini d&#8217;Italia dalla rivista giapponese Winart\" class=\"vc_gitem-link vc-zone-link\" ><\/a><div class=\"vc_gitem-zone-mini\"><div class=\"vc_gitem_row vc_row vc_gitem-row-position-middle\"><div class=\"vc_col-sm-12 vc_gitem-col vc_gitem-col-align-\"><div class=\"vc_custom_heading vc_gitem-post-data vc_gitem-post-data-source-post_date\" ><div style=\"font-size: 12px;color: #dbdbdb;text-align: center;font-family:Roboto;font-weight:300;font-style:normal\" >8 September 2005<\/div><\/div><div class=\"vc_custom_heading vc_gitem-post-data vc_gitem-post-data-source-post_title\" ><div style=\"font-size: 24px;color: #ffffff;line-height: 1.3;text-align: center;font-family:Roboto;font-weight:400;font-style:normal\" >Taurasi DOCG Riserva &#8220;Vigna Cinque Querce&#8221; 1999: menzionato tra i migliori vini d&#8217;Italia dalla rivista giapponese Winart<\/div><\/div><\/div><\/div><\/div><\/div><\/div><\/div><div class=\"vc_clearfix\"><\/div><\/div><div class=\"vc_grid-item vc_clearfix vc_col-sm-12\"><div class=\"vc_grid-item-mini vc_clearfix\"><div class=\"vc_gitem-animated-block  vc_gitem-animate vc_gitem-animate-scaleRotateIn\"  data-vc-animation=\"scaleRotateIn\"><div class=\"vc_gitem-zone vc_gitem-zone-a vc_gitem-is-link\" style=\"background-image: url('https:\/\/www.salvatoremolettieri.com\/wp-content\/uploads\/2004\/09\/2004-Concorso-Enologico-Internazionale-38-Vinitaly-thumb.jpg') !important;\"><a href=\"https:\/\/www.salvatoremolettieri.com\/en\/38-vinitaly-gran-menzione-al-taurasi-docg-vigna-cinque-querce-2000\/\" title=\"38\u00b0 Vinitaly: Gran Menzione al Taurasi DOCG &#8220;Vigna Cinque Querce&#8221; 2000\" class=\"vc_gitem-link vc-zone-link\" ><\/a><img decoding=\"async\" class=\"vc_gitem-zone-img\" src=\"https:\/\/www.salvatoremolettieri.com\/wp-content\/uploads\/2004\/09\/2004-Concorso-Enologico-Internazionale-38-Vinitaly-thumb.jpg\" alt=\"38\u00b0 Vinitaly: Gran Menzione al Taurasi DOCG \"vigna cinque querce\" 2000\" loading=\"lazy\"><div class=\"vc_gitem-zone-mini\"><\/div><\/div><div class=\"vc_gitem-zone vc_gitem-zone-b vc_custom_1419329305433 vc-gitem-zone-height-mode-auto vc_gitem-is-link\"><a href=\"https:\/\/www.salvatoremolettieri.com\/en\/38-vinitaly-gran-menzione-al-taurasi-docg-vigna-cinque-querce-2000\/\" title=\"38\u00b0 Vinitaly: Gran Menzione al Taurasi DOCG &#8220;Vigna Cinque Querce&#8221; 2000\" class=\"vc_gitem-link vc-zone-link\" ><\/a><div class=\"vc_gitem-zone-mini\"><div class=\"vc_gitem_row vc_row vc_gitem-row-position-middle\"><div class=\"vc_col-sm-12 vc_gitem-col vc_gitem-col-align-\"><div class=\"vc_custom_heading vc_gitem-post-data vc_gitem-post-data-source-post_date\" ><div style=\"font-size: 12px;color: #dbdbdb;text-align: center;font-family:Roboto;font-weight:300;font-style:normal\" >8 September 2004<\/div><\/div><div class=\"vc_custom_heading vc_gitem-post-data vc_gitem-post-data-source-post_title\" ><div style=\"font-size: 24px;color: #ffffff;line-height: 1.3;text-align: center;font-family:Roboto;font-weight:400;font-style:normal\" >38\u00b0 Vinitaly: Gran Menzione al Taurasi DOCG &#8220;Vigna Cinque Querce&#8221; 2000<\/div><\/div><\/div><\/div><\/div><\/div><\/div><\/div><div class=\"vc_clearfix\"><\/div><\/div><div class=\"vc_grid-item vc_clearfix vc_col-sm-12\"><div class=\"vc_grid-item-mini vc_clearfix\"><div class=\"vc_gitem-animated-block  vc_gitem-animate vc_gitem-animate-scaleRotateIn\"  data-vc-animation=\"scaleRotateIn\"><div class=\"vc_gitem-zone vc_gitem-zone-a vc_gitem-is-link\" style=\"background-image: url('https:\/\/www.salvatoremolettieri.com\/wp-content\/uploads\/2004\/09\/2004-Archetti-Vini-d-Italia-AG-thumb.jpg') !important;\"><a href=\"https:\/\/www.salvatoremolettieri.com\/en\/basile-archetti-vini-ditalia-ag-medaglia-doro-al-taurasi-docg-vigna-cinque-querce-1999\/\" title=\"Basile &#8220;Archetti Vini d&#8217;italia AG&#8221;: Medaglia d&#8217;oro al Taurasi DOCG &#8220;Vigna Cinque Querce&#8221; 1999\" class=\"vc_gitem-link vc-zone-link\" ><\/a><img decoding=\"async\" class=\"vc_gitem-zone-img\" src=\"https:\/\/www.salvatoremolettieri.com\/wp-content\/uploads\/2004\/09\/2004-Archetti-Vini-d-Italia-AG-thumb.jpg\" alt=\"Basile \"archetti vini d'italia ag\": medaglia d'oro al taurasi docg \"vigna cinque querce\" 1999\" loading=\"lazy\"><div class=\"vc_gitem-zone-mini\"><\/div><\/div><div class=\"vc_gitem-zone vc_gitem-zone-b vc_custom_1419329305433 vc-gitem-zone-height-mode-auto vc_gitem-is-link\"><a href=\"https:\/\/www.salvatoremolettieri.com\/en\/basile-archetti-vini-ditalia-ag-medaglia-doro-al-taurasi-docg-vigna-cinque-querce-1999\/\" title=\"Basile &#8220;Archetti Vini d&#8217;italia AG&#8221;: Medaglia d&#8217;oro al Taurasi DOCG &#8220;Vigna Cinque Querce&#8221; 1999\" class=\"vc_gitem-link vc-zone-link\" ><\/a><div class=\"vc_gitem-zone-mini\"><div class=\"vc_gitem_row vc_row vc_gitem-row-position-middle\"><div class=\"vc_col-sm-12 vc_gitem-col vc_gitem-col-align-\"><div class=\"vc_custom_heading vc_gitem-post-data vc_gitem-post-data-source-post_date\" ><div style=\"font-size: 12px;color: #dbdbdb;text-align: center;font-family:Roboto;font-weight:300;font-style:normal\" >8 September 2004<\/div><\/div><div class=\"vc_custom_heading vc_gitem-post-data vc_gitem-post-data-source-post_title\" ><div style=\"font-size: 24px;color: #ffffff;line-height: 1.3;text-align: center;font-family:Roboto;font-weight:400;font-style:normal\" >Basile &#8220;Archetti Vini d&#8217;italia AG&#8221;: Medaglia d&#8217;oro al Taurasi DOCG &#8220;Vigna Cinque Querce&#8221; 1999<\/div><\/div><\/div><\/div><\/div><\/div><\/div><\/div><div class=\"vc_clearfix\"><\/div><\/div><div class=\"vc_grid-item vc_clearfix vc_col-sm-12\"><div class=\"vc_grid-item-mini vc_clearfix\"><div class=\"vc_gitem-animated-block  vc_gitem-animate vc_gitem-animate-scaleRotateIn\"  data-vc-animation=\"scaleRotateIn\"><div class=\"vc_gitem-zone vc_gitem-zone-a vc_gitem-is-link\" style=\"background-image: url('https:\/\/www.salvatoremolettieri.com\/wp-content\/uploads\/2004\/09\/2004-A-D-2000-Taurasi-DOCG-thumb.jpg') !important;\"><a href=\"https:\/\/www.salvatoremolettieri.com\/en\/anteprima-taurasi-attestato-di-partecipazione-a-taurasi-docg-vigna-cinque-querce-2000\/\" title=\"Anteprima Taurasi: attestato di partecipazione a Taurasi DOCG &#8220;Vigna Cinque Querce&#8221; 2000\" class=\"vc_gitem-link vc-zone-link\" ><\/a><img decoding=\"async\" class=\"vc_gitem-zone-img\" src=\"https:\/\/www.salvatoremolettieri.com\/wp-content\/uploads\/2004\/09\/2004-A-D-2000-Taurasi-DOCG-thumb.jpg\" alt=\"Anteprima Taurasi: attestato di partecipazione a Taurasi DOCG \"vigna cinque querce\" 2000\" loading=\"lazy\"><div class=\"vc_gitem-zone-mini\"><\/div><\/div><div class=\"vc_gitem-zone vc_gitem-zone-b vc_custom_1419329305433 vc-gitem-zone-height-mode-auto vc_gitem-is-link\"><a href=\"https:\/\/www.salvatoremolettieri.com\/en\/anteprima-taurasi-attestato-di-partecipazione-a-taurasi-docg-vigna-cinque-querce-2000\/\" title=\"Anteprima Taurasi: attestato di partecipazione a Taurasi DOCG &#8220;Vigna Cinque Querce&#8221; 2000\" class=\"vc_gitem-link vc-zone-link\" ><\/a><div class=\"vc_gitem-zone-mini\"><div class=\"vc_gitem_row vc_row vc_gitem-row-position-middle\"><div class=\"vc_col-sm-12 vc_gitem-col vc_gitem-col-align-\"><div class=\"vc_custom_heading vc_gitem-post-data vc_gitem-post-data-source-post_date\" ><div style=\"font-size: 12px;color: #dbdbdb;text-align: center;font-family:Roboto;font-weight:300;font-style:normal\" >8 September 2004<\/div><\/div><div class=\"vc_custom_heading vc_gitem-post-data vc_gitem-post-data-source-post_title\" ><div style=\"font-size: 24px;color: #ffffff;line-height: 1.3;text-align: center;font-family:Roboto;font-weight:400;font-style:normal\" >Anteprima Taurasi: attestato di partecipazione a Taurasi DOCG &#8220;Vigna Cinque Querce&#8221; 2000<\/div><\/div><\/div><\/div><\/div><\/div><\/div><\/div><div class=\"vc_clearfix\"><\/div><\/div><div class=\"vc_grid-item vc_clearfix vc_col-sm-12\"><div class=\"vc_grid-item-mini vc_clearfix\"><div class=\"vc_gitem-animated-block  vc_gitem-animate vc_gitem-animate-scaleRotateIn\"  data-vc-animation=\"scaleRotateIn\"><div class=\"vc_gitem-zone vc_gitem-zone-a vc_gitem-is-link\" style=\"background-image: url('https:\/\/www.salvatoremolettieri.com\/wp-content\/uploads\/2003\/09\/2003-Winart-thumb.jpg') !important;\"><a href=\"https:\/\/www.salvatoremolettieri.com\/en\/taurasi-docg-vigna-cinque-querce-1999-giudicato-il-migliore-tra-i-cento-vini-ditalia-selezionati-dalla-rivista-giapponese-winart-con-punteggio-97-100\/\" title=\"Taurasi DOCG &#8220;Vigna Cinque Querce&#8221; 1999: giudicato il migliore tra i cento vini d&#8217;Italia selezionati dalla rivista giapponese Winart, con punteggio 97\/100\" class=\"vc_gitem-link vc-zone-link\" ><\/a><img decoding=\"async\" class=\"vc_gitem-zone-img\" src=\"https:\/\/www.salvatoremolettieri.com\/wp-content\/uploads\/2003\/09\/2003-Winart-thumb.jpg\" alt=\"Taurasi DOCG \"vigna cinque querce\" 1999: giudicato il migliore tra i cento vini d'italia selezionati dalla rivista giapponese winart, con punteggio 97100\" loading=\"lazy\"><div class=\"vc_gitem-zone-mini\"><\/div><\/div><div class=\"vc_gitem-zone vc_gitem-zone-b vc_custom_1419329305433 vc-gitem-zone-height-mode-auto vc_gitem-is-link\"><a href=\"https:\/\/www.salvatoremolettieri.com\/en\/taurasi-docg-vigna-cinque-querce-1999-giudicato-il-migliore-tra-i-cento-vini-ditalia-selezionati-dalla-rivista-giapponese-winart-con-punteggio-97-100\/\" title=\"Taurasi DOCG &#8220;Vigna Cinque Querce&#8221; 1999: giudicato il migliore tra i cento vini d&#8217;Italia selezionati dalla rivista giapponese Winart, con punteggio 97\/100\" class=\"vc_gitem-link vc-zone-link\" ><\/a><div class=\"vc_gitem-zone-mini\"><div class=\"vc_gitem_row vc_row vc_gitem-row-position-middle\"><div class=\"vc_col-sm-12 vc_gitem-col vc_gitem-col-align-\"><div class=\"vc_custom_heading vc_gitem-post-data vc_gitem-post-data-source-post_date\" ><div style=\"font-size: 12px;color: #dbdbdb;text-align: center;font-family:Roboto;font-weight:300;font-style:normal\" >8 September 2003<\/div><\/div><div class=\"vc_custom_heading vc_gitem-post-data vc_gitem-post-data-source-post_title\" ><div style=\"font-size: 24px;color: #ffffff;line-height: 1.3;text-align: center;font-family:Roboto;font-weight:400;font-style:normal\" >Taurasi DOCG &#8220;Vigna Cinque Querce&#8221; 1999: giudicato il migliore tra i cento vini d&#8217;Italia selezionati dalla rivista giapponese Winart, con punteggio 97\/100<\/div><\/div><\/div><\/div><\/div><\/div><\/div><\/div><div class=\"vc_clearfix\"><\/div><\/div><div class=\"vc_grid-item vc_clearfix vc_col-sm-12\"><div class=\"vc_grid-item-mini vc_clearfix\"><div class=\"vc_gitem-animated-block  vc_gitem-animate vc_gitem-animate-scaleRotateIn\"  data-vc-animation=\"scaleRotateIn\"><div class=\"vc_gitem-zone vc_gitem-zone-a vc_gitem-is-link\" style=\"background-image: url('https:\/\/www.salvatoremolettieri.com\/wp-content\/uploads\/2002\/06\/2002-Selezione-dei-vini-campani-thumb.jpg') !important;\"><a href=\"https:\/\/www.salvatoremolettieri.com\/en\/selezione-dei-vini-campani-della-regione-campania-diploma-di-merito-al-taurasi-docg-vigna-cinque-querce-1998\/\" title=\"Selezione dei Vini Campani della Regione Campania: Diploma di Merito al Taurasi DOCG &#8220;Vigna Cinque Querce&#8221; 1998\" class=\"vc_gitem-link vc-zone-link\" ><\/a><img decoding=\"async\" class=\"vc_gitem-zone-img\" src=\"https:\/\/www.salvatoremolettieri.com\/wp-content\/uploads\/2002\/06\/2002-Selezione-dei-vini-campani-thumb.jpg\" alt=\"Selezione dei Vini Campani della Regione Campania: Diploma di Merito al Taurasi DOCG \"vigna cinque querce\" 1998\" loading=\"lazy\"><div class=\"vc_gitem-zone-mini\"><\/div><\/div><div class=\"vc_gitem-zone vc_gitem-zone-b vc_custom_1419329305433 vc-gitem-zone-height-mode-auto vc_gitem-is-link\"><a href=\"https:\/\/www.salvatoremolettieri.com\/en\/selezione-dei-vini-campani-della-regione-campania-diploma-di-merito-al-taurasi-docg-vigna-cinque-querce-1998\/\" title=\"Selezione dei Vini Campani della Regione Campania: Diploma di Merito al Taurasi DOCG &#8220;Vigna Cinque Querce&#8221; 1998\" class=\"vc_gitem-link vc-zone-link\" ><\/a><div class=\"vc_gitem-zone-mini\"><div class=\"vc_gitem_row vc_row vc_gitem-row-position-middle\"><div class=\"vc_col-sm-12 vc_gitem-col vc_gitem-col-align-\"><div class=\"vc_custom_heading vc_gitem-post-data vc_gitem-post-data-source-post_date\" ><div style=\"font-size: 12px;color: #dbdbdb;text-align: center;font-family:Roboto;font-weight:300;font-style:normal\" >14 June 2002<\/div><\/div><div class=\"vc_custom_heading vc_gitem-post-data vc_gitem-post-data-source-post_title\" ><div style=\"font-size: 24px;color: #ffffff;line-height: 1.3;text-align: center;font-family:Roboto;font-weight:400;font-style:normal\" >Selezione dei Vini Campani della Regione Campania: Diploma di Merito al Taurasi DOCG &#8220;Vigna Cinque Querce&#8221; 1998<\/div><\/div><\/div><\/div><\/div><\/div><\/div><\/div><div class=\"vc_clearfix\"><\/div><\/div><div class=\"vc_grid-item vc_clearfix vc_col-sm-12\"><div class=\"vc_grid-item-mini vc_clearfix\"><div class=\"vc_gitem-animated-block  vc_gitem-animate vc_gitem-animate-scaleRotateIn\"  data-vc-animation=\"scaleRotateIn\"><div class=\"vc_gitem-zone vc_gitem-zone-a vc_gitem-is-link\" style=\"background-image: url('https:\/\/www.salvatoremolettieri.com\/wp-content\/uploads\/2002\/05\/2002-Concorso-Enologico-Internazionale-36-Vinitaly-Aglianico-thumb.jpg') !important;\"><a href=\"https:\/\/www.salvatoremolettieri.com\/en\/36-vinitaly-gran-menzione-a-irpinia-aglianico-doc-cinque-querce-2000\/\" title=\"36\u00b0 Vinitaly: Gran Menzione a Irpinia Aglianico DOC &#8220;Cinque Querce&#8221; 2000\" class=\"vc_gitem-link vc-zone-link\" ><\/a><img decoding=\"async\" class=\"vc_gitem-zone-img\" src=\"https:\/\/www.salvatoremolettieri.com\/wp-content\/uploads\/2002\/05\/2002-Concorso-Enologico-Internazionale-36-Vinitaly-Aglianico-thumb.jpg\" alt=\"36\u00b0 Vinitaly: Gran Menzione a Irpinia Aglianico DOC \"cinque querce\" 2000\" loading=\"lazy\"><div class=\"vc_gitem-zone-mini\"><\/div><\/div><div class=\"vc_gitem-zone vc_gitem-zone-b vc_custom_1419329305433 vc-gitem-zone-height-mode-auto vc_gitem-is-link\"><a href=\"https:\/\/www.salvatoremolettieri.com\/en\/36-vinitaly-gran-menzione-a-irpinia-aglianico-doc-cinque-querce-2000\/\" title=\"36\u00b0 Vinitaly: Gran Menzione a Irpinia Aglianico DOC &#8220;Cinque Querce&#8221; 2000\" class=\"vc_gitem-link vc-zone-link\" ><\/a><div class=\"vc_gitem-zone-mini\"><div class=\"vc_gitem_row vc_row vc_gitem-row-position-middle\"><div class=\"vc_col-sm-12 vc_gitem-col vc_gitem-col-align-\"><div class=\"vc_custom_heading vc_gitem-post-data vc_gitem-post-data-source-post_date\" ><div style=\"font-size: 12px;color: #dbdbdb;text-align: center;font-family:Roboto;font-weight:300;font-style:normal\" >14 May 2002<\/div><\/div><div class=\"vc_custom_heading vc_gitem-post-data vc_gitem-post-data-source-post_title\" ><div style=\"font-size: 24px;color: #ffffff;line-height: 1.3;text-align: center;font-family:Roboto;font-weight:400;font-style:normal\" >36\u00b0 Vinitaly: Gran Menzione a Irpinia Aglianico DOC &#8220;Cinque Querce&#8221; 2000<\/div><\/div><\/div><\/div><\/div><\/div><\/div><\/div><div class=\"vc_clearfix\"><\/div><\/div><div class=\"vc_grid-item vc_clearfix vc_col-sm-12\"><div class=\"vc_grid-item-mini vc_clearfix\"><div class=\"vc_gitem-animated-block  vc_gitem-animate vc_gitem-animate-scaleRotateIn\"  data-vc-animation=\"scaleRotateIn\"><div class=\"vc_gitem-zone vc_gitem-zone-a vc_gitem-is-link\" style=\"background-image: url('https:\/\/www.salvatoremolettieri.com\/wp-content\/uploads\/2002\/05\/2002-Concorso-Enologico-Internazionale-36-Vinitaly-Taurasi-1998-thumb.jpg') !important;\"><a href=\"https:\/\/www.salvatoremolettieri.com\/en\/36-vinitaly-gran-menzione-al-taurasi-docg-vigna-cinque-querce-1998\/\" title=\"36\u00b0 Vinitaly: Gran Menzione al Taurasi DOCG &#8220;Vigna Cinque Querce&#8221; 1998\" class=\"vc_gitem-link vc-zone-link\" ><\/a><img decoding=\"async\" class=\"vc_gitem-zone-img\" src=\"https:\/\/www.salvatoremolettieri.com\/wp-content\/uploads\/2002\/05\/2002-Concorso-Enologico-Internazionale-36-Vinitaly-Taurasi-1998-thumb.jpg\" alt=\"36\u00b0 Vinitaly: Gran Menzione al Taurasi DOCG \"vigna cinque querce\" 1998\" loading=\"lazy\"><div class=\"vc_gitem-zone-mini\"><\/div><\/div><div class=\"vc_gitem-zone vc_gitem-zone-b vc_custom_1419329305433 vc-gitem-zone-height-mode-auto vc_gitem-is-link\"><a href=\"https:\/\/www.salvatoremolettieri.com\/en\/36-vinitaly-gran-menzione-al-taurasi-docg-vigna-cinque-querce-1998\/\" title=\"36\u00b0 Vinitaly: Gran Menzione al Taurasi DOCG &#8220;Vigna Cinque Querce&#8221; 1998\" class=\"vc_gitem-link vc-zone-link\" ><\/a><div class=\"vc_gitem-zone-mini\"><div class=\"vc_gitem_row vc_row vc_gitem-row-position-middle\"><div class=\"vc_col-sm-12 vc_gitem-col vc_gitem-col-align-\"><div class=\"vc_custom_heading vc_gitem-post-data vc_gitem-post-data-source-post_date\" ><div style=\"font-size: 12px;color: #dbdbdb;text-align: center;font-family:Roboto;font-weight:300;font-style:normal\" >14 May 2002<\/div><\/div><div class=\"vc_custom_heading vc_gitem-post-data vc_gitem-post-data-source-post_title\" ><div style=\"font-size: 24px;color: #ffffff;line-height: 1.3;text-align: center;font-family:Roboto;font-weight:400;font-style:normal\" >36\u00b0 Vinitaly: Gran Menzione al Taurasi DOCG &#8220;Vigna Cinque Querce&#8221; 1998<\/div><\/div><\/div><\/div><\/div><\/div><\/div><\/div><div class=\"vc_clearfix\"><\/div><\/div><div class=\"vc_grid-item vc_clearfix vc_col-sm-12\"><div class=\"vc_grid-item-mini vc_clearfix\"><div class=\"vc_gitem-animated-block  vc_gitem-animate vc_gitem-animate-scaleRotateIn\"  data-vc-animation=\"scaleRotateIn\"><div class=\"vc_gitem-zone vc_gitem-zone-a vc_gitem-is-link\" style=\"background-image: url('https:\/\/www.salvatoremolettieri.com\/wp-content\/uploads\/2002\/05\/2002-Concorso-Enologico-Internazionale-36-Vinitaly-Taurasi-1997-thumb.jpg') !important;\"><a href=\"https:\/\/www.salvatoremolettieri.com\/en\/36-vinitaly-gran-menzione-al-taurasi-docg-vigna-cinque-querce-1997\/\" title=\"36\u00b0 Vinitaly: Gran Menzione al Taurasi DOCG &#8220;Vigna Cinque Querce&#8221; 1997\" class=\"vc_gitem-link vc-zone-link\" ><\/a><img decoding=\"async\" class=\"vc_gitem-zone-img\" src=\"https:\/\/www.salvatoremolettieri.com\/wp-content\/uploads\/2002\/05\/2002-Concorso-Enologico-Internazionale-36-Vinitaly-Taurasi-1997-thumb.jpg\" alt=\"36\u00b0 Vinitaly: Gran Menzione al Taurasi DOCG \"vigna cinque querce\" 1997\" loading=\"lazy\"><div class=\"vc_gitem-zone-mini\"><\/div><\/div><div class=\"vc_gitem-zone vc_gitem-zone-b vc_custom_1419329305433 vc-gitem-zone-height-mode-auto vc_gitem-is-link\"><a href=\"https:\/\/www.salvatoremolettieri.com\/en\/36-vinitaly-gran-menzione-al-taurasi-docg-vigna-cinque-querce-1997\/\" title=\"36\u00b0 Vinitaly: Gran Menzione al Taurasi DOCG &#8220;Vigna Cinque Querce&#8221; 1997\" class=\"vc_gitem-link vc-zone-link\" ><\/a><div class=\"vc_gitem-zone-mini\"><div class=\"vc_gitem_row vc_row vc_gitem-row-position-middle\"><div class=\"vc_col-sm-12 vc_gitem-col vc_gitem-col-align-\"><div class=\"vc_custom_heading vc_gitem-post-data vc_gitem-post-data-source-post_date\" ><div style=\"font-size: 12px;color: #dbdbdb;text-align: center;font-family:Roboto;font-weight:300;font-style:normal\" >13 May 2002<\/div><\/div><div class=\"vc_custom_heading vc_gitem-post-data vc_gitem-post-data-source-post_title\" ><div style=\"font-size: 24px;color: #ffffff;line-height: 1.3;text-align: center;font-family:Roboto;font-weight:400;font-style:normal\" >36\u00b0 Vinitaly: Gran Menzione al Taurasi DOCG &#8220;Vigna Cinque Querce&#8221; 1997<\/div><\/div><\/div><\/div><\/div><\/div><\/div><\/div><div class=\"vc_clearfix\"><\/div><\/div><div class=\"vc_grid-item vc_clearfix vc_col-sm-12\"><div class=\"vc_grid-item-mini vc_clearfix\"><div class=\"vc_gitem-animated-block  vc_gitem-animate vc_gitem-animate-scaleRotateIn\"  data-vc-animation=\"scaleRotateIn\"><div class=\"vc_gitem-zone vc_gitem-zone-a vc_gitem-is-link\" style=\"background-image: url('https:\/\/www.salvatoremolettieri.com\/wp-content\/uploads\/2001\/12\/2001-Concorso-Enologico-Internazionale-35-Vinitaly-thumb.jpg') !important;\"><a href=\"https:\/\/www.salvatoremolettieri.com\/en\/35-vinitaly-gran-menzione-al-taurasi-docg-vigna-cinque-querce-1997\/\" title=\"35\u00b0 Vinitaly: Gran Menzione al Taurasi DOCG &#8220;Vigna Cinque Querce&#8221; 1997\" class=\"vc_gitem-link vc-zone-link\" ><\/a><img decoding=\"async\" class=\"vc_gitem-zone-img\" src=\"https:\/\/www.salvatoremolettieri.com\/wp-content\/uploads\/2001\/12\/2001-Concorso-Enologico-Internazionale-35-Vinitaly-thumb.jpg\" alt=\"35\u00b0 Vinitaly: Gran Menzione al Taurasi DOCG \"vigna cinque querce\" 1997\" loading=\"lazy\"><div class=\"vc_gitem-zone-mini\"><\/div><\/div><div class=\"vc_gitem-zone vc_gitem-zone-b vc_custom_1419329305433 vc-gitem-zone-height-mode-auto vc_gitem-is-link\"><a href=\"https:\/\/www.salvatoremolettieri.com\/en\/35-vinitaly-gran-menzione-al-taurasi-docg-vigna-cinque-querce-1997\/\" title=\"35\u00b0 Vinitaly: Gran Menzione al Taurasi DOCG &#8220;Vigna Cinque Querce&#8221; 1997\" class=\"vc_gitem-link vc-zone-link\" ><\/a><div class=\"vc_gitem-zone-mini\"><div class=\"vc_gitem_row vc_row vc_gitem-row-position-middle\"><div class=\"vc_col-sm-12 vc_gitem-col vc_gitem-col-align-\"><div class=\"vc_custom_heading vc_gitem-post-data vc_gitem-post-data-source-post_date\" ><div style=\"font-size: 12px;color: #dbdbdb;text-align: center;font-family:Roboto;font-weight:300;font-style:normal\" >14 December 2001<\/div><\/div><div class=\"vc_custom_heading vc_gitem-post-data vc_gitem-post-data-source-post_title\" ><div style=\"font-size: 24px;color: #ffffff;line-height: 1.3;text-align: center;font-family:Roboto;font-weight:400;font-style:normal\" >35\u00b0 Vinitaly: Gran Menzione al Taurasi DOCG &#8220;Vigna Cinque Querce&#8221; 1997<\/div><\/div><\/div><\/div><\/div><\/div><\/div><\/div><div class=\"vc_clearfix\"><\/div><\/div><div class=\"vc_grid-item vc_clearfix vc_col-sm-12\"><div class=\"vc_grid-item-mini vc_clearfix\"><div class=\"vc_gitem-animated-block  vc_gitem-animate vc_gitem-animate-scaleRotateIn\"  data-vc-animation=\"scaleRotateIn\"><div class=\"vc_gitem-zone vc_gitem-zone-a vc_gitem-is-link\" style=\"background-image: url('https:\/\/www.salvatoremolettieri.com\/wp-content\/uploads\/2000\/12\/2000-Il-Sommelier-Italiano-thumb.jpg') !important;\"><a href=\"https:\/\/www.salvatoremolettieri.com\/en\/il-sommelier-italiano-88-100-a-taurasi-docg-vigna-cinque-querce-1995\/\" title=\"Il Sommelier Italiano: 88\/100 a Taurasi DOCG &#8220;Vigna Cinque Querce&#8221; 1995\" class=\"vc_gitem-link vc-zone-link\" ><\/a><img decoding=\"async\" class=\"vc_gitem-zone-img\" src=\"https:\/\/www.salvatoremolettieri.com\/wp-content\/uploads\/2000\/12\/2000-Il-Sommelier-Italiano-thumb.jpg\" alt=\"Il Sommelier Italiano: 88\/100 a Taurasi DOCG \"vigna cinque querce\" 1995\" loading=\"lazy\"><div class=\"vc_gitem-zone-mini\"><\/div><\/div><div class=\"vc_gitem-zone vc_gitem-zone-b vc_custom_1419329305433 vc-gitem-zone-height-mode-auto vc_gitem-is-link\"><a href=\"https:\/\/www.salvatoremolettieri.com\/en\/il-sommelier-italiano-88-100-a-taurasi-docg-vigna-cinque-querce-1995\/\" title=\"Il Sommelier Italiano: 88\/100 a Taurasi DOCG &#8220;Vigna Cinque Querce&#8221; 1995\" class=\"vc_gitem-link vc-zone-link\" ><\/a><div class=\"vc_gitem-zone-mini\"><div class=\"vc_gitem_row vc_row vc_gitem-row-position-middle\"><div class=\"vc_col-sm-12 vc_gitem-col vc_gitem-col-align-\"><div class=\"vc_custom_heading vc_gitem-post-data vc_gitem-post-data-source-post_date\" ><div style=\"font-size: 12px;color: #dbdbdb;text-align: center;font-family:Roboto;font-weight:300;font-style:normal\" >14 December 2000<\/div><\/div><div class=\"vc_custom_heading vc_gitem-post-data vc_gitem-post-data-source-post_title\" ><div style=\"font-size: 24px;color: #ffffff;line-height: 1.3;text-align: center;font-family:Roboto;font-weight:400;font-style:normal\" >Il Sommelier Italiano: 88\/100 a Taurasi DOCG &#8220;Vigna Cinque Querce&#8221; 1995<\/div><\/div><\/div><\/div><\/div><\/div><\/div><\/div><div class=\"vc_clearfix\"><\/div><\/div><div class=\"vc_grid-item vc_clearfix vc_col-sm-12\"><div class=\"vc_grid-item-mini vc_clearfix\"><div class=\"vc_gitem-animated-block  vc_gitem-animate vc_gitem-animate-scaleRotateIn\"  data-vc-animation=\"scaleRotateIn\"><div class=\"vc_gitem-zone vc_gitem-zone-a vc_gitem-is-link\" style=\"background-image: url('https:\/\/www.salvatoremolettieri.com\/wp-content\/uploads\/2020\/12\/1999-Guida-al-vino-quotidiano-thumb.jpg') !important;\"><a href=\"https:\/\/www.salvatoremolettieri.com\/en\/guida-al-vino-quotidiano-di-slow-food-arcigola-etichetta-simbolo-di-un-vino-dallottimo-rapporto-qualita-prezzo-a-irpinia-doc-rosso-1996\/\" title=\"Guida al Vino Quotidiano di Slow Food Arcigola: etichetta simbolo di un vino dall&#8217;ottimo rapporto qualit\u00e0\/prezzo a Irpinia DOC Rosso 1996\" class=\"vc_gitem-link vc-zone-link\" ><\/a><img decoding=\"async\" class=\"vc_gitem-zone-img\" src=\"https:\/\/www.salvatoremolettieri.com\/wp-content\/uploads\/2020\/12\/1999-Guida-al-vino-quotidiano-thumb.jpg\" alt=\"Guida al Vino Quotidiano di Slow Food Arcigola: etichetta simbolo di un vino dall'ottimo rapporto qualit\u00e0\/prezzo a Irpinia DOC Rosso 1996\" loading=\"lazy\"><div class=\"vc_gitem-zone-mini\"><\/div><\/div><div class=\"vc_gitem-zone vc_gitem-zone-b vc_custom_1419329305433 vc-gitem-zone-height-mode-auto vc_gitem-is-link\"><a href=\"https:\/\/www.salvatoremolettieri.com\/en\/guida-al-vino-quotidiano-di-slow-food-arcigola-etichetta-simbolo-di-un-vino-dallottimo-rapporto-qualita-prezzo-a-irpinia-doc-rosso-1996\/\" title=\"Guida al Vino Quotidiano di Slow Food Arcigola: etichetta simbolo di un vino dall&#8217;ottimo rapporto qualit\u00e0\/prezzo a Irpinia DOC Rosso 1996\" class=\"vc_gitem-link vc-zone-link\" ><\/a><div class=\"vc_gitem-zone-mini\"><div class=\"vc_gitem_row vc_row vc_gitem-row-position-middle\"><div class=\"vc_col-sm-12 vc_gitem-col vc_gitem-col-align-\"><div class=\"vc_custom_heading vc_gitem-post-data vc_gitem-post-data-source-post_date\" ><div style=\"font-size: 12px;color: #dbdbdb;text-align: center;font-family:Roboto;font-weight:300;font-style:normal\" >14 December 1999<\/div><\/div><div class=\"vc_custom_heading vc_gitem-post-data vc_gitem-post-data-source-post_title\" ><div style=\"font-size: 24px;color: #ffffff;line-height: 1.3;text-align: center;font-family:Roboto;font-weight:400;font-style:normal\" >Guida al Vino Quotidiano di Slow Food Arcigola: etichetta simbolo di un vino dall&#8217;ottimo rapporto qualit\u00e0\/prezzo a Irpinia DOC Rosso 1996<\/div><\/div><\/div><\/div><\/div><\/div><\/div><\/div><div class=\"vc_clearfix\"><\/div><\/div><div class=\"vc_grid-item vc_clearfix vc_col-sm-12\"><div class=\"vc_grid-item-mini vc_clearfix\"><div class=\"vc_gitem-animated-block  vc_gitem-animate vc_gitem-animate-scaleRotateIn\"  data-vc-animation=\"scaleRotateIn\"><div class=\"vc_gitem-zone vc_gitem-zone-a vc_gitem-is-link\" style=\"background-image: url('https:\/\/www.salvatoremolettieri.com\/wp-content\/uploads\/1986\/12\/1986-Sagra-del-vino-Montemarano-thumb.jpg') !important;\"><a href=\"https:\/\/www.salvatoremolettieri.com\/en\/4a-edizione-sagra-del-vino-a-cura-dellassociazione-promontemarano-1-classificato\/\" title=\"4\u00aa edizione &#8220;Sagra del Vino&#8221; a cura dell&#8217;Associazione &#8220;Promontemarano&#8221;: 1\u00b0 classificato\" class=\"vc_gitem-link vc-zone-link\" ><\/a><img decoding=\"async\" class=\"vc_gitem-zone-img\" src=\"https:\/\/www.salvatoremolettieri.com\/wp-content\/uploads\/1986\/12\/1986-Sagra-del-vino-Montemarano-thumb.jpg\" alt=\"4\u00aa edizione \"sagra del vino\" a cura dell'associazione \"promontemarano\": 1\u00b0 classificato\" loading=\"lazy\"><div class=\"vc_gitem-zone-mini\"><\/div><\/div><div class=\"vc_gitem-zone vc_gitem-zone-b vc_custom_1419329305433 vc-gitem-zone-height-mode-auto vc_gitem-is-link\"><a href=\"https:\/\/www.salvatoremolettieri.com\/en\/4a-edizione-sagra-del-vino-a-cura-dellassociazione-promontemarano-1-classificato\/\" title=\"4\u00aa edizione &#8220;Sagra del Vino&#8221; a cura dell&#8217;Associazione &#8220;Promontemarano&#8221;: 1\u00b0 classificato\" class=\"vc_gitem-link vc-zone-link\" ><\/a><div class=\"vc_gitem-zone-mini\"><div class=\"vc_gitem_row vc_row vc_gitem-row-position-middle\"><div class=\"vc_col-sm-12 vc_gitem-col vc_gitem-col-align-\"><div class=\"vc_custom_heading vc_gitem-post-data vc_gitem-post-data-source-post_date\" ><div style=\"font-size: 12px;color: #dbdbdb;text-align: center;font-family:Roboto;font-weight:300;font-style:normal\" >14 December 1986<\/div><\/div><div class=\"vc_custom_heading vc_gitem-post-data vc_gitem-post-data-source-post_title\" ><div style=\"font-size: 24px;color: #ffffff;line-height: 1.3;text-align: center;font-family:Roboto;font-weight:400;font-style:normal\" >4\u00aa edizione &#8220;Sagra del Vino&#8221; a cura dell&#8217;Associazione &#8220;Promontemarano&#8221;: 1\u00b0 classificato<\/div><\/div><\/div><\/div><\/div><\/div><\/div><\/div><div class=\"vc_clearfix\"><\/div><\/div><div class=\"vc_grid-item vc_clearfix vc_col-sm-12\"><div class=\"vc_grid-item-mini vc_clearfix\"><div class=\"vc_gitem-animated-block  vc_gitem-animate vc_gitem-animate-scaleRotateIn\"  data-vc-animation=\"scaleRotateIn\"><div class=\"vc_gitem-zone vc_gitem-zone-a vc_gitem-is-link\" style=\"background-image: url('https:\/\/www.salvatoremolettieri.com\/wp-content\/uploads\/1985\/12\/1985-Sagra-del-vino-Montemarano-thumb.jpg') !important;\"><a href=\"https:\/\/www.salvatoremolettieri.com\/en\/3a-edizione-sagra-del-vino-a-cura-dellassociazione-promontemarano-1-classificato\/\" title=\"3\u00aa edizione &#8220;Sagra del Vino&#8221; a cura dell&#8217;Associazione &#8220;Promontemarano&#8221;: 1\u00b0 classificato\" class=\"vc_gitem-link vc-zone-link\" ><\/a><img decoding=\"async\" class=\"vc_gitem-zone-img\" src=\"https:\/\/www.salvatoremolettieri.com\/wp-content\/uploads\/1985\/12\/1985-Sagra-del-vino-Montemarano-thumb.jpg\" alt=\"3\u00aa edizione \"sagra del vino\" a cura dell'associazione \"promontemarano\": 1\u00b0 classificato\" loading=\"lazy\"><div class=\"vc_gitem-zone-mini\"><\/div><\/div><div class=\"vc_gitem-zone vc_gitem-zone-b vc_custom_1419329305433 vc-gitem-zone-height-mode-auto vc_gitem-is-link\"><a href=\"https:\/\/www.salvatoremolettieri.com\/en\/3a-edizione-sagra-del-vino-a-cura-dellassociazione-promontemarano-1-classificato\/\" title=\"3\u00aa edizione &#8220;Sagra del Vino&#8221; a cura dell&#8217;Associazione &#8220;Promontemarano&#8221;: 1\u00b0 classificato\" class=\"vc_gitem-link vc-zone-link\" ><\/a><div class=\"vc_gitem-zone-mini\"><div class=\"vc_gitem_row vc_row vc_gitem-row-position-middle\"><div class=\"vc_col-sm-12 vc_gitem-col vc_gitem-col-align-\"><div class=\"vc_custom_heading vc_gitem-post-data vc_gitem-post-data-source-post_date\" ><div style=\"font-size: 12px;color: #dbdbdb;text-align: center;font-family:Roboto;font-weight:300;font-style:normal\" >14 December 1985<\/div><\/div><div class=\"vc_custom_heading vc_gitem-post-data vc_gitem-post-data-source-post_title\" ><div style=\"font-size: 24px;color: #ffffff;line-height: 1.3;text-align: center;font-family:Roboto;font-weight:400;font-style:normal\" >3\u00aa edizione &#8220;Sagra del Vino&#8221; a cura dell&#8217;Associazione &#8220;Promontemarano&#8221;: 1\u00b0 classificato<\/div><\/div><\/div><\/div><\/div><\/div><\/div><\/div><div class=\"vc_clearfix\"><\/div><\/div><\/div><\/div>\n\t<\/div>\n<\/div><\/div><\/div><\/div><\/div><div class=\"vc_empty_space\"   style=\"height: 70px\"><span class=\"vc_empty_space_inner\"><\/span><\/div><\/div><\/div><\/div><div class=\"wpb_column vc_column_container vc_col-sm-1 sc_layouts_column_icons_position_left\"><div class=\"vc_column-inner\"><div class=\"wpb_wrapper\"><\/div><\/div><\/div><div class=\"wpb_column vc_column_container vc_col-sm-3 sc_layouts_column_icons_position_left\"><div class=\"vc_column-inner\"><div class=\"wpb_wrapper\"><div  class=\"wpb_widgetised_column wpb_content_element\">\n\t\t<div class=\"wpb_wrapper\">\n\t\t\t\n\t\t\t<aside id=\"nav_menu-4\" class=\"widget widget_nav_menu\"><h5 class=\"widget_title\">Awards<\/h5><div class=\"menu-menu-riconoscimenti-container\"><ul id=\"menu-menu-riconoscimenti\" class=\"menu\"><li id=\"menu-item-3774\" class=\"menu-item menu-item-type-post_type menu-item-object-page menu-item-3774\"><a href=\"https:\/\/www.salvatoremolettieri.com\/en\/riconoscimenti\/riconoscimenti-anno-2021\/\">Riconoscimenti Anno 2021<\/a><\/li>\n<li id=\"menu-item-2650\" class=\"menu-item menu-item-type-post_type menu-item-object-page menu-item-2650\"><a href=\"https:\/\/www.salvatoremolettieri.com\/en\/riconoscimenti\/riconoscimenti-anno-2020\/\">Awards Year 2020<\/a><\/li>\n<li id=\"menu-item-2045\" class=\"menu-item menu-item-type-post_type menu-item-object-page menu-item-2045\"><a href=\"https:\/\/www.salvatoremolettieri.com\/en\/riconoscimenti\/riconoscimenti-anno-2019\/\">Awards Year 2019<\/a><\/li>\n<li id=\"menu-item-2170\" class=\"menu-item menu-item-type-post_type menu-item-object-page menu-item-2170\"><a href=\"https:\/\/www.salvatoremolettieri.com\/en\/riconoscimenti\/riconoscimenti-anno-2018\/\">Awards Year 2018<\/a><\/li>\n<li id=\"menu-item-2651\" class=\"menu-item menu-item-type-post_type menu-item-object-page menu-item-2651\"><a href=\"https:\/\/www.salvatoremolettieri.com\/en\/riconoscimenti\/riconoscimenti-anno-2017\/\">Awards Year 2017<\/a><\/li>\n<li id=\"menu-item-2652\" class=\"menu-item menu-item-type-post_type menu-item-object-page menu-item-2652\"><a href=\"https:\/\/www.salvatoremolettieri.com\/en\/riconoscimenti\/riconoscimenti-anno-2016\/\">Awards Year 2016<\/a><\/li>\n<li id=\"menu-item-2653\" class=\"menu-item menu-item-type-post_type menu-item-object-page menu-item-2653\"><a href=\"https:\/\/www.salvatoremolettieri.com\/en\/riconoscimenti\/riconoscimenti-anno-2015\/\">Awards Year 2015<\/a><\/li>\n<li id=\"menu-item-2655\" class=\"menu-item menu-item-type-post_type menu-item-object-page menu-item-2655\"><a href=\"https:\/\/www.salvatoremolettieri.com\/en\/riconoscimenti\/riconoscimenti-anno-2014\/\">Awards Year 2014<\/a><\/li>\n<li id=\"menu-item-2654\" class=\"menu-item menu-item-type-post_type menu-item-object-page menu-item-2654\"><a href=\"https:\/\/www.salvatoremolettieri.com\/en\/riconoscimenti\/riconoscimenti-anno-2013\/\">Awards Year 2013<\/a><\/li>\n<li id=\"menu-item-2656\" class=\"menu-item menu-item-type-post_type menu-item-object-page menu-item-2656\"><a href=\"https:\/\/www.salvatoremolettieri.com\/en\/riconoscimenti\/riconoscimenti-anno-2012\/\">Awards Year 2012<\/a><\/li>\n<li id=\"menu-item-2657\" class=\"menu-item menu-item-type-post_type menu-item-object-page menu-item-2657\"><a href=\"https:\/\/www.salvatoremolettieri.com\/en\/riconoscimenti\/riconoscimenti-anno-2011\/\">Awards Year 2011<\/a><\/li>\n<li id=\"menu-item-2658\" class=\"menu-item menu-item-type-post_type menu-item-object-page menu-item-2658\"><a href=\"https:\/\/www.salvatoremolettieri.com\/en\/riconoscimenti\/riconoscimenti-anno-2010\/\">Awards Year 2010<\/a><\/li>\n<li id=\"menu-item-2659\" class=\"menu-item menu-item-type-post_type menu-item-object-page menu-item-2659\"><a href=\"https:\/\/www.salvatoremolettieri.com\/en\/riconoscimenti\/riconoscimenti-anno-2009\/\">Awards Year 2009<\/a><\/li>\n<li id=\"menu-item-2660\" class=\"menu-item menu-item-type-post_type menu-item-object-page menu-item-2660\"><a href=\"https:\/\/www.salvatoremolettieri.com\/en\/riconoscimenti\/riconoscimenti-anno-2008\/\">Awards Year 2008<\/a><\/li>\n<li id=\"menu-item-2661\" class=\"menu-item menu-item-type-post_type menu-item-object-page menu-item-2661\"><a href=\"https:\/\/www.salvatoremolettieri.com\/en\/riconoscimenti\/riconoscimenti-anno-2007\/\">Awards Year 2007<\/a><\/li>\n<li id=\"menu-item-2662\" class=\"menu-item menu-item-type-post_type menu-item-object-page menu-item-2662\"><a href=\"https:\/\/www.salvatoremolettieri.com\/en\/riconoscimenti\/riconoscimenti-anno-2006\/\">Awards Year 2006<\/a><\/li>\n<li id=\"menu-item-2663\" class=\"menu-item menu-item-type-post_type menu-item-object-page menu-item-2663\"><a href=\"https:\/\/www.salvatoremolettieri.com\/en\/riconoscimenti\/riconoscimenti-anno-2005\/\">Awards Year 2005<\/a><\/li>\n<li id=\"menu-item-2664\" class=\"menu-item menu-item-type-post_type menu-item-object-page menu-item-2664\"><a href=\"https:\/\/www.salvatoremolettieri.com\/en\/riconoscimenti\/riconoscimenti-anno-2004\/\">Awards Year 2004<\/a><\/li>\n<li id=\"menu-item-2665\" class=\"menu-item menu-item-type-post_type menu-item-object-page menu-item-2665\"><a href=\"https:\/\/www.salvatoremolettieri.com\/en\/riconoscimenti\/riconoscimenti-anno-2003\/\">Awards Year 2003<\/a><\/li>\n<li id=\"menu-item-2666\" class=\"menu-item menu-item-type-post_type menu-item-object-page menu-item-2666\"><a href=\"https:\/\/www.salvatoremolettieri.com\/en\/riconoscimenti\/riconoscimenti-anno-2002\/\">Awards Year 2002<\/a><\/li>\n<li id=\"menu-item-2667\" class=\"menu-item menu-item-type-post_type menu-item-object-page menu-item-2667\"><a href=\"https:\/\/www.salvatoremolettieri.com\/en\/riconoscimenti\/riconoscimenti-anno-2001\/\">Awards Year 2001<\/a><\/li>\n<li id=\"menu-item-2668\" class=\"menu-item menu-item-type-post_type menu-item-object-page menu-item-2668\"><a href=\"https:\/\/www.salvatoremolettieri.com\/en\/riconoscimenti\/riconoscimenti-anno-2000\/\">Awards Year 2000<\/a><\/li>\n<li id=\"menu-item-2669\" class=\"menu-item menu-item-type-post_type menu-item-object-page menu-item-2669\"><a href=\"https:\/\/www.salvatoremolettieri.com\/en\/riconoscimenti\/riconoscimenti-anno-1999\/\">Awards Year 1999<\/a><\/li>\n<li id=\"menu-item-2673\" class=\"menu-item menu-item-type-post_type menu-item-object-page menu-item-2673\"><a href=\"https:\/\/www.salvatoremolettieri.com\/en\/riconoscimenti\/riconoscimenti-anno-1986\/\">Awards Year 1986<\/a><\/li>\n<li id=\"menu-item-2674\" class=\"menu-item menu-item-type-post_type menu-item-object-page menu-item-2674\"><a href=\"https:\/\/www.salvatoremolettieri.com\/en\/riconoscimenti\/riconoscimenti-anno-1985\/\">Awards Year 1985<\/a><\/li>\n<\/ul><\/div><\/aside>\n\t\t<\/div>\n\t<\/div>\n<div class=\"vc_empty_space\"   style=\"height: 40px\"><span class=\"vc_empty_space_inner\"><\/span><\/div>\n\t<div  class=\"wpb_single_image wpb_content_element vc_align_center wpb_content_element\">\n\t\t\n\t\t<figure class=\"wpb_wrapper vc_figure\">\n\t\t\t<div class=\"vc_single_image-wrapper   vc_box_border_grey\"><img loading=\"lazy\" decoding=\"async\" width=\"400\" height=\"600\" src=\"https:\/\/www.salvatoremolettieri.com\/wp-content\/uploads\/2020\/06\/IMG-banner-riconoscimenti.jpg\" class=\"vc_single_image-img attachment-full\" alt=\"\" title=\"IMG-banner-riconoscimenti\" srcset=\"https:\/\/www.salvatoremolettieri.com\/wp-content\/uploads\/2020\/06\/IMG-banner-riconoscimenti.jpg 400w, https:\/\/www.salvatoremolettieri.com\/wp-content\/uploads\/2020\/06\/IMG-banner-riconoscimenti-200x300.jpg 200w, https:\/\/www.salvatoremolettieri.com\/wp-content\/uploads\/2020\/06\/IMG-banner-riconoscimenti-370x555.jpg 370w\" sizes=\"auto, (max-width: 400px) 100vw, 400px\" \/><\/div>\n\t\t<\/figure>\n\t<\/div>\n<div class=\"vc_empty_space\"   style=\"height: 70px\"><span class=\"vc_empty_space_inner\"><\/span><\/div><\/div><\/div><\/div><\/div><div class=\"vc_row-full-width vc_clearfix\"><\/div>\n<\/div>","protected":false},"excerpt":{"rendered":"25 March 2024Azienda vinicola Salvatore Molettieri, una realt\u00e0 che da 30 anni produce vini eccellenti23 March 2023In alto i nostri calici per il re del Taurasi2 September 2021Corona Vini buoni d&#8217;Italia taurasi DOCG vigna cinque querce 20144 August 2021Concours Mondial de Bruxelles 202122 March 2021OperaWine 202120 January 2021DiWineTaste 202030 December 2020Wine Spectator15 December 2020James Suckling8 December 2020Cronache di Gusto 202026&hellip;","protected":false},"author":1,"featured_media":0,"parent":1973,"menu_order":0,"comment_status":"closed","ping_status":"closed","template":"","meta":{"_monsterinsights_skip_tracking":false,"_monsterinsights_sitenote_active":false,"_monsterinsights_sitenote_note":"","_monsterinsights_sitenote_category":0,"footnotes":""},"class_list":["post-2618","page","type-page","status-publish","hentry"],"yoast_head":"<!-- This site is optimized with the Yoast SEO plugin v27.0 - https:\/\/yoast.com\/product\/yoast-seo-wordpress\/ -->\n<title>Riconoscimenti Anno 1988 - Salvatore Molettieri<\/title>\n<meta name=\"robots\" content=\"index, follow, max-snippet:-1, max-image-preview:large, max-video-preview:-1\" \/>\n<link rel=\"canonical\" href=\"https:\/\/www.salvatoremolettieri.com\/en\/riconoscimenti\/riconoscimenti-anno-1988\/\" \/>\n<meta property=\"og:locale\" content=\"en_GB\" \/>\n<meta property=\"og:type\" content=\"article\" \/>\n<meta property=\"og:title\" content=\"Riconoscimenti Anno 1988 - Salvatore Molettieri\" \/>\n<meta property=\"og:url\" content=\"https:\/\/www.salvatoremolettieri.com\/en\/riconoscimenti\/riconoscimenti-anno-1988\/\" \/>\n<meta property=\"og:site_name\" content=\"Salvatore Molettieri\" \/>\n<meta property=\"article:publisher\" content=\"https:\/\/www.facebook.com\/SalvatoreMolettieri\/\" \/>\n<meta property=\"article:modified_time\" content=\"2020-06-16T15:02:53+00:00\" \/>\n<meta name=\"twitter:card\" content=\"summary_large_image\" \/>\n<meta name=\"twitter:site\" content=\"@SalvMolettieri\" \/>\n<meta name=\"twitter:label1\" content=\"Estimated reading time\" \/>\n\t<meta name=\"twitter:data1\" content=\"1 minute\" \/>\n<script type=\"application\/ld+json\" class=\"yoast-schema-graph\">{\"@context\":\"https:\/\/schema.org\",\"@graph\":[{\"@type\":\"WebPage\",\"@id\":\"https:\/\/www.salvatoremolettieri.com\/riconoscimenti\/riconoscimenti-anno-1988\/\",\"url\":\"https:\/\/www.salvatoremolettieri.com\/riconoscimenti\/riconoscimenti-anno-1988\/\",\"name\":\"Riconoscimenti Anno 1988 - Salvatore Molettieri\",\"isPartOf\":{\"@id\":\"https:\/\/www.salvatoremolettieri.com\/#website\"},\"datePublished\":\"2020-06-16T14:57:56+00:00\",\"dateModified\":\"2020-06-16T15:02:53+00:00\",\"breadcrumb\":{\"@id\":\"https:\/\/www.salvatoremolettieri.com\/riconoscimenti\/riconoscimenti-anno-1988\/#breadcrumb\"},\"inLanguage\":\"en-GB\",\"potentialAction\":[{\"@type\":\"ReadAction\",\"target\":[\"https:\/\/www.salvatoremolettieri.com\/riconoscimenti\/riconoscimenti-anno-1988\/\"]}]},{\"@type\":\"BreadcrumbList\",\"@id\":\"https:\/\/www.salvatoremolettieri.com\/riconoscimenti\/riconoscimenti-anno-1988\/#breadcrumb\",\"itemListElement\":[{\"@type\":\"ListItem\",\"position\":1,\"name\":\"Home\",\"item\":\"https:\/\/www.salvatoremolettieri.com\/\"},{\"@type\":\"ListItem\",\"position\":2,\"name\":\"Riconoscimenti\",\"item\":\"https:\/\/www.salvatoremolettieri.com\/riconoscimenti\/\"},{\"@type\":\"ListItem\",\"position\":3,\"name\":\"Riconoscimenti Anno 1988\"}]},{\"@type\":\"WebSite\",\"@id\":\"https:\/\/www.salvatoremolettieri.com\/#website\",\"url\":\"https:\/\/www.salvatoremolettieri.com\/\",\"name\":\"Salvatore Molettieri\",\"description\":\"Azienda Vitivinicola\",\"publisher\":{\"@id\":\"https:\/\/www.salvatoremolettieri.com\/#organization\"},\"potentialAction\":[{\"@type\":\"SearchAction\",\"target\":{\"@type\":\"EntryPoint\",\"urlTemplate\":\"https:\/\/www.salvatoremolettieri.com\/?s={search_term_string}\"},\"query-input\":{\"@type\":\"PropertyValueSpecification\",\"valueRequired\":true,\"valueName\":\"search_term_string\"}}],\"inLanguage\":\"en-GB\"},{\"@type\":\"Organization\",\"@id\":\"https:\/\/www.salvatoremolettieri.com\/#organization\",\"name\":\"Azienda Vitivinicola Salvatore Molettieri\",\"url\":\"https:\/\/www.salvatoremolettieri.com\/\",\"logo\":{\"@type\":\"ImageObject\",\"inLanguage\":\"en-GB\",\"@id\":\"https:\/\/www.salvatoremolettieri.com\/#\/schema\/logo\/image\/\",\"url\":\"https:\/\/www.salvatoremolettieri.com\/wp-content\/uploads\/2020\/05\/salvatoremolettieri-logo.png\",\"contentUrl\":\"https:\/\/www.salvatoremolettieri.com\/wp-content\/uploads\/2020\/05\/salvatoremolettieri-logo.png\",\"width\":400,\"height\":206,\"caption\":\"Azienda Vitivinicola Salvatore Molettieri\"},\"image\":{\"@id\":\"https:\/\/www.salvatoremolettieri.com\/#\/schema\/logo\/image\/\"},\"sameAs\":[\"https:\/\/www.facebook.com\/SalvatoreMolettieri\/\",\"https:\/\/x.com\/SalvMolettieri\",\"https:\/\/www.instagram.com\/salvatoremolettieri\/?hl=it\"]}]}<\/script>\n<!-- \/ Yoast SEO plugin. -->","yoast_head_json":{"title":"Riconoscimenti Anno 1988 - Salvatore Molettieri","robots":{"index":"index","follow":"follow","max-snippet":"max-snippet:-1","max-image-preview":"max-image-preview:large","max-video-preview":"max-video-preview:-1"},"canonical":"https:\/\/www.salvatoremolettieri.com\/en\/riconoscimenti\/riconoscimenti-anno-1988\/","og_locale":"en_GB","og_type":"article","og_title":"Riconoscimenti Anno 1988 - Salvatore Molettieri","og_url":"https:\/\/www.salvatoremolettieri.com\/en\/riconoscimenti\/riconoscimenti-anno-1988\/","og_site_name":"Salvatore Molettieri","article_publisher":"https:\/\/www.facebook.com\/SalvatoreMolettieri\/","article_modified_time":"2020-06-16T15:02:53+00:00","twitter_card":"summary_large_image","twitter_site":"@SalvMolettieri","twitter_misc":{"Estimated reading time":"1 minute"},"schema":{"@context":"https:\/\/schema.org","@graph":[{"@type":"WebPage","@id":"https:\/\/www.salvatoremolettieri.com\/riconoscimenti\/riconoscimenti-anno-1988\/","url":"https:\/\/www.salvatoremolettieri.com\/riconoscimenti\/riconoscimenti-anno-1988\/","name":"Riconoscimenti Anno 1988 - Salvatore Molettieri","isPartOf":{"@id":"https:\/\/www.salvatoremolettieri.com\/#website"},"datePublished":"2020-06-16T14:57:56+00:00","dateModified":"2020-06-16T15:02:53+00:00","breadcrumb":{"@id":"https:\/\/www.salvatoremolettieri.com\/riconoscimenti\/riconoscimenti-anno-1988\/#breadcrumb"},"inLanguage":"en-GB","potentialAction":[{"@type":"ReadAction","target":["https:\/\/www.salvatoremolettieri.com\/riconoscimenti\/riconoscimenti-anno-1988\/"]}]},{"@type":"BreadcrumbList","@id":"https:\/\/www.salvatoremolettieri.com\/riconoscimenti\/riconoscimenti-anno-1988\/#breadcrumb","itemListElement":[{"@type":"ListItem","position":1,"name":"Home","item":"https:\/\/www.salvatoremolettieri.com\/"},{"@type":"ListItem","position":2,"name":"Riconoscimenti","item":"https:\/\/www.salvatoremolettieri.com\/riconoscimenti\/"},{"@type":"ListItem","position":3,"name":"Riconoscimenti Anno 1988"}]},{"@type":"WebSite","@id":"https:\/\/www.salvatoremolettieri.com\/#website","url":"https:\/\/www.salvatoremolettieri.com\/","name":"Salvatore Molettieri","description":"Winery","publisher":{"@id":"https:\/\/www.salvatoremolettieri.com\/#organization"},"potentialAction":[{"@type":"SearchAction","target":{"@type":"EntryPoint","urlTemplate":"https:\/\/www.salvatoremolettieri.com\/?s={search_term_string}"},"query-input":{"@type":"PropertyValueSpecification","valueRequired":true,"valueName":"search_term_string"}}],"inLanguage":"en-GB"},{"@type":"Organization","@id":"https:\/\/www.salvatoremolettieri.com\/#organization","name":"Azienda Vitivinicola Salvatore Molettieri","url":"https:\/\/www.salvatoremolettieri.com\/","logo":{"@type":"ImageObject","inLanguage":"en-GB","@id":"https:\/\/www.salvatoremolettieri.com\/#\/schema\/logo\/image\/","url":"https:\/\/www.salvatoremolettieri.com\/wp-content\/uploads\/2020\/05\/salvatoremolettieri-logo.png","contentUrl":"https:\/\/www.salvatoremolettieri.com\/wp-content\/uploads\/2020\/05\/salvatoremolettieri-logo.png","width":400,"height":206,"caption":"Azienda Vitivinicola Salvatore Molettieri"},"image":{"@id":"https:\/\/www.salvatoremolettieri.com\/#\/schema\/logo\/image\/"},"sameAs":["https:\/\/www.facebook.com\/SalvatoreMolettieri\/","https:\/\/x.com\/SalvMolettieri","https:\/\/www.instagram.com\/salvatoremolettieri\/?hl=it"]}]}},"_links":{"self":[{"href":"https:\/\/www.salvatoremolettieri.com\/en\/wp-json\/wp\/v2\/pages\/2618","targetHints":{"allow":["GET"]}}],"collection":[{"href":"https:\/\/www.salvatoremolettieri.com\/en\/wp-json\/wp\/v2\/pages"}],"about":[{"href":"https:\/\/www.salvatoremolettieri.com\/en\/wp-json\/wp\/v2\/types\/page"}],"author":[{"embeddable":true,"href":"https:\/\/www.salvatoremolettieri.com\/en\/wp-json\/wp\/v2\/users\/1"}],"replies":[{"embeddable":true,"href":"https:\/\/www.salvatoremolettieri.com\/en\/wp-json\/wp\/v2\/comments?post=2618"}],"version-history":[{"count":3,"href":"https:\/\/www.salvatoremolettieri.com\/en\/wp-json\/wp\/v2\/pages\/2618\/revisions"}],"predecessor-version":[{"id":2631,"href":"https:\/\/www.salvatoremolettieri.com\/en\/wp-json\/wp\/v2\/pages\/2618\/revisions\/2631"}],"up":[{"embeddable":true,"href":"https:\/\/www.salvatoremolettieri.com\/en\/wp-json\/wp\/v2\/pages\/1973"}],"wp:attachment":[{"href":"https:\/\/www.salvatoremolettieri.com\/en\/wp-json\/wp\/v2\/media?parent=2618"}],"curies":[{"name":"wp","href":"https:\/\/api.w.org\/{rel}","templated":true}]}}